{"version":"1.0","provider_name":"Politisches Frauenpodium Gossau ZH","provider_url":"https:\/\/www.frauenpodiumgossau-zh.ch","author_name":"admin","author_url":"https:\/\/www.frauenpodiumgossau-zh.ch\/index.php\/author\/richard_vvkm1238\/","title":"In den Medien - Politisches Frauenpodium Gossau ZH","type":"rich","width":600,"height":338,"html":"<blockquote class=\"wp-embedded-content\" data-secret=\"FNI3ZAwUIB\"><a href=\"https:\/\/www.frauenpodiumgossau-zh.ch\/index.php\/wir-in-den-medien-2\/\">In den Medien<\/a><\/blockquote><iframe sandbox=\"allow-scripts\" security=\"restricted\" src=\"https:\/\/www.frauenpodiumgossau-zh.ch\/index.php\/wir-in-den-medien-2\/embed\/#?secret=FNI3ZAwUIB\" width=\"600\" height=\"338\" title=\"&#8222;In den Medien&#8220; &#8211; Politisches Frauenpodium Gossau ZH\" data-secret=\"FNI3ZAwUIB\" frameborder=\"0\" marginwidth=\"0\" marginheight=\"0\" scrolling=\"no\" class=\"wp-embedded-content\"><\/iframe><script>\n\/*! This file is auto-generated *\/\n!function(d,l){\"use strict\";l.querySelector&&d.addEventListener&&\"undefined\"!=typeof URL&&(d.wp=d.wp||{},d.wp.receiveEmbedMessage||(d.wp.receiveEmbedMessage=function(e){var t=e.data;if((t||t.secret||t.message||t.value)&&!\/[^a-zA-Z0-9]\/.test(t.secret)){for(var s,r,n,a=l.querySelectorAll('iframe[data-secret=\"'+t.secret+'\"]'),o=l.querySelectorAll('blockquote[data-secret=\"'+t.secret+'\"]'),c=new RegExp(\"^https?:$\",\"i\"),i=0;i<o.length;i++)o[i].style.display=\"none\";for(i=0;i<a.length;i++)s=a[i],e.source===s.contentWindow&&(s.removeAttribute(\"style\"),\"height\"===t.message?(1e3<(r=parseInt(t.value,10))?r=1e3:~~r<200&&(r=200),s.height=r):\"link\"===t.message&&(r=new URL(s.getAttribute(\"src\")),n=new URL(t.value),c.test(n.protocol))&&n.host===r.host&&l.activeElement===s&&(d.top.location.href=t.value))}},d.addEventListener(\"message\",d.wp.receiveEmbedMessage,!1),l.addEventListener(\"DOMContentLoaded\",function(){for(var e,t,s=l.querySelectorAll(\"iframe.wp-embedded-content\"),r=0;r<s.length;r++)(t=(e=s[r]).getAttribute(\"data-secret\"))||(t=Math.random().toString(36).substring(2,12),e.src+=\"#?secret=\"+t,e.setAttribute(\"data-secret\",t)),e.contentWindow.postMessage({message:\"ready\",secret:t},\"*\")},!1)))}(window,document);\n\/\/# sourceURL=https:\/\/www.frauenpodiumgossau-zh.ch\/wp-includes\/js\/wp-embed.min.js\n<\/script>\n","description":"Frauenpodium weiterhin im Gemeinderat mit Sylvia Veraguth Bamert Z\u00fcrcher Oberl\u00e4nder 28. M\u00e4rz 2022 Weitere Kandidatin f\u00fcr die Sozialbeh\u00f6rde Z\u00fcrcher Oberl\u00e4nder 11. Januar 2022 Unsere Kandidatinnen f\u00fcr die Gemeindebeh\u00f6rden Z\u00fcrcher Oberl\u00e4nder 9. November 2021","thumbnail_url":"https:\/\/www.frauenpodiumgossau-zh.ch\/wp-content\/uploads\/2022\/03\/2022-03-28_ZO-S.7.jpeg","thumbnail_width":1703,"thumbnail_height":1492}