{"id":1193,"date":"2025-11-27T15:14:11","date_gmt":"2025-11-27T15:14:11","guid":{"rendered":"https:\/\/www.frauenpodiumgossau-zh.ch\/?page_id=1193"},"modified":"2026-07-11T14:51:45","modified_gmt":"2026-07-11T14:51:45","slug":"bisherige-behoerdenfrauen","status":"publish","type":"page","link":"https:\/\/www.frauenpodiumgossau-zh.ch\/index.php\/ueber-uns\/bisherige-behoerdenfrauen\/","title":{"rendered":"Bisherige Frauen in den Beh\u00f6rden"},"content":{"rendered":"\n<h2 class=\"wp-block-heading\">Seit seiner Gr\u00fcndung setzt sich das Politische Frauenpodium Gossau daf\u00fcr ein, Frauen in ihrer politischen Teilhabe zu st\u00e4rken und sichtbar zu machen.<\/h2>\n\n\n\n<p class=\"wp-block-paragraph\">In den vergangenen Jahrzehnten haben engagierte Frauen aus unseren Reihen Verantwortung \u00fcbernommen und das politische Geschehen in Gossau aktiv mitgestaltet.<\/p>\n\n\n\n<p class=\"wp-block-paragraph\">Diese Galerie zeigt jene Frauen, die als Mitglied in ein Beh\u00f6rdenamt gew\u00e4hlt wurden und damit einen wichtigen Beitrag zur Entwicklung unserer Gemeinde geleistet haben. Sie stehen stellvertretend f\u00fcr die Werte, die das Frauenpodium von Beginn an pr\u00e4gen: Mut, Engagement, Vernetzung und der Wille, gemeinsam zu bewegen.<\/p>\n\n\n\n<p class=\"wp-block-paragraph\"><\/p>\n\n\n\n<div class=\"wp-block-columns is-layout-flex wp-container-core-columns-is-layout-8f761849 wp-block-columns-is-layout-flex\">\n<div class=\"wp-block-column is-layout-flow wp-block-column-is-layout-flow\">\n<figure class=\"wp-block-image size-large is-resized\"><img loading=\"lazy\" decoding=\"async\" width=\"768\" height=\"1024\" src=\"https:\/\/www.frauenpodiumgossau-zh.ch\/wp-content\/uploads\/2025\/11\/01-HelenReiser-2021-sw-768x1024.jpg\" alt=\"\" class=\"wp-image-1166\" style=\"width:300px;height:auto\" srcset=\"https:\/\/www.frauenpodiumgossau-zh.ch\/wp-content\/uploads\/2025\/11\/01-HelenReiser-2021-sw-768x1024.jpg 768w, https:\/\/www.frauenpodiumgossau-zh.ch\/wp-content\/uploads\/2025\/11\/01-HelenReiser-2021-sw-225x300.jpg 225w, https:\/\/www.frauenpodiumgossau-zh.ch\/wp-content\/uploads\/2025\/11\/01-HelenReiser-2021-sw-1152x1536.jpg 1152w, https:\/\/www.frauenpodiumgossau-zh.ch\/wp-content\/uploads\/2025\/11\/01-HelenReiser-2021-sw-1536x2048.jpg 1536w, https:\/\/www.frauenpodiumgossau-zh.ch\/wp-content\/uploads\/2025\/11\/01-HelenReiser-2021-sw-scaled.jpg 1920w\" sizes=\"auto, (max-width: 767px) 89vw, (max-width: 1000px) 54vw, (max-width: 1071px) 543px, 580px\" \/><\/figure>\n\n\n\n<p class=\"has-medium-font-size wp-block-paragraph\"><strong>Helen Reiser<br><\/strong>Primarschulpflege<br>(1978 &#8211; 1998)<\/p>\n<\/div>\n\n\n\n<div class=\"wp-block-column is-layout-flow wp-block-column-is-layout-flow\">\n<figure class=\"wp-block-image size-large is-resized\"><img loading=\"lazy\" decoding=\"async\" width=\"635\" height=\"1024\" src=\"https:\/\/www.frauenpodiumgossau-zh.ch\/wp-content\/uploads\/2025\/11\/02_1998_VroniMazenauer-Kistler-635x1024.jpg\" alt=\"\" class=\"wp-image-1192\" style=\"width:248px;height:auto\" srcset=\"https:\/\/www.frauenpodiumgossau-zh.ch\/wp-content\/uploads\/2025\/11\/02_1998_VroniMazenauer-Kistler-635x1024.jpg 635w, https:\/\/www.frauenpodiumgossau-zh.ch\/wp-content\/uploads\/2025\/11\/02_1998_VroniMazenauer-Kistler-186x300.jpg 186w, https:\/\/www.frauenpodiumgossau-zh.ch\/wp-content\/uploads\/2025\/11\/02_1998_VroniMazenauer-Kistler-768x1238.jpg 768w, https:\/\/www.frauenpodiumgossau-zh.ch\/wp-content\/uploads\/2025\/11\/02_1998_VroniMazenauer-Kistler-953x1536.jpg 953w, https:\/\/www.frauenpodiumgossau-zh.ch\/wp-content\/uploads\/2025\/11\/02_1998_VroniMazenauer-Kistler.jpg 1004w\" sizes=\"auto, (max-width: 635px) 100vw, 635px\" \/><\/figure>\n\n\n\n<p class=\"has-medium-font-size wp-block-paragraph\"><strong>Vroni Mazenauer<br><\/strong>Gemeinder\u00e4tin<br>(1994 &#8211; 2002)<br><em>Gr\u00fcndungsmitglied des Frauenpodiums<\/em><\/p>\n<\/div>\n<\/div>\n\n\n\n<div class=\"wp-block-columns is-layout-flex wp-container-core-columns-is-layout-8f761849 wp-block-columns-is-layout-flex\">\n<div class=\"wp-block-column is-layout-flow wp-block-column-is-layout-flow\">\n<figure class=\"wp-block-image size-large is-resized\"><img loading=\"lazy\" decoding=\"async\" width=\"949\" height=\"1024\" src=\"https:\/\/www.frauenpodiumgossau-zh.ch\/wp-content\/uploads\/2025\/11\/03-2000-BeaSchwarz-949x1024.jpg\" alt=\"\" class=\"wp-image-1143\" style=\"width:323px;height:auto\" srcset=\"https:\/\/www.frauenpodiumgossau-zh.ch\/wp-content\/uploads\/2025\/11\/03-2000-BeaSchwarz-949x1024.jpg 949w, https:\/\/www.frauenpodiumgossau-zh.ch\/wp-content\/uploads\/2025\/11\/03-2000-BeaSchwarz-278x300.jpg 278w, https:\/\/www.frauenpodiumgossau-zh.ch\/wp-content\/uploads\/2025\/11\/03-2000-BeaSchwarz-768x829.jpg 768w, https:\/\/www.frauenpodiumgossau-zh.ch\/wp-content\/uploads\/2025\/11\/03-2000-BeaSchwarz-1423x1536.jpg 1423w, https:\/\/www.frauenpodiumgossau-zh.ch\/wp-content\/uploads\/2025\/11\/03-2000-BeaSchwarz-1897x2048.jpg 1897w\" sizes=\"auto, (max-width: 767px) 89vw, (max-width: 1000px) 54vw, (max-width: 1071px) 543px, 580px\" \/><\/figure>\n\n\n\n<p class=\"has-medium-font-size wp-block-paragraph\"><strong>Bea Schwarz<br><\/strong>F\u00fcrsorge-\/Sozialbeh\u00f6rde<br>(1994 &#8211; 2000)<br>Gemeinder\u00e4tin<br>(2000 &#8211; 2006)<br><em>Gr\u00fcndungsmitglied des Frauenpodiums<\/em><\/p>\n\n\n\n<p class=\"wp-block-paragraph\"><\/p>\n<\/div>\n\n\n\n<div class=\"wp-block-column is-layout-flow wp-block-column-is-layout-flow\">\n<figure class=\"wp-block-image size-large is-resized\"><img loading=\"lazy\" decoding=\"async\" width=\"690\" height=\"1024\" src=\"https:\/\/www.frauenpodiumgossau-zh.ch\/wp-content\/uploads\/2025\/11\/04_1994-SusanneWigholm-690x1024.jpg\" alt=\"\" class=\"wp-image-1144\" style=\"width:215px;height:auto\" srcset=\"https:\/\/www.frauenpodiumgossau-zh.ch\/wp-content\/uploads\/2025\/11\/04_1994-SusanneWigholm-690x1024.jpg 690w, https:\/\/www.frauenpodiumgossau-zh.ch\/wp-content\/uploads\/2025\/11\/04_1994-SusanneWigholm-202x300.jpg 202w, https:\/\/www.frauenpodiumgossau-zh.ch\/wp-content\/uploads\/2025\/11\/04_1994-SusanneWigholm-768x1140.jpg 768w, https:\/\/www.frauenpodiumgossau-zh.ch\/wp-content\/uploads\/2025\/11\/04_1994-SusanneWigholm-1034x1536.jpg 1034w, https:\/\/www.frauenpodiumgossau-zh.ch\/wp-content\/uploads\/2025\/11\/04_1994-SusanneWigholm-1379x2048.jpg 1379w, https:\/\/www.frauenpodiumgossau-zh.ch\/wp-content\/uploads\/2025\/11\/04_1994-SusanneWigholm-scaled.jpg 1724w\" sizes=\"auto, (max-width: 690px) 100vw, 690px\" \/><\/figure>\n\n\n\n<p class=\"has-medium-font-size wp-block-paragraph\"><strong>Susanne Wigholm<br><\/strong>Sekundarschulpflege<br>(1994 &#8211; 2002)<\/p>\n<\/div>\n<\/div>\n\n\n\n<div class=\"wp-block-columns is-layout-flex wp-container-core-columns-is-layout-8f761849 wp-block-columns-is-layout-flex\">\n<div class=\"wp-block-column is-layout-flow wp-block-column-is-layout-flow\">\n<figure class=\"wp-block-image size-large is-resized\"><img loading=\"lazy\" decoding=\"async\" width=\"826\" height=\"1024\" src=\"https:\/\/www.frauenpodiumgossau-zh.ch\/wp-content\/uploads\/2025\/11\/05_1996-MarianneBriegel-Bosshard-sw-826x1024.jpg\" alt=\"\" class=\"wp-image-1145\" style=\"width:287px;height:auto\" srcset=\"https:\/\/www.frauenpodiumgossau-zh.ch\/wp-content\/uploads\/2025\/11\/05_1996-MarianneBriegel-Bosshard-sw-826x1024.jpg 826w, https:\/\/www.frauenpodiumgossau-zh.ch\/wp-content\/uploads\/2025\/11\/05_1996-MarianneBriegel-Bosshard-sw-242x300.jpg 242w, https:\/\/www.frauenpodiumgossau-zh.ch\/wp-content\/uploads\/2025\/11\/05_1996-MarianneBriegel-Bosshard-sw-768x952.jpg 768w, https:\/\/www.frauenpodiumgossau-zh.ch\/wp-content\/uploads\/2025\/11\/05_1996-MarianneBriegel-Bosshard-sw-1240x1536.jpg 1240w, https:\/\/www.frauenpodiumgossau-zh.ch\/wp-content\/uploads\/2025\/11\/05_1996-MarianneBriegel-Bosshard-sw-1653x2048.jpg 1653w\" sizes=\"auto, (max-width: 767px) 89vw, (max-width: 1000px) 54vw, (max-width: 1071px) 543px, 580px\" \/><\/figure>\n\n\n\n<p class=\"has-medium-font-size wp-block-paragraph\"><strong>Marianne Briegel<br><\/strong>Pr\u00e4sidentin Primarschulpflege<br>(1996 &#8211; 2006)<br><em>Gr\u00fcndungsmitglied des Frauenpodiums<\/em><\/p>\n<\/div>\n\n\n\n<div class=\"wp-block-column is-layout-flow wp-block-column-is-layout-flow\">\n<figure class=\"wp-block-image size-large\"><img loading=\"lazy\" decoding=\"async\" width=\"689\" height=\"1024\" src=\"https:\/\/www.frauenpodiumgossau-zh.ch\/wp-content\/uploads\/2025\/11\/06_1998-AndreaHauser-689x1024.jpg\" alt=\"\" class=\"wp-image-1146\" srcset=\"https:\/\/www.frauenpodiumgossau-zh.ch\/wp-content\/uploads\/2025\/11\/06_1998-AndreaHauser-689x1024.jpg 689w, https:\/\/www.frauenpodiumgossau-zh.ch\/wp-content\/uploads\/2025\/11\/06_1998-AndreaHauser-202x300.jpg 202w, https:\/\/www.frauenpodiumgossau-zh.ch\/wp-content\/uploads\/2025\/11\/06_1998-AndreaHauser-768x1142.jpg 768w, https:\/\/www.frauenpodiumgossau-zh.ch\/wp-content\/uploads\/2025\/11\/06_1998-AndreaHauser-1033x1536.jpg 1033w, https:\/\/www.frauenpodiumgossau-zh.ch\/wp-content\/uploads\/2025\/11\/06_1998-AndreaHauser-1378x2048.jpg 1378w, https:\/\/www.frauenpodiumgossau-zh.ch\/wp-content\/uploads\/2025\/11\/06_1998-AndreaHauser.jpg 1661w\" sizes=\"auto, (max-width: 689px) 100vw, 689px\" \/><\/figure>\n\n\n\n<p class=\"has-medium-font-size wp-block-paragraph\"><strong>Andrea Hauser<br><\/strong>Primarschulpflege<br>(1998 &#8211; 2002)<\/p>\n<\/div>\n<\/div>\n\n\n\n<div class=\"wp-block-columns is-layout-flex wp-container-core-columns-is-layout-8f761849 wp-block-columns-is-layout-flex\">\n<div class=\"wp-block-column is-layout-flow wp-block-column-is-layout-flow\">\n<figure class=\"wp-block-image size-large\"><img loading=\"lazy\" decoding=\"async\" width=\"643\" height=\"1024\" src=\"https:\/\/www.frauenpodiumgossau-zh.ch\/wp-content\/uploads\/2025\/11\/07_1998_BarbaraMartyKaelin-643x1024.jpg\" alt=\"\" class=\"wp-image-1147\" srcset=\"https:\/\/www.frauenpodiumgossau-zh.ch\/wp-content\/uploads\/2025\/11\/07_1998_BarbaraMartyKaelin-643x1024.jpg 643w, https:\/\/www.frauenpodiumgossau-zh.ch\/wp-content\/uploads\/2025\/11\/07_1998_BarbaraMartyKaelin-188x300.jpg 188w, https:\/\/www.frauenpodiumgossau-zh.ch\/wp-content\/uploads\/2025\/11\/07_1998_BarbaraMartyKaelin-768x1223.jpg 768w, https:\/\/www.frauenpodiumgossau-zh.ch\/wp-content\/uploads\/2025\/11\/07_1998_BarbaraMartyKaelin-964x1536.jpg 964w, https:\/\/www.frauenpodiumgossau-zh.ch\/wp-content\/uploads\/2025\/11\/07_1998_BarbaraMartyKaelin-1286x2048.jpg 1286w, https:\/\/www.frauenpodiumgossau-zh.ch\/wp-content\/uploads\/2025\/11\/07_1998_BarbaraMartyKaelin.jpg 1434w\" sizes=\"auto, (max-width: 643px) 100vw, 643px\" \/><\/figure>\n\n\n\n<p class=\"has-medium-font-size wp-block-paragraph\"><strong>Barbara Marty K\u00e4lin<br><\/strong>Gemeinder\u00e4tin<br>(1998 &#8211; 2002)<br>Nationalr\u00e4tin <br>(2000 &#8211; 2007)<br><em>Gr\u00fcndungsmitglied des Frauenpodiums<\/em><\/p>\n<\/div>\n\n\n\n<div class=\"wp-block-column is-layout-flow wp-block-column-is-layout-flow\">\n<figure class=\"wp-block-image size-large\"><img loading=\"lazy\" decoding=\"async\" width=\"679\" height=\"1024\" src=\"https:\/\/www.frauenpodiumgossau-zh.ch\/wp-content\/uploads\/2025\/11\/08_1998_Marie-TheresLedermann-Fuchs-679x1024.jpg\" alt=\"\" class=\"wp-image-1148\" srcset=\"https:\/\/www.frauenpodiumgossau-zh.ch\/wp-content\/uploads\/2025\/11\/08_1998_Marie-TheresLedermann-Fuchs-679x1024.jpg 679w, https:\/\/www.frauenpodiumgossau-zh.ch\/wp-content\/uploads\/2025\/11\/08_1998_Marie-TheresLedermann-Fuchs-199x300.jpg 199w, https:\/\/www.frauenpodiumgossau-zh.ch\/wp-content\/uploads\/2025\/11\/08_1998_Marie-TheresLedermann-Fuchs-768x1157.jpg 768w, https:\/\/www.frauenpodiumgossau-zh.ch\/wp-content\/uploads\/2025\/11\/08_1998_Marie-TheresLedermann-Fuchs.jpg 913w\" sizes=\"auto, (max-width: 679px) 100vw, 679px\" \/><\/figure>\n\n\n\n<p class=\"has-medium-font-size wp-block-paragraph\"><strong>Marie-Theres Ledermann<br><\/strong>Rechnungspr\u00fcfungskomission<br>(1998 &#8211; 2006)<br><em>Gr\u00fcndungsmitglied des Frauenpodiums<\/em><\/p>\n<\/div>\n<\/div>\n\n\n\n<div class=\"wp-block-columns is-layout-flex wp-container-core-columns-is-layout-8f761849 wp-block-columns-is-layout-flex\">\n<div class=\"wp-block-column is-layout-flow wp-block-column-is-layout-flow\">\n<figure class=\"wp-block-image size-large is-resized\"><img loading=\"lazy\" decoding=\"async\" width=\"798\" height=\"1024\" src=\"https:\/\/www.frauenpodiumgossau-zh.ch\/wp-content\/uploads\/2025\/11\/10_Alexandra_Werner_2010-PS-m-sw-798x1024.jpg\" alt=\"\" class=\"wp-image-1149\" style=\"width:267px;height:auto\" srcset=\"https:\/\/www.frauenpodiumgossau-zh.ch\/wp-content\/uploads\/2025\/11\/10_Alexandra_Werner_2010-PS-m-sw-798x1024.jpg 798w, https:\/\/www.frauenpodiumgossau-zh.ch\/wp-content\/uploads\/2025\/11\/10_Alexandra_Werner_2010-PS-m-sw-234x300.jpg 234w, https:\/\/www.frauenpodiumgossau-zh.ch\/wp-content\/uploads\/2025\/11\/10_Alexandra_Werner_2010-PS-m-sw-768x986.jpg 768w, https:\/\/www.frauenpodiumgossau-zh.ch\/wp-content\/uploads\/2025\/11\/10_Alexandra_Werner_2010-PS-m-sw.jpg 985w\" sizes=\"auto, (max-width: 767px) 89vw, (max-width: 1000px) 54vw, (max-width: 1071px) 543px, 580px\" \/><\/figure>\n\n\n\n<p class=\"has-medium-font-size wp-block-paragraph\"><strong>Alexandra Werner<br><\/strong>Primarschulpflege<br>(1998 &#8211; 2011)<br><em>Gr\u00fcndungsmitglied des Frauenpodiums<\/em><\/p>\n<\/div>\n\n\n\n<div class=\"wp-block-column is-layout-flow wp-block-column-is-layout-flow\">\n<figure class=\"wp-block-image size-full\"><img loading=\"lazy\" decoding=\"async\" width=\"208\" height=\"208\" src=\"https:\/\/www.frauenpodiumgossau-zh.ch\/wp-content\/uploads\/2025\/11\/Behoerdenfrauen_Galerie_kein-Foto.png\" alt=\"\" class=\"wp-image-1208\" srcset=\"https:\/\/www.frauenpodiumgossau-zh.ch\/wp-content\/uploads\/2025\/11\/Behoerdenfrauen_Galerie_kein-Foto.png 208w, https:\/\/www.frauenpodiumgossau-zh.ch\/wp-content\/uploads\/2025\/11\/Behoerdenfrauen_Galerie_kein-Foto-150x150.png 150w, https:\/\/www.frauenpodiumgossau-zh.ch\/wp-content\/uploads\/2025\/11\/Behoerdenfrauen_Galerie_kein-Foto-100x100.png 100w\" sizes=\"auto, (max-width: 208px) 100vw, 208px\" \/><\/figure>\n\n\n\n<p class=\"has-medium-font-size wp-block-paragraph\"><strong>Franziska Maier<br><\/strong>Primarschulpflege<br>(1998 &#8211; 2002)<\/p>\n<\/div>\n<\/div>\n\n\n\n<div class=\"wp-block-columns is-layout-flex wp-container-core-columns-is-layout-8f761849 wp-block-columns-is-layout-flex\">\n<div class=\"wp-block-column is-layout-flow wp-block-column-is-layout-flow\">\n<figure class=\"wp-block-image size-large\"><img loading=\"lazy\" decoding=\"async\" width=\"853\" height=\"1024\" src=\"https:\/\/www.frauenpodiumgossau-zh.ch\/wp-content\/uploads\/2025\/11\/11_Lilian_Lehmann_Gossau_PS-2010-sw-853x1024.jpg\" alt=\"\" class=\"wp-image-1150\" srcset=\"https:\/\/www.frauenpodiumgossau-zh.ch\/wp-content\/uploads\/2025\/11\/11_Lilian_Lehmann_Gossau_PS-2010-sw-853x1024.jpg 853w, https:\/\/www.frauenpodiumgossau-zh.ch\/wp-content\/uploads\/2025\/11\/11_Lilian_Lehmann_Gossau_PS-2010-sw-250x300.jpg 250w, https:\/\/www.frauenpodiumgossau-zh.ch\/wp-content\/uploads\/2025\/11\/11_Lilian_Lehmann_Gossau_PS-2010-sw-768x922.jpg 768w, https:\/\/www.frauenpodiumgossau-zh.ch\/wp-content\/uploads\/2025\/11\/11_Lilian_Lehmann_Gossau_PS-2010-sw-1280x1536.jpg 1280w, https:\/\/www.frauenpodiumgossau-zh.ch\/wp-content\/uploads\/2025\/11\/11_Lilian_Lehmann_Gossau_PS-2010-sw.jpg 1545w\" sizes=\"auto, (max-width: 767px) 89vw, (max-width: 1000px) 54vw, (max-width: 1071px) 543px, 580px\" \/><\/figure>\n\n\n\n<p class=\"has-medium-font-size wp-block-paragraph\"><strong>Lilian Lehmann<br><\/strong>Primarschulpflege<br>(2002 &#8211; 2011)<\/p>\n<\/div>\n\n\n\n<div class=\"wp-block-column is-layout-flow wp-block-column-is-layout-flow\">\n<figure class=\"wp-block-image size-full\"><img loading=\"lazy\" decoding=\"async\" width=\"208\" height=\"208\" src=\"https:\/\/www.frauenpodiumgossau-zh.ch\/wp-content\/uploads\/2025\/11\/Behoerdenfrauen_Galerie_kein-Foto.png\" alt=\"\" class=\"wp-image-1208\" srcset=\"https:\/\/www.frauenpodiumgossau-zh.ch\/wp-content\/uploads\/2025\/11\/Behoerdenfrauen_Galerie_kein-Foto.png 208w, https:\/\/www.frauenpodiumgossau-zh.ch\/wp-content\/uploads\/2025\/11\/Behoerdenfrauen_Galerie_kein-Foto-150x150.png 150w, https:\/\/www.frauenpodiumgossau-zh.ch\/wp-content\/uploads\/2025\/11\/Behoerdenfrauen_Galerie_kein-Foto-100x100.png 100w\" sizes=\"auto, (max-width: 208px) 100vw, 208px\" \/><\/figure>\n\n\n\n<p class=\"has-medium-font-size wp-block-paragraph\"><strong>Annamarie Keller<br><\/strong>Primarschulpflege<br>(2002 &#8211; 2011)<\/p>\n<\/div>\n<\/div>\n\n\n\n<div class=\"wp-block-columns is-layout-flex wp-container-core-columns-is-layout-8f761849 wp-block-columns-is-layout-flex\">\n<div class=\"wp-block-column is-layout-flow wp-block-column-is-layout-flow\">\n<figure class=\"wp-block-image size-full\"><img loading=\"lazy\" decoding=\"async\" width=\"284\" height=\"391\" src=\"https:\/\/www.frauenpodiumgossau-zh.ch\/wp-content\/uploads\/2025\/11\/13_SusanneEgger_2003-sw.jpg\" alt=\"\" class=\"wp-image-1151\" srcset=\"https:\/\/www.frauenpodiumgossau-zh.ch\/wp-content\/uploads\/2025\/11\/13_SusanneEgger_2003-sw.jpg 284w, https:\/\/www.frauenpodiumgossau-zh.ch\/wp-content\/uploads\/2025\/11\/13_SusanneEgger_2003-sw-218x300.jpg 218w\" sizes=\"auto, (max-width: 284px) 100vw, 284px\" \/><\/figure>\n\n\n\n<p class=\"has-medium-font-size wp-block-paragraph\"><strong>Susanne Egger<br><\/strong>Friedensrichterin<br>(2003 &#8211; 2018)<\/p>\n<\/div>\n\n\n\n<div class=\"wp-block-column is-layout-flow wp-block-column-is-layout-flow\">\n<figure class=\"wp-block-image size-full\"><img loading=\"lazy\" decoding=\"async\" width=\"208\" height=\"208\" src=\"https:\/\/www.frauenpodiumgossau-zh.ch\/wp-content\/uploads\/2025\/11\/Behoerdenfrauen_Galerie_kein-Foto.png\" alt=\"\" class=\"wp-image-1208\" srcset=\"https:\/\/www.frauenpodiumgossau-zh.ch\/wp-content\/uploads\/2025\/11\/Behoerdenfrauen_Galerie_kein-Foto.png 208w, https:\/\/www.frauenpodiumgossau-zh.ch\/wp-content\/uploads\/2025\/11\/Behoerdenfrauen_Galerie_kein-Foto-150x150.png 150w, https:\/\/www.frauenpodiumgossau-zh.ch\/wp-content\/uploads\/2025\/11\/Behoerdenfrauen_Galerie_kein-Foto-100x100.png 100w\" sizes=\"auto, (max-width: 208px) 100vw, 208px\" \/><\/figure>\n\n\n\n<p class=\"has-medium-font-size wp-block-paragraph\"><strong>Monya Fagone<br><\/strong>Primarschulpflege<br>(2006 &#8211; 2010)<\/p>\n<\/div>\n<\/div>\n\n\n\n<div class=\"wp-block-columns is-layout-flex wp-container-core-columns-is-layout-8f761849 wp-block-columns-is-layout-flex\">\n<div class=\"wp-block-column is-layout-flow wp-block-column-is-layout-flow\">\n<figure class=\"wp-block-image size-large\"><img loading=\"lazy\" decoding=\"async\" width=\"854\" height=\"1024\" src=\"https:\/\/www.frauenpodiumgossau-zh.ch\/wp-content\/uploads\/2025\/11\/15_Christine_Bauer_Gossau_2010-OSS-sw-854x1024.jpg\" alt=\"\" class=\"wp-image-1152\" srcset=\"https:\/\/www.frauenpodiumgossau-zh.ch\/wp-content\/uploads\/2025\/11\/15_Christine_Bauer_Gossau_2010-OSS-sw-854x1024.jpg 854w, https:\/\/www.frauenpodiumgossau-zh.ch\/wp-content\/uploads\/2025\/11\/15_Christine_Bauer_Gossau_2010-OSS-sw-250x300.jpg 250w, https:\/\/www.frauenpodiumgossau-zh.ch\/wp-content\/uploads\/2025\/11\/15_Christine_Bauer_Gossau_2010-OSS-sw-768x921.jpg 768w, https:\/\/www.frauenpodiumgossau-zh.ch\/wp-content\/uploads\/2025\/11\/15_Christine_Bauer_Gossau_2010-OSS-sw-1280x1536.jpg 1280w, https:\/\/www.frauenpodiumgossau-zh.ch\/wp-content\/uploads\/2025\/11\/15_Christine_Bauer_Gossau_2010-OSS-sw.jpg 1507w\" sizes=\"auto, (max-width: 767px) 89vw, (max-width: 1000px) 54vw, (max-width: 1071px) 543px, 580px\" \/><\/figure>\n\n\n\n<p class=\"has-medium-font-size wp-block-paragraph\"><strong>Christine Bauer<br><\/strong>Sekundarschulpflege<br>(2006 &#8211; 2011)<\/p>\n<\/div>\n\n\n\n<div class=\"wp-block-column is-layout-flow wp-block-column-is-layout-flow\">\n<figure class=\"wp-block-image size-large\"><img loading=\"lazy\" decoding=\"async\" width=\"854\" height=\"1024\" src=\"https:\/\/www.frauenpodiumgossau-zh.ch\/wp-content\/uploads\/2025\/11\/16_Rahel_Hefti_Forster_2010-SB-sw-854x1024.jpg\" alt=\"\" class=\"wp-image-1153\" srcset=\"https:\/\/www.frauenpodiumgossau-zh.ch\/wp-content\/uploads\/2025\/11\/16_Rahel_Hefti_Forster_2010-SB-sw-854x1024.jpg 854w, https:\/\/www.frauenpodiumgossau-zh.ch\/wp-content\/uploads\/2025\/11\/16_Rahel_Hefti_Forster_2010-SB-sw-250x300.jpg 250w, https:\/\/www.frauenpodiumgossau-zh.ch\/wp-content\/uploads\/2025\/11\/16_Rahel_Hefti_Forster_2010-SB-sw-768x921.jpg 768w, https:\/\/www.frauenpodiumgossau-zh.ch\/wp-content\/uploads\/2025\/11\/16_Rahel_Hefti_Forster_2010-SB-sw.jpg 1083w\" sizes=\"auto, (max-width: 767px) 89vw, (max-width: 1000px) 54vw, (max-width: 1071px) 543px, 580px\" \/><\/figure>\n\n\n\n<p class=\"has-medium-font-size wp-block-paragraph\"><strong>Rahel Hefti Forster<br><\/strong>Sozialbeh\u00f6rde<br>(2006 &#8211; 2014)<\/p>\n<\/div>\n<\/div>\n\n\n\n<div class=\"wp-block-columns is-layout-flex wp-container-core-columns-is-layout-8f761849 wp-block-columns-is-layout-flex\">\n<div class=\"wp-block-column is-layout-flow wp-block-column-is-layout-flow\">\n<figure class=\"wp-block-image size-full\"><img loading=\"lazy\" decoding=\"async\" width=\"822\" height=\"907\" src=\"https:\/\/www.frauenpodiumgossau-zh.ch\/wp-content\/uploads\/2025\/11\/17_Schlegel_Katharina-sw.jpg\" alt=\"\" class=\"wp-image-1154\" srcset=\"https:\/\/www.frauenpodiumgossau-zh.ch\/wp-content\/uploads\/2025\/11\/17_Schlegel_Katharina-sw.jpg 822w, https:\/\/www.frauenpodiumgossau-zh.ch\/wp-content\/uploads\/2025\/11\/17_Schlegel_Katharina-sw-272x300.jpg 272w, https:\/\/www.frauenpodiumgossau-zh.ch\/wp-content\/uploads\/2025\/11\/17_Schlegel_Katharina-sw-768x847.jpg 768w\" sizes=\"auto, (max-width: 767px) 89vw, (max-width: 1000px) 54vw, (max-width: 1071px) 543px, 580px\" \/><\/figure>\n\n\n\n<p class=\"has-medium-font-size wp-block-paragraph\"><strong>Katharina Schlegel<br><\/strong>Schulpr\u00e4sidentin<br>(2008 &#8211; 2022)<br>Gemeinder\u00e4tin<br>(2018 &#8211; 2022)<\/p>\n<\/div>\n\n\n\n<div class=\"wp-block-column is-layout-flow wp-block-column-is-layout-flow\">\n<figure class=\"wp-block-image size-large\"><img loading=\"lazy\" decoding=\"async\" width=\"853\" height=\"1024\" src=\"https:\/\/www.frauenpodiumgossau-zh.ch\/wp-content\/uploads\/2025\/11\/18_Nicole_Bachmann_Gossau_2010-SB-sw-853x1024.jpg\" alt=\"\" class=\"wp-image-1155\" srcset=\"https:\/\/www.frauenpodiumgossau-zh.ch\/wp-content\/uploads\/2025\/11\/18_Nicole_Bachmann_Gossau_2010-SB-sw-853x1024.jpg 853w, https:\/\/www.frauenpodiumgossau-zh.ch\/wp-content\/uploads\/2025\/11\/18_Nicole_Bachmann_Gossau_2010-SB-sw-250x300.jpg 250w, https:\/\/www.frauenpodiumgossau-zh.ch\/wp-content\/uploads\/2025\/11\/18_Nicole_Bachmann_Gossau_2010-SB-sw-768x922.jpg 768w, https:\/\/www.frauenpodiumgossau-zh.ch\/wp-content\/uploads\/2025\/11\/18_Nicole_Bachmann_Gossau_2010-SB-sw-1280x1536.jpg 1280w, https:\/\/www.frauenpodiumgossau-zh.ch\/wp-content\/uploads\/2025\/11\/18_Nicole_Bachmann_Gossau_2010-SB-sw.jpg 1620w\" sizes=\"auto, (max-width: 767px) 89vw, (max-width: 1000px) 54vw, (max-width: 1071px) 543px, 580px\" \/><\/figure>\n\n\n\n<p class=\"has-medium-font-size wp-block-paragraph\"><strong>Nicole Bachmann<br><\/strong>Sozialbeh\u00f6rde<br>(2010 &#8211; 2018)<\/p>\n<\/div>\n<\/div>\n\n\n\n<div class=\"wp-block-columns is-layout-flex wp-container-core-columns-is-layout-8f761849 wp-block-columns-is-layout-flex\">\n<div class=\"wp-block-column is-layout-flow wp-block-column-is-layout-flow\">\n<figure class=\"wp-block-image size-large\"><img loading=\"lazy\" decoding=\"async\" width=\"853\" height=\"1024\" src=\"https:\/\/www.frauenpodiumgossau-zh.ch\/wp-content\/uploads\/2025\/11\/19_Andrea_Gisler_Gossau_2010-GR-sw-853x1024.jpg\" alt=\"\" class=\"wp-image-1156\" srcset=\"https:\/\/www.frauenpodiumgossau-zh.ch\/wp-content\/uploads\/2025\/11\/19_Andrea_Gisler_Gossau_2010-GR-sw-853x1024.jpg 853w, https:\/\/www.frauenpodiumgossau-zh.ch\/wp-content\/uploads\/2025\/11\/19_Andrea_Gisler_Gossau_2010-GR-sw-250x300.jpg 250w, https:\/\/www.frauenpodiumgossau-zh.ch\/wp-content\/uploads\/2025\/11\/19_Andrea_Gisler_Gossau_2010-GR-sw-768x922.jpg 768w, https:\/\/www.frauenpodiumgossau-zh.ch\/wp-content\/uploads\/2025\/11\/19_Andrea_Gisler_Gossau_2010-GR-sw.jpg 1263w\" sizes=\"auto, (max-width: 767px) 89vw, (max-width: 1000px) 54vw, (max-width: 1071px) 543px, 580px\" \/><\/figure>\n\n\n\n<p class=\"has-medium-font-size wp-block-paragraph\"><strong>Andrea Gisler<br><\/strong>Gemeinder\u00e4tin<br>(2010 &#8211; 2014)<br>Kantonsr\u00e4tin<br>(2019 &#8211; heute)<\/p>\n<\/div>\n\n\n\n<div class=\"wp-block-column is-layout-flow wp-block-column-is-layout-flow\">\n<figure class=\"wp-block-image size-full\"><img loading=\"lazy\" decoding=\"async\" width=\"615\" height=\"698\" src=\"https:\/\/www.frauenpodiumgossau-zh.ch\/wp-content\/uploads\/2025\/11\/20_HadornAndrea_sw.jpg\" alt=\"\" class=\"wp-image-1157\" srcset=\"https:\/\/www.frauenpodiumgossau-zh.ch\/wp-content\/uploads\/2025\/11\/20_HadornAndrea_sw.jpg 615w, https:\/\/www.frauenpodiumgossau-zh.ch\/wp-content\/uploads\/2025\/11\/20_HadornAndrea_sw-264x300.jpg 264w\" sizes=\"auto, (max-width: 615px) 100vw, 615px\" \/><\/figure>\n\n\n\n<p class=\"has-medium-font-size wp-block-paragraph\"><strong>Andrea Hadorn-Stuker<br><\/strong>Schulpflege<br>(2010 &#8211; heute)<\/p>\n<\/div>\n<\/div>\n\n\n\n<div class=\"wp-block-columns is-layout-flex wp-container-core-columns-is-layout-8f761849 wp-block-columns-is-layout-flex\">\n<div class=\"wp-block-column is-layout-flow wp-block-column-is-layout-flow\">\n<figure class=\"wp-block-image size-full\"><img loading=\"lazy\" decoding=\"async\" width=\"679\" height=\"611\" src=\"https:\/\/www.frauenpodiumgossau-zh.ch\/wp-content\/uploads\/2025\/11\/21_Veraguth_Bamert_Sylvia-sw.jpg\" alt=\"\" class=\"wp-image-1158\" srcset=\"https:\/\/www.frauenpodiumgossau-zh.ch\/wp-content\/uploads\/2025\/11\/21_Veraguth_Bamert_Sylvia-sw.jpg 679w, https:\/\/www.frauenpodiumgossau-zh.ch\/wp-content\/uploads\/2025\/11\/21_Veraguth_Bamert_Sylvia-sw-300x270.jpg 300w\" sizes=\"auto, (max-width: 679px) 100vw, 679px\" \/><\/figure>\n\n\n\n<p class=\"has-medium-font-size wp-block-paragraph\"><strong>Sylvia Veraguth Bamert<br><\/strong>Gemeinder\u00e4tin<br>(2010 &#8211; heute)<\/p>\n<\/div>\n\n\n\n<div class=\"wp-block-column is-layout-flow wp-block-column-is-layout-flow\">\n<figure class=\"wp-block-image size-full\"><img loading=\"lazy\" decoding=\"async\" width=\"819\" height=\"776\" src=\"https:\/\/www.frauenpodiumgossau-zh.ch\/wp-content\/uploads\/2025\/11\/22_Christina_Anderegg-SchB-sw.jpg\" alt=\"\" class=\"wp-image-1159\" srcset=\"https:\/\/www.frauenpodiumgossau-zh.ch\/wp-content\/uploads\/2025\/11\/22_Christina_Anderegg-SchB-sw.jpg 819w, https:\/\/www.frauenpodiumgossau-zh.ch\/wp-content\/uploads\/2025\/11\/22_Christina_Anderegg-SchB-sw-300x284.jpg 300w, https:\/\/www.frauenpodiumgossau-zh.ch\/wp-content\/uploads\/2025\/11\/22_Christina_Anderegg-SchB-sw-768x728.jpg 768w\" sizes=\"auto, (max-width: 767px) 89vw, (max-width: 1000px) 54vw, (max-width: 1071px) 543px, 580px\" \/><\/figure>\n\n\n\n<p class=\"has-medium-font-size wp-block-paragraph\"><strong>Christina Anderegg<br><\/strong>Schulpflege<br>(2014 &#8211; 2022)<\/p>\n<\/div>\n<\/div>\n\n\n\n<div class=\"wp-block-columns is-layout-flex wp-container-core-columns-is-layout-8f761849 wp-block-columns-is-layout-flex\">\n<div class=\"wp-block-column is-layout-flow wp-block-column-is-layout-flow\">\n<figure class=\"wp-block-image size-full\"><img loading=\"lazy\" decoding=\"async\" width=\"853\" height=\"847\" src=\"https:\/\/www.frauenpodiumgossau-zh.ch\/wp-content\/uploads\/2025\/11\/23_Pia_Bianco-SoB-sw.jpg\" alt=\"\" class=\"wp-image-1160\" srcset=\"https:\/\/www.frauenpodiumgossau-zh.ch\/wp-content\/uploads\/2025\/11\/23_Pia_Bianco-SoB-sw.jpg 853w, https:\/\/www.frauenpodiumgossau-zh.ch\/wp-content\/uploads\/2025\/11\/23_Pia_Bianco-SoB-sw-300x298.jpg 300w, https:\/\/www.frauenpodiumgossau-zh.ch\/wp-content\/uploads\/2025\/11\/23_Pia_Bianco-SoB-sw-150x150.jpg 150w, https:\/\/www.frauenpodiumgossau-zh.ch\/wp-content\/uploads\/2025\/11\/23_Pia_Bianco-SoB-sw-768x763.jpg 768w, https:\/\/www.frauenpodiumgossau-zh.ch\/wp-content\/uploads\/2025\/11\/23_Pia_Bianco-SoB-sw-100x100.jpg 100w\" sizes=\"auto, (max-width: 767px) 89vw, (max-width: 1000px) 54vw, (max-width: 1071px) 543px, 580px\" \/><\/figure>\n\n\n\n<p class=\"has-medium-font-size wp-block-paragraph\"><strong>Pia Bianco<br><\/strong>Sozialbeh\u00f6rde<br>(2014 &#8211; 2018)<\/p>\n<\/div>\n\n\n\n<div class=\"wp-block-column is-layout-flow wp-block-column-is-layout-flow\">\n<figure class=\"wp-block-image size-full\"><img loading=\"lazy\" decoding=\"async\" width=\"752\" height=\"760\" src=\"https:\/\/www.frauenpodiumgossau-zh.ch\/wp-content\/uploads\/2025\/11\/24_Eva_Frefel-RPK-sw.jpg\" alt=\"\" class=\"wp-image-1161\" srcset=\"https:\/\/www.frauenpodiumgossau-zh.ch\/wp-content\/uploads\/2025\/11\/24_Eva_Frefel-RPK-sw.jpg 752w, https:\/\/www.frauenpodiumgossau-zh.ch\/wp-content\/uploads\/2025\/11\/24_Eva_Frefel-RPK-sw-297x300.jpg 297w, https:\/\/www.frauenpodiumgossau-zh.ch\/wp-content\/uploads\/2025\/11\/24_Eva_Frefel-RPK-sw-100x100.jpg 100w\" sizes=\"auto, (max-width: 706px) 89vw, (max-width: 767px) 82vw, 740px\" \/><\/figure>\n\n\n\n<p class=\"has-medium-font-size wp-block-paragraph\"><strong>Eva Frefel<br><\/strong>Rechnungspr\u00fcfungskommission<br>(2014 &#8211; 2018)<\/p>\n<\/div>\n<\/div>\n\n\n\n<div class=\"wp-block-columns is-layout-flex wp-container-core-columns-is-layout-8f761849 wp-block-columns-is-layout-flex\">\n<div class=\"wp-block-column is-layout-flow wp-block-column-is-layout-flow\">\n<figure class=\"wp-block-image size-large\"><img loading=\"lazy\" decoding=\"async\" width=\"781\" height=\"1024\" src=\"https:\/\/www.frauenpodiumgossau-zh.ch\/wp-content\/uploads\/2025\/11\/25_2014-SabineRechsteiner-sw-781x1024.jpg\" alt=\"\" class=\"wp-image-1162\" srcset=\"https:\/\/www.frauenpodiumgossau-zh.ch\/wp-content\/uploads\/2025\/11\/25_2014-SabineRechsteiner-sw-781x1024.jpg 781w, https:\/\/www.frauenpodiumgossau-zh.ch\/wp-content\/uploads\/2025\/11\/25_2014-SabineRechsteiner-sw-229x300.jpg 229w, https:\/\/www.frauenpodiumgossau-zh.ch\/wp-content\/uploads\/2025\/11\/25_2014-SabineRechsteiner-sw-768x1007.jpg 768w, https:\/\/www.frauenpodiumgossau-zh.ch\/wp-content\/uploads\/2025\/11\/25_2014-SabineRechsteiner-sw.jpg 1081w\" sizes=\"auto, (max-width: 767px) 89vw, (max-width: 1000px) 54vw, (max-width: 1071px) 543px, 580px\" \/><\/figure>\n\n\n\n<p class=\"has-medium-font-size wp-block-paragraph\"><strong>Sabine Rechtsteiner<br><\/strong>Schulpflege<br>(2014 &#8211; 2018)<\/p>\n<\/div>\n\n\n\n<div class=\"wp-block-column is-layout-flow wp-block-column-is-layout-flow\">\n<figure class=\"wp-block-image size-full\"><img loading=\"lazy\" decoding=\"async\" width=\"841\" height=\"968\" src=\"https:\/\/www.frauenpodiumgossau-zh.ch\/wp-content\/uploads\/2025\/11\/26_Weidmann_Barbara-sw.jpg\" alt=\"\" class=\"wp-image-1163\" srcset=\"https:\/\/www.frauenpodiumgossau-zh.ch\/wp-content\/uploads\/2025\/11\/26_Weidmann_Barbara-sw.jpg 841w, https:\/\/www.frauenpodiumgossau-zh.ch\/wp-content\/uploads\/2025\/11\/26_Weidmann_Barbara-sw-261x300.jpg 261w, https:\/\/www.frauenpodiumgossau-zh.ch\/wp-content\/uploads\/2025\/11\/26_Weidmann_Barbara-sw-768x884.jpg 768w\" sizes=\"auto, (max-width: 767px) 89vw, (max-width: 1000px) 54vw, (max-width: 1071px) 543px, 580px\" \/><\/figure>\n\n\n\n<p class=\"has-medium-font-size wp-block-paragraph\"><strong>Barbara Weidmann<br><\/strong>Sozialbeh\u00f6rde<br>(2014 &#8211; 2026)<\/p>\n<\/div>\n<\/div>\n\n\n\n<div class=\"wp-block-columns is-layout-flex wp-container-core-columns-is-layout-8f761849 wp-block-columns-is-layout-flex\">\n<div class=\"wp-block-column is-layout-flow wp-block-column-is-layout-flow\">\n<figure class=\"wp-block-image size-full\"><img loading=\"lazy\" decoding=\"async\" width=\"724\" height=\"829\" src=\"https:\/\/www.frauenpodiumgossau-zh.ch\/wp-content\/uploads\/2025\/11\/27_Hehli_Regula-sw.jpg\" alt=\"\" class=\"wp-image-1164\" srcset=\"https:\/\/www.frauenpodiumgossau-zh.ch\/wp-content\/uploads\/2025\/11\/27_Hehli_Regula-sw.jpg 724w, https:\/\/www.frauenpodiumgossau-zh.ch\/wp-content\/uploads\/2025\/11\/27_Hehli_Regula-sw-262x300.jpg 262w\" sizes=\"auto, (max-width: 724px) 100vw, 724px\" \/><\/figure>\n\n\n\n<p class=\"has-medium-font-size wp-block-paragraph\"><strong>Regula Hehli<br><\/strong>Sozialbeh\u00f6rde<br>(2018 &#8211; heute)<\/p>\n<\/div>\n\n\n\n<div class=\"wp-block-column is-layout-flow wp-block-column-is-layout-flow\">\n<figure class=\"wp-block-image size-full\"><img loading=\"lazy\" decoding=\"async\" width=\"693\" height=\"667\" src=\"https:\/\/www.frauenpodiumgossau-zh.ch\/wp-content\/uploads\/2025\/11\/28_Gabriela_M_Meier_2022-sw.jpg\" alt=\"\" class=\"wp-image-1165\" srcset=\"https:\/\/www.frauenpodiumgossau-zh.ch\/wp-content\/uploads\/2025\/11\/28_Gabriela_M_Meier_2022-sw.jpg 693w, https:\/\/www.frauenpodiumgossau-zh.ch\/wp-content\/uploads\/2025\/11\/28_Gabriela_M_Meier_2022-sw-300x289.jpg 300w\" sizes=\"auto, (max-width: 693px) 100vw, 693px\" \/><\/figure>\n\n\n\n<p class=\"has-medium-font-size wp-block-paragraph\"><strong>Gabriela M. Meier<br><\/strong>Sozialbeh\u00f6rde<br>(2022 &#8211; heute)<\/p>\n<\/div>\n<\/div>\n\n\n\n<hr class=\"wp-block-separator has-alpha-channel-opacity\"\/>\n\n\n\n<p class=\"wp-block-paragraph\"><\/p>\n\n\n\n<p class=\"wp-block-paragraph\"><strong>Hinweis zur Nutzung der Inhalte<\/strong><br>Die auf dieser Seite ver\u00f6ffentlichten Fotos und Informationen d\u00fcrfen ohne vorg\u00e4ngige Zustimmung des Vereins&nbsp;<em>Politisches Frauenpodium Gossau<\/em>&nbsp;weder kopiert, verbreitet, noch f\u00fcr andere Zwecke verwendet werden. Bitte kontaktiere uns, wenn du Inhalte nutzen m\u00f6chtest.<\/p>\n","protected":false},"excerpt":{"rendered":"<p>Seit seiner Gr\u00fcndung setzt sich das Politische Frauenpodium Gossau daf\u00fcr ein, Frauen in ihrer politischen Teilhabe zu st\u00e4rken und sichtbar zu machen. In den vergangenen Jahrzehnten haben engagierte Frauen aus unseren Reihen Verantwortung \u00fcbernommen und das politische Geschehen in Gossau aktiv mitgestaltet. Diese Galerie zeigt jene Frauen, die als Mitglied in ein Beh\u00f6rdenamt gew\u00e4hlt wurden &hellip; <\/p>\n<p class=\"link-more\"><a href=\"https:\/\/www.frauenpodiumgossau-zh.ch\/index.php\/ueber-uns\/bisherige-behoerdenfrauen\/\" class=\"more-link\"><span class=\"screen-reader-text\">\u201eBisherige Frauen in den Beh\u00f6rden\u201c <\/span>weiterlesen<\/a><\/p>\n","protected":false},"author":1,"featured_media":0,"parent":10,"menu_order":0,"comment_status":"closed","ping_status":"closed","template":"","meta":{"footnotes":""},"class_list":["post-1193","page","type-page","status-publish","hentry"],"yoast_head":"<!-- This site is optimized with the Yoast SEO plugin v27.7 - https:\/\/yoast.com\/product\/yoast-seo-wordpress\/ -->\n<title>Bisherige Frauen in den Beh\u00f6rden - Politisches Frauenpodium Gossau ZH<\/title>\n<meta name=\"robots\" content=\"index, follow, max-snippet:-1, max-image-preview:large, max-video-preview:-1\" \/>\n<link rel=\"canonical\" href=\"https:\/\/www.frauenpodiumgossau-zh.ch\/index.php\/ueber-uns\/bisherige-behoerdenfrauen\/\" \/>\n<meta property=\"og:locale\" content=\"de_DE\" \/>\n<meta property=\"og:type\" content=\"article\" \/>\n<meta property=\"og:title\" content=\"Bisherige Frauen in den Beh\u00f6rden - Politisches Frauenpodium Gossau ZH\" \/>\n<meta property=\"og:description\" content=\"Seit seiner Gr\u00fcndung setzt sich das Politische Frauenpodium Gossau daf\u00fcr ein, Frauen in ihrer politischen Teilhabe zu st\u00e4rken und sichtbar zu machen. In den vergangenen Jahrzehnten haben engagierte Frauen aus unseren Reihen Verantwortung \u00fcbernommen und das politische Geschehen in Gossau aktiv mitgestaltet. Diese Galerie zeigt jene Frauen, die als Mitglied in ein Beh\u00f6rdenamt gew\u00e4hlt wurden &hellip; \u201eBisherige Frauen in den Beh\u00f6rden\u201c weiterlesen\" \/>\n<meta property=\"og:url\" content=\"https:\/\/www.frauenpodiumgossau-zh.ch\/index.php\/ueber-uns\/bisherige-behoerdenfrauen\/\" \/>\n<meta property=\"og:site_name\" content=\"Politisches Frauenpodium Gossau ZH\" \/>\n<meta property=\"article:modified_time\" content=\"2026-07-11T14:51:45+00:00\" \/>\n<meta property=\"og:image\" content=\"https:\/\/www.frauenpodiumgossau-zh.ch\/wp-content\/uploads\/2025\/11\/01-HelenReiser-2021-sw-scaled.jpg\" \/>\n\t<meta property=\"og:image:width\" content=\"1920\" \/>\n\t<meta property=\"og:image:height\" content=\"2560\" \/>\n\t<meta property=\"og:image:type\" content=\"image\/jpeg\" \/>\n<meta name=\"twitter:card\" content=\"summary_large_image\" \/>\n<meta name=\"twitter:label1\" content=\"Gesch\u00e4tzte Lesezeit\" \/>\n\t<meta name=\"twitter:data1\" content=\"8\u00a0Minuten\" \/>\n<script type=\"application\/ld+json\" class=\"yoast-schema-graph\">{\"@context\":\"https:\\\/\\\/schema.org\",\"@graph\":[{\"@type\":\"WebPage\",\"@id\":\"https:\\\/\\\/www.frauenpodiumgossau-zh.ch\\\/index.php\\\/ueber-uns\\\/bisherige-behoerdenfrauen\\\/\",\"url\":\"https:\\\/\\\/www.frauenpodiumgossau-zh.ch\\\/index.php\\\/ueber-uns\\\/bisherige-behoerdenfrauen\\\/\",\"name\":\"Bisherige Frauen in den Beh\u00f6rden - Politisches Frauenpodium Gossau ZH\",\"isPartOf\":{\"@id\":\"https:\\\/\\\/www.frauenpodiumgossau-zh.ch\\\/#website\"},\"primaryImageOfPage\":{\"@id\":\"https:\\\/\\\/www.frauenpodiumgossau-zh.ch\\\/index.php\\\/ueber-uns\\\/bisherige-behoerdenfrauen\\\/#primaryimage\"},\"image\":{\"@id\":\"https:\\\/\\\/www.frauenpodiumgossau-zh.ch\\\/index.php\\\/ueber-uns\\\/bisherige-behoerdenfrauen\\\/#primaryimage\"},\"thumbnailUrl\":\"https:\\\/\\\/www.frauenpodiumgossau-zh.ch\\\/wp-content\\\/uploads\\\/2025\\\/11\\\/01-HelenReiser-2021-sw-768x1024.jpg\",\"datePublished\":\"2025-11-27T15:14:11+00:00\",\"dateModified\":\"2026-07-11T14:51:45+00:00\",\"breadcrumb\":{\"@id\":\"https:\\\/\\\/www.frauenpodiumgossau-zh.ch\\\/index.php\\\/ueber-uns\\\/bisherige-behoerdenfrauen\\\/#breadcrumb\"},\"inLanguage\":\"de\",\"potentialAction\":[{\"@type\":\"ReadAction\",\"target\":[\"https:\\\/\\\/www.frauenpodiumgossau-zh.ch\\\/index.php\\\/ueber-uns\\\/bisherige-behoerdenfrauen\\\/\"]}]},{\"@type\":\"ImageObject\",\"inLanguage\":\"de\",\"@id\":\"https:\\\/\\\/www.frauenpodiumgossau-zh.ch\\\/index.php\\\/ueber-uns\\\/bisherige-behoerdenfrauen\\\/#primaryimage\",\"url\":\"https:\\\/\\\/www.frauenpodiumgossau-zh.ch\\\/wp-content\\\/uploads\\\/2025\\\/11\\\/01-HelenReiser-2021-sw-scaled.jpg\",\"contentUrl\":\"https:\\\/\\\/www.frauenpodiumgossau-zh.ch\\\/wp-content\\\/uploads\\\/2025\\\/11\\\/01-HelenReiser-2021-sw-scaled.jpg\",\"width\":1920,\"height\":2560},{\"@type\":\"BreadcrumbList\",\"@id\":\"https:\\\/\\\/www.frauenpodiumgossau-zh.ch\\\/index.php\\\/ueber-uns\\\/bisherige-behoerdenfrauen\\\/#breadcrumb\",\"itemListElement\":[{\"@type\":\"ListItem\",\"position\":1,\"name\":\"Startseite\",\"item\":\"https:\\\/\\\/www.frauenpodiumgossau-zh.ch\\\/\"},{\"@type\":\"ListItem\",\"position\":2,\"name\":\"\u00dcber uns\",\"item\":\"https:\\\/\\\/www.frauenpodiumgossau-zh.ch\\\/index.php\\\/ueber-uns\\\/\"},{\"@type\":\"ListItem\",\"position\":3,\"name\":\"Bisherige Frauen in den Beh\u00f6rden\"}]},{\"@type\":\"WebSite\",\"@id\":\"https:\\\/\\\/www.frauenpodiumgossau-zh.ch\\\/#website\",\"url\":\"https:\\\/\\\/www.frauenpodiumgossau-zh.ch\\\/\",\"name\":\"Politisches Frauenpodium Gossau ZH\",\"description\":\"Z\u00e4me z Wort cho\",\"publisher\":{\"@id\":\"https:\\\/\\\/www.frauenpodiumgossau-zh.ch\\\/#organization\"},\"potentialAction\":[{\"@type\":\"SearchAction\",\"target\":{\"@type\":\"EntryPoint\",\"urlTemplate\":\"https:\\\/\\\/www.frauenpodiumgossau-zh.ch\\\/?s={search_term_string}\"},\"query-input\":{\"@type\":\"PropertyValueSpecification\",\"valueRequired\":true,\"valueName\":\"search_term_string\"}}],\"inLanguage\":\"de\"},{\"@type\":\"Organization\",\"@id\":\"https:\\\/\\\/www.frauenpodiumgossau-zh.ch\\\/#organization\",\"name\":\"Politisches Frauenpodium Gossau ZH\",\"url\":\"https:\\\/\\\/www.frauenpodiumgossau-zh.ch\\\/\",\"logo\":{\"@type\":\"ImageObject\",\"inLanguage\":\"de\",\"@id\":\"https:\\\/\\\/www.frauenpodiumgossau-zh.ch\\\/#\\\/schema\\\/logo\\\/image\\\/\",\"url\":\"https:\\\/\\\/www.frauenpodiumgossau-zh.ch\\\/wp-content\\\/uploads\\\/2020\\\/01\\\/Frauenpodium-Logo-lila-ohne-Text.jpg\",\"contentUrl\":\"https:\\\/\\\/www.frauenpodiumgossau-zh.ch\\\/wp-content\\\/uploads\\\/2020\\\/01\\\/Frauenpodium-Logo-lila-ohne-Text.jpg\",\"width\":1480,\"height\":1200,\"caption\":\"Politisches Frauenpodium Gossau ZH\"},\"image\":{\"@id\":\"https:\\\/\\\/www.frauenpodiumgossau-zh.ch\\\/#\\\/schema\\\/logo\\\/image\\\/\"}}]}<\/script>\n<!-- \/ Yoast SEO plugin. -->","yoast_head_json":{"title":"Bisherige Frauen in den Beh\u00f6rden - Politisches Frauenpodium Gossau ZH","robots":{"index":"index","follow":"follow","max-snippet":"max-snippet:-1","max-image-preview":"max-image-preview:large","max-video-preview":"max-video-preview:-1"},"canonical":"https:\/\/www.frauenpodiumgossau-zh.ch\/index.php\/ueber-uns\/bisherige-behoerdenfrauen\/","og_locale":"de_DE","og_type":"article","og_title":"Bisherige Frauen in den Beh\u00f6rden - Politisches Frauenpodium Gossau ZH","og_description":"Seit seiner Gr\u00fcndung setzt sich das Politische Frauenpodium Gossau daf\u00fcr ein, Frauen in ihrer politischen Teilhabe zu st\u00e4rken und sichtbar zu machen. In den vergangenen Jahrzehnten haben engagierte Frauen aus unseren Reihen Verantwortung \u00fcbernommen und das politische Geschehen in Gossau aktiv mitgestaltet. Diese Galerie zeigt jene Frauen, die als Mitglied in ein Beh\u00f6rdenamt gew\u00e4hlt wurden &hellip; \u201eBisherige Frauen in den Beh\u00f6rden\u201c weiterlesen","og_url":"https:\/\/www.frauenpodiumgossau-zh.ch\/index.php\/ueber-uns\/bisherige-behoerdenfrauen\/","og_site_name":"Politisches Frauenpodium Gossau ZH","article_modified_time":"2026-07-11T14:51:45+00:00","og_image":[{"width":1920,"height":2560,"url":"https:\/\/www.frauenpodiumgossau-zh.ch\/wp-content\/uploads\/2025\/11\/01-HelenReiser-2021-sw-scaled.jpg","type":"image\/jpeg"}],"twitter_card":"summary_large_image","twitter_misc":{"Gesch\u00e4tzte Lesezeit":"8\u00a0Minuten"},"schema":{"@context":"https:\/\/schema.org","@graph":[{"@type":"WebPage","@id":"https:\/\/www.frauenpodiumgossau-zh.ch\/index.php\/ueber-uns\/bisherige-behoerdenfrauen\/","url":"https:\/\/www.frauenpodiumgossau-zh.ch\/index.php\/ueber-uns\/bisherige-behoerdenfrauen\/","name":"Bisherige Frauen in den Beh\u00f6rden - Politisches Frauenpodium Gossau ZH","isPartOf":{"@id":"https:\/\/www.frauenpodiumgossau-zh.ch\/#website"},"primaryImageOfPage":{"@id":"https:\/\/www.frauenpodiumgossau-zh.ch\/index.php\/ueber-uns\/bisherige-behoerdenfrauen\/#primaryimage"},"image":{"@id":"https:\/\/www.frauenpodiumgossau-zh.ch\/index.php\/ueber-uns\/bisherige-behoerdenfrauen\/#primaryimage"},"thumbnailUrl":"https:\/\/www.frauenpodiumgossau-zh.ch\/wp-content\/uploads\/2025\/11\/01-HelenReiser-2021-sw-768x1024.jpg","datePublished":"2025-11-27T15:14:11+00:00","dateModified":"2026-07-11T14:51:45+00:00","breadcrumb":{"@id":"https:\/\/www.frauenpodiumgossau-zh.ch\/index.php\/ueber-uns\/bisherige-behoerdenfrauen\/#breadcrumb"},"inLanguage":"de","potentialAction":[{"@type":"ReadAction","target":["https:\/\/www.frauenpodiumgossau-zh.ch\/index.php\/ueber-uns\/bisherige-behoerdenfrauen\/"]}]},{"@type":"ImageObject","inLanguage":"de","@id":"https:\/\/www.frauenpodiumgossau-zh.ch\/index.php\/ueber-uns\/bisherige-behoerdenfrauen\/#primaryimage","url":"https:\/\/www.frauenpodiumgossau-zh.ch\/wp-content\/uploads\/2025\/11\/01-HelenReiser-2021-sw-scaled.jpg","contentUrl":"https:\/\/www.frauenpodiumgossau-zh.ch\/wp-content\/uploads\/2025\/11\/01-HelenReiser-2021-sw-scaled.jpg","width":1920,"height":2560},{"@type":"BreadcrumbList","@id":"https:\/\/www.frauenpodiumgossau-zh.ch\/index.php\/ueber-uns\/bisherige-behoerdenfrauen\/#breadcrumb","itemListElement":[{"@type":"ListItem","position":1,"name":"Startseite","item":"https:\/\/www.frauenpodiumgossau-zh.ch\/"},{"@type":"ListItem","position":2,"name":"\u00dcber uns","item":"https:\/\/www.frauenpodiumgossau-zh.ch\/index.php\/ueber-uns\/"},{"@type":"ListItem","position":3,"name":"Bisherige Frauen in den Beh\u00f6rden"}]},{"@type":"WebSite","@id":"https:\/\/www.frauenpodiumgossau-zh.ch\/#website","url":"https:\/\/www.frauenpodiumgossau-zh.ch\/","name":"Politisches Frauenpodium Gossau ZH","description":"Z\u00e4me z Wort cho","publisher":{"@id":"https:\/\/www.frauenpodiumgossau-zh.ch\/#organization"},"potentialAction":[{"@type":"SearchAction","target":{"@type":"EntryPoint","urlTemplate":"https:\/\/www.frauenpodiumgossau-zh.ch\/?s={search_term_string}"},"query-input":{"@type":"PropertyValueSpecification","valueRequired":true,"valueName":"search_term_string"}}],"inLanguage":"de"},{"@type":"Organization","@id":"https:\/\/www.frauenpodiumgossau-zh.ch\/#organization","name":"Politisches Frauenpodium Gossau ZH","url":"https:\/\/www.frauenpodiumgossau-zh.ch\/","logo":{"@type":"ImageObject","inLanguage":"de","@id":"https:\/\/www.frauenpodiumgossau-zh.ch\/#\/schema\/logo\/image\/","url":"https:\/\/www.frauenpodiumgossau-zh.ch\/wp-content\/uploads\/2020\/01\/Frauenpodium-Logo-lila-ohne-Text.jpg","contentUrl":"https:\/\/www.frauenpodiumgossau-zh.ch\/wp-content\/uploads\/2020\/01\/Frauenpodium-Logo-lila-ohne-Text.jpg","width":1480,"height":1200,"caption":"Politisches Frauenpodium Gossau ZH"},"image":{"@id":"https:\/\/www.frauenpodiumgossau-zh.ch\/#\/schema\/logo\/image\/"}}]}},"_links":{"self":[{"href":"https:\/\/www.frauenpodiumgossau-zh.ch\/index.php\/wp-json\/wp\/v2\/pages\/1193","targetHints":{"allow":["GET"]}}],"collection":[{"href":"https:\/\/www.frauenpodiumgossau-zh.ch\/index.php\/wp-json\/wp\/v2\/pages"}],"about":[{"href":"https:\/\/www.frauenpodiumgossau-zh.ch\/index.php\/wp-json\/wp\/v2\/types\/page"}],"author":[{"embeddable":true,"href":"https:\/\/www.frauenpodiumgossau-zh.ch\/index.php\/wp-json\/wp\/v2\/users\/1"}],"replies":[{"embeddable":true,"href":"https:\/\/www.frauenpodiumgossau-zh.ch\/index.php\/wp-json\/wp\/v2\/comments?post=1193"}],"version-history":[{"count":26,"href":"https:\/\/www.frauenpodiumgossau-zh.ch\/index.php\/wp-json\/wp\/v2\/pages\/1193\/revisions"}],"predecessor-version":[{"id":1347,"href":"https:\/\/www.frauenpodiumgossau-zh.ch\/index.php\/wp-json\/wp\/v2\/pages\/1193\/revisions\/1347"}],"up":[{"embeddable":true,"href":"https:\/\/www.frauenpodiumgossau-zh.ch\/index.php\/wp-json\/wp\/v2\/pages\/10"}],"wp:attachment":[{"href":"https:\/\/www.frauenpodiumgossau-zh.ch\/index.php\/wp-json\/wp\/v2\/media?parent=1193"}],"curies":[{"name":"wp","href":"https:\/\/api.w.org\/{rel}","templated":true}]}}