{"id":290,"date":"2020-12-19T12:18:22","date_gmt":"2020-12-19T12:18:22","guid":{"rendered":"https:\/\/www.frauenpodiumgossau-zh.ch\/?page_id=290"},"modified":"2020-12-19T15:13:15","modified_gmt":"2020-12-19T15:13:15","slug":"jubilaeum-50-jahre-frauenstimmrecht-schweiz","status":"publish","type":"page","link":"https:\/\/www.frauenpodiumgossau-zh.ch\/index.php\/jubilaeum-50-jahre-frauenstimmrecht-schweiz\/","title":{"rendered":"Jubil\u00e4um 50 Jahre Frauenstimmrecht Schweiz"},"content":{"rendered":"\n<p class=\"wp-block-paragraph\">Schluss mit dem Schneckentempo: Gleichstellung jetzt! <\/p>\n\n\n\n<p class=\"wp-block-paragraph\">1971 stimmten die m\u00e4nnlichen Stimmb\u00fcrger der Schweiz f\u00fcr das Frauenstimm- und Wahlrecht in der Schweiz. Erste Bestrebungen zur Einf\u00fchrung datieren von 1868. Dies brachte die Frauen 1928 anl\u00e4sslich der Saffa zum Bild der Schnecke f\u00fcr das Gleichstellungstempo. Zur aktuellen Visualisierung der Geschichte durch die Frauenzentrale Z\u00fcrich geht es <a rel=\"noreferrer noopener\" href=\"https:\/\/www.youtube.com\/watch?v=XHR_bwEYvmU\" target=\"_blank\">hier<\/a>.<\/p>\n\n\n\n<p class=\"wp-block-paragraph\">Geschichtliches sowie eine Karte mit Jubil\u00e4umsaktivit\u00e4ten der ganzen Schweiz bietet der Verein CH2021 auf seiner <a rel=\"noreferrer noopener\" href=\"https:\/\/ch2021.ch\/\" target=\"_blank\">Website<\/a>.<\/p>\n","protected":false},"excerpt":{"rendered":"<p>Schluss mit dem Schneckentempo: Gleichstellung jetzt! 1971 stimmten die m\u00e4nnlichen Stimmb\u00fcrger der Schweiz f\u00fcr das Frauenstimm- und Wahlrecht in der Schweiz. Erste Bestrebungen zur Einf\u00fchrung datieren von 1868. Dies brachte die Frauen 1928 anl\u00e4sslich der Saffa zum Bild der Schnecke f\u00fcr das Gleichstellungstempo. Zur aktuellen Visualisierung der Geschichte durch die Frauenzentrale Z\u00fcrich geht es hier. &hellip; <\/p>\n<p class=\"link-more\"><a href=\"https:\/\/www.frauenpodiumgossau-zh.ch\/index.php\/jubilaeum-50-jahre-frauenstimmrecht-schweiz\/\" class=\"more-link\"><span class=\"screen-reader-text\">\u201eJubil\u00e4um 50 Jahre Frauenstimmrecht Schweiz\u201c <\/span>weiterlesen<\/a><\/p>\n","protected":false},"author":1,"featured_media":296,"parent":0,"menu_order":1,"comment_status":"closed","ping_status":"closed","template":"","meta":{"footnotes":""},"class_list":["post-290","page","type-page","status-publish","has-post-thumbnail","hentry"],"yoast_head":"<!-- This site is optimized with the Yoast SEO plugin v27.7 - https:\/\/yoast.com\/product\/yoast-seo-wordpress\/ -->\n<title>Jubil\u00e4um 50 Jahre Frauenstimmrecht Schweiz - Politisches Frauenpodium Gossau ZH<\/title>\n<meta name=\"robots\" content=\"index, follow, max-snippet:-1, max-image-preview:large, max-video-preview:-1\" \/>\n<link rel=\"canonical\" href=\"https:\/\/www.frauenpodiumgossau-zh.ch\/index.php\/politik__trashed\/jubilaeum-50-jahre-frauenstimmrecht-schweiz\/\" \/>\n<meta property=\"og:locale\" content=\"de_DE\" \/>\n<meta property=\"og:type\" content=\"article\" \/>\n<meta property=\"og:title\" content=\"Jubil\u00e4um 50 Jahre Frauenstimmrecht Schweiz - Politisches Frauenpodium Gossau ZH\" \/>\n<meta property=\"og:description\" content=\"Schluss mit dem Schneckentempo: Gleichstellung jetzt! 1971 stimmten die m\u00e4nnlichen Stimmb\u00fcrger der Schweiz f\u00fcr das Frauenstimm- und Wahlrecht in der Schweiz. Erste Bestrebungen zur Einf\u00fchrung datieren von 1868. Dies brachte die Frauen 1928 anl\u00e4sslich der Saffa zum Bild der Schnecke f\u00fcr das Gleichstellungstempo. Zur aktuellen Visualisierung der Geschichte durch die Frauenzentrale Z\u00fcrich geht es hier. &hellip; \u201eJubil\u00e4um 50 Jahre Frauenstimmrecht Schweiz\u201c weiterlesen\" \/>\n<meta property=\"og:url\" content=\"https:\/\/www.frauenpodiumgossau-zh.ch\/index.php\/politik__trashed\/jubilaeum-50-jahre-frauenstimmrecht-schweiz\/\" \/>\n<meta property=\"og:site_name\" content=\"Politisches Frauenpodium Gossau ZH\" \/>\n<meta property=\"article:modified_time\" content=\"2020-12-19T15:13:15+00:00\" \/>\n<meta property=\"og:image\" content=\"https:\/\/www.frauenpodiumgossau-zh.ch\/wp-content\/uploads\/2020\/12\/saffa28_Schnecke.jpg\" \/>\n\t<meta property=\"og:image:width\" content=\"557\" \/>\n\t<meta property=\"og:image:height\" content=\"373\" \/>\n\t<meta property=\"og:image:type\" content=\"image\/jpeg\" \/>\n<meta name=\"twitter:card\" content=\"summary_large_image\" \/>\n<script type=\"application\/ld+json\" class=\"yoast-schema-graph\">{\"@context\":\"https:\\\/\\\/schema.org\",\"@graph\":[{\"@type\":\"WebPage\",\"@id\":\"https:\\\/\\\/www.frauenpodiumgossau-zh.ch\\\/index.php\\\/politik__trashed\\\/jubilaeum-50-jahre-frauenstimmrecht-schweiz\\\/\",\"url\":\"https:\\\/\\\/www.frauenpodiumgossau-zh.ch\\\/index.php\\\/politik__trashed\\\/jubilaeum-50-jahre-frauenstimmrecht-schweiz\\\/\",\"name\":\"Jubil\u00e4um 50 Jahre Frauenstimmrecht Schweiz - Politisches Frauenpodium Gossau ZH\",\"isPartOf\":{\"@id\":\"https:\\\/\\\/www.frauenpodiumgossau-zh.ch\\\/#website\"},\"primaryImageOfPage\":{\"@id\":\"https:\\\/\\\/www.frauenpodiumgossau-zh.ch\\\/index.php\\\/politik__trashed\\\/jubilaeum-50-jahre-frauenstimmrecht-schweiz\\\/#primaryimage\"},\"image\":{\"@id\":\"https:\\\/\\\/www.frauenpodiumgossau-zh.ch\\\/index.php\\\/politik__trashed\\\/jubilaeum-50-jahre-frauenstimmrecht-schweiz\\\/#primaryimage\"},\"thumbnailUrl\":\"https:\\\/\\\/www.frauenpodiumgossau-zh.ch\\\/wp-content\\\/uploads\\\/2020\\\/12\\\/saffa28_Schnecke.jpg\",\"datePublished\":\"2020-12-19T12:18:22+00:00\",\"dateModified\":\"2020-12-19T15:13:15+00:00\",\"breadcrumb\":{\"@id\":\"https:\\\/\\\/www.frauenpodiumgossau-zh.ch\\\/index.php\\\/politik__trashed\\\/jubilaeum-50-jahre-frauenstimmrecht-schweiz\\\/#breadcrumb\"},\"inLanguage\":\"de\",\"potentialAction\":[{\"@type\":\"ReadAction\",\"target\":[\"https:\\\/\\\/www.frauenpodiumgossau-zh.ch\\\/index.php\\\/politik__trashed\\\/jubilaeum-50-jahre-frauenstimmrecht-schweiz\\\/\"]}]},{\"@type\":\"ImageObject\",\"inLanguage\":\"de\",\"@id\":\"https:\\\/\\\/www.frauenpodiumgossau-zh.ch\\\/index.php\\\/politik__trashed\\\/jubilaeum-50-jahre-frauenstimmrecht-schweiz\\\/#primaryimage\",\"url\":\"https:\\\/\\\/www.frauenpodiumgossau-zh.ch\\\/wp-content\\\/uploads\\\/2020\\\/12\\\/saffa28_Schnecke.jpg\",\"contentUrl\":\"https:\\\/\\\/www.frauenpodiumgossau-zh.ch\\\/wp-content\\\/uploads\\\/2020\\\/12\\\/saffa28_Schnecke.jpg\",\"width\":557,\"height\":373},{\"@type\":\"BreadcrumbList\",\"@id\":\"https:\\\/\\\/www.frauenpodiumgossau-zh.ch\\\/index.php\\\/politik__trashed\\\/jubilaeum-50-jahre-frauenstimmrecht-schweiz\\\/#breadcrumb\",\"itemListElement\":[{\"@type\":\"ListItem\",\"position\":1,\"name\":\"Startseite\",\"item\":\"https:\\\/\\\/www.frauenpodiumgossau-zh.ch\\\/\"},{\"@type\":\"ListItem\",\"position\":2,\"name\":\"Jubil\u00e4um 50 Jahre Frauenstimmrecht Schweiz\"}]},{\"@type\":\"WebSite\",\"@id\":\"https:\\\/\\\/www.frauenpodiumgossau-zh.ch\\\/#website\",\"url\":\"https:\\\/\\\/www.frauenpodiumgossau-zh.ch\\\/\",\"name\":\"Politisches Frauenpodium Gossau ZH\",\"description\":\"Z\u00e4me z Wort cho\",\"publisher\":{\"@id\":\"https:\\\/\\\/www.frauenpodiumgossau-zh.ch\\\/#organization\"},\"potentialAction\":[{\"@type\":\"SearchAction\",\"target\":{\"@type\":\"EntryPoint\",\"urlTemplate\":\"https:\\\/\\\/www.frauenpodiumgossau-zh.ch\\\/?s={search_term_string}\"},\"query-input\":{\"@type\":\"PropertyValueSpecification\",\"valueRequired\":true,\"valueName\":\"search_term_string\"}}],\"inLanguage\":\"de\"},{\"@type\":\"Organization\",\"@id\":\"https:\\\/\\\/www.frauenpodiumgossau-zh.ch\\\/#organization\",\"name\":\"Politisches Frauenpodium Gossau ZH\",\"url\":\"https:\\\/\\\/www.frauenpodiumgossau-zh.ch\\\/\",\"logo\":{\"@type\":\"ImageObject\",\"inLanguage\":\"de\",\"@id\":\"https:\\\/\\\/www.frauenpodiumgossau-zh.ch\\\/#\\\/schema\\\/logo\\\/image\\\/\",\"url\":\"https:\\\/\\\/www.frauenpodiumgossau-zh.ch\\\/wp-content\\\/uploads\\\/2020\\\/01\\\/Frauenpodium-Logo-lila-ohne-Text.jpg\",\"contentUrl\":\"https:\\\/\\\/www.frauenpodiumgossau-zh.ch\\\/wp-content\\\/uploads\\\/2020\\\/01\\\/Frauenpodium-Logo-lila-ohne-Text.jpg\",\"width\":1480,\"height\":1200,\"caption\":\"Politisches Frauenpodium Gossau ZH\"},\"image\":{\"@id\":\"https:\\\/\\\/www.frauenpodiumgossau-zh.ch\\\/#\\\/schema\\\/logo\\\/image\\\/\"}}]}<\/script>\n<!-- \/ Yoast SEO plugin. -->","yoast_head_json":{"title":"Jubil\u00e4um 50 Jahre Frauenstimmrecht Schweiz - Politisches Frauenpodium Gossau ZH","robots":{"index":"index","follow":"follow","max-snippet":"max-snippet:-1","max-image-preview":"max-image-preview:large","max-video-preview":"max-video-preview:-1"},"canonical":"https:\/\/www.frauenpodiumgossau-zh.ch\/index.php\/politik__trashed\/jubilaeum-50-jahre-frauenstimmrecht-schweiz\/","og_locale":"de_DE","og_type":"article","og_title":"Jubil\u00e4um 50 Jahre Frauenstimmrecht Schweiz - Politisches Frauenpodium Gossau ZH","og_description":"Schluss mit dem Schneckentempo: Gleichstellung jetzt! 1971 stimmten die m\u00e4nnlichen Stimmb\u00fcrger der Schweiz f\u00fcr das Frauenstimm- und Wahlrecht in der Schweiz. Erste Bestrebungen zur Einf\u00fchrung datieren von 1868. Dies brachte die Frauen 1928 anl\u00e4sslich der Saffa zum Bild der Schnecke f\u00fcr das Gleichstellungstempo. Zur aktuellen Visualisierung der Geschichte durch die Frauenzentrale Z\u00fcrich geht es hier. &hellip; \u201eJubil\u00e4um 50 Jahre Frauenstimmrecht Schweiz\u201c weiterlesen","og_url":"https:\/\/www.frauenpodiumgossau-zh.ch\/index.php\/politik__trashed\/jubilaeum-50-jahre-frauenstimmrecht-schweiz\/","og_site_name":"Politisches Frauenpodium Gossau ZH","article_modified_time":"2020-12-19T15:13:15+00:00","og_image":[{"width":557,"height":373,"url":"https:\/\/www.frauenpodiumgossau-zh.ch\/wp-content\/uploads\/2020\/12\/saffa28_Schnecke.jpg","type":"image\/jpeg"}],"twitter_card":"summary_large_image","schema":{"@context":"https:\/\/schema.org","@graph":[{"@type":"WebPage","@id":"https:\/\/www.frauenpodiumgossau-zh.ch\/index.php\/politik__trashed\/jubilaeum-50-jahre-frauenstimmrecht-schweiz\/","url":"https:\/\/www.frauenpodiumgossau-zh.ch\/index.php\/politik__trashed\/jubilaeum-50-jahre-frauenstimmrecht-schweiz\/","name":"Jubil\u00e4um 50 Jahre Frauenstimmrecht Schweiz - Politisches Frauenpodium Gossau ZH","isPartOf":{"@id":"https:\/\/www.frauenpodiumgossau-zh.ch\/#website"},"primaryImageOfPage":{"@id":"https:\/\/www.frauenpodiumgossau-zh.ch\/index.php\/politik__trashed\/jubilaeum-50-jahre-frauenstimmrecht-schweiz\/#primaryimage"},"image":{"@id":"https:\/\/www.frauenpodiumgossau-zh.ch\/index.php\/politik__trashed\/jubilaeum-50-jahre-frauenstimmrecht-schweiz\/#primaryimage"},"thumbnailUrl":"https:\/\/www.frauenpodiumgossau-zh.ch\/wp-content\/uploads\/2020\/12\/saffa28_Schnecke.jpg","datePublished":"2020-12-19T12:18:22+00:00","dateModified":"2020-12-19T15:13:15+00:00","breadcrumb":{"@id":"https:\/\/www.frauenpodiumgossau-zh.ch\/index.php\/politik__trashed\/jubilaeum-50-jahre-frauenstimmrecht-schweiz\/#breadcrumb"},"inLanguage":"de","potentialAction":[{"@type":"ReadAction","target":["https:\/\/www.frauenpodiumgossau-zh.ch\/index.php\/politik__trashed\/jubilaeum-50-jahre-frauenstimmrecht-schweiz\/"]}]},{"@type":"ImageObject","inLanguage":"de","@id":"https:\/\/www.frauenpodiumgossau-zh.ch\/index.php\/politik__trashed\/jubilaeum-50-jahre-frauenstimmrecht-schweiz\/#primaryimage","url":"https:\/\/www.frauenpodiumgossau-zh.ch\/wp-content\/uploads\/2020\/12\/saffa28_Schnecke.jpg","contentUrl":"https:\/\/www.frauenpodiumgossau-zh.ch\/wp-content\/uploads\/2020\/12\/saffa28_Schnecke.jpg","width":557,"height":373},{"@type":"BreadcrumbList","@id":"https:\/\/www.frauenpodiumgossau-zh.ch\/index.php\/politik__trashed\/jubilaeum-50-jahre-frauenstimmrecht-schweiz\/#breadcrumb","itemListElement":[{"@type":"ListItem","position":1,"name":"Startseite","item":"https:\/\/www.frauenpodiumgossau-zh.ch\/"},{"@type":"ListItem","position":2,"name":"Jubil\u00e4um 50 Jahre Frauenstimmrecht Schweiz"}]},{"@type":"WebSite","@id":"https:\/\/www.frauenpodiumgossau-zh.ch\/#website","url":"https:\/\/www.frauenpodiumgossau-zh.ch\/","name":"Politisches Frauenpodium Gossau ZH","description":"Z\u00e4me z Wort cho","publisher":{"@id":"https:\/\/www.frauenpodiumgossau-zh.ch\/#organization"},"potentialAction":[{"@type":"SearchAction","target":{"@type":"EntryPoint","urlTemplate":"https:\/\/www.frauenpodiumgossau-zh.ch\/?s={search_term_string}"},"query-input":{"@type":"PropertyValueSpecification","valueRequired":true,"valueName":"search_term_string"}}],"inLanguage":"de"},{"@type":"Organization","@id":"https:\/\/www.frauenpodiumgossau-zh.ch\/#organization","name":"Politisches Frauenpodium Gossau ZH","url":"https:\/\/www.frauenpodiumgossau-zh.ch\/","logo":{"@type":"ImageObject","inLanguage":"de","@id":"https:\/\/www.frauenpodiumgossau-zh.ch\/#\/schema\/logo\/image\/","url":"https:\/\/www.frauenpodiumgossau-zh.ch\/wp-content\/uploads\/2020\/01\/Frauenpodium-Logo-lila-ohne-Text.jpg","contentUrl":"https:\/\/www.frauenpodiumgossau-zh.ch\/wp-content\/uploads\/2020\/01\/Frauenpodium-Logo-lila-ohne-Text.jpg","width":1480,"height":1200,"caption":"Politisches Frauenpodium Gossau ZH"},"image":{"@id":"https:\/\/www.frauenpodiumgossau-zh.ch\/#\/schema\/logo\/image\/"}}]}},"_links":{"self":[{"href":"https:\/\/www.frauenpodiumgossau-zh.ch\/index.php\/wp-json\/wp\/v2\/pages\/290","targetHints":{"allow":["GET"]}}],"collection":[{"href":"https:\/\/www.frauenpodiumgossau-zh.ch\/index.php\/wp-json\/wp\/v2\/pages"}],"about":[{"href":"https:\/\/www.frauenpodiumgossau-zh.ch\/index.php\/wp-json\/wp\/v2\/types\/page"}],"author":[{"embeddable":true,"href":"https:\/\/www.frauenpodiumgossau-zh.ch\/index.php\/wp-json\/wp\/v2\/users\/1"}],"replies":[{"embeddable":true,"href":"https:\/\/www.frauenpodiumgossau-zh.ch\/index.php\/wp-json\/wp\/v2\/comments?post=290"}],"version-history":[{"count":7,"href":"https:\/\/www.frauenpodiumgossau-zh.ch\/index.php\/wp-json\/wp\/v2\/pages\/290\/revisions"}],"predecessor-version":[{"id":312,"href":"https:\/\/www.frauenpodiumgossau-zh.ch\/index.php\/wp-json\/wp\/v2\/pages\/290\/revisions\/312"}],"wp:featuredmedia":[{"embeddable":true,"href":"https:\/\/www.frauenpodiumgossau-zh.ch\/index.php\/wp-json\/wp\/v2\/media\/296"}],"wp:attachment":[{"href":"https:\/\/www.frauenpodiumgossau-zh.ch\/index.php\/wp-json\/wp\/v2\/media?parent=290"}],"curies":[{"name":"wp","href":"https:\/\/api.w.org\/{rel}","templated":true}]}}