{"id":371,"date":"2021-04-23T14:32:57","date_gmt":"2021-04-23T14:32:57","guid":{"rendered":"https:\/\/www.frauenpodiumgossau-zh.ch\/?page_id=371"},"modified":"2025-04-19T13:15:28","modified_gmt":"2025-04-19T13:15:28","slug":"frauen-und-maenner-in-den-gemeindebehoerden","status":"publish","type":"page","link":"https:\/\/www.frauenpodiumgossau-zh.ch\/index.php\/frauen-und-maenner-in-den-gemeindebehoerden\/","title":{"rendered":"Frauen und M\u00e4nner in den Gemeindebeh\u00f6rden"},"content":{"rendered":"\n<p class=\"wp-block-paragraph\">Die Repr\u00e4sentation der Wahlbev\u00f6lkerung in den Beh\u00f6rden ist unser wichtigstes gemeinsames Anliegen. Wie hat sich die Frauenvertretung in den Gossauer Beh\u00f6rden seit der Gr\u00fcndung 1995 entwickelt? Wie stark waren und sind die Mitglieder des Politischen Frauenpodiums in den Beh\u00f6rden pr\u00e4sent? &#8211; Gemeinderat, Schulpflege, Rechnungspr\u00fcfungskommission und Sozialbeh\u00f6rde sind in einem einzigen <a href=\"https:\/\/www.frauenpodiumgossau-zh.ch\/wp-content\/uploads\/2023\/03\/Hadorn-A_FrauenMaenner-in-den-Gemeindebehoerden-Gossau_1994-2022.pdf\">Datendiagramm <\/a>zusammengefasst. &#8222;PFP&#8220; ist das K\u00fcrzel f\u00fcr das Politische Frauenpodium.<\/p>\n\n\n\n<figure class=\"wp-block-image size-large\"><img decoding=\"async\" src=\"https:\/\/www.frauenpodiumgossau-zh.ch\/wp-content\/uploads\/2025\/04\/1994-2022-VertretungInBehoerdenMitFrauenpodium.jpg\" alt=\"\"\/><\/figure>\n","protected":false},"excerpt":{"rendered":"<p>Die Repr\u00e4sentation der Wahlbev\u00f6lkerung in den Beh\u00f6rden ist unser wichtigstes gemeinsames Anliegen. Wie hat sich die Frauenvertretung in den Gossauer Beh\u00f6rden seit der Gr\u00fcndung 1995 entwickelt? Wie stark waren und sind die Mitglieder des Politischen Frauenpodiums in den Beh\u00f6rden pr\u00e4sent? &#8211; Gemeinderat, Schulpflege, Rechnungspr\u00fcfungskommission und Sozialbeh\u00f6rde sind in einem einzigen Datendiagramm zusammengefasst. &#8222;PFP&#8220; ist das &hellip; <\/p>\n<p class=\"link-more\"><a href=\"https:\/\/www.frauenpodiumgossau-zh.ch\/index.php\/frauen-und-maenner-in-den-gemeindebehoerden\/\" class=\"more-link\"><span class=\"screen-reader-text\">\u201eFrauen und M\u00e4nner in den Gemeindebeh\u00f6rden\u201c <\/span>weiterlesen<\/a><\/p>\n","protected":false},"author":1,"featured_media":0,"parent":0,"menu_order":0,"comment_status":"closed","ping_status":"closed","template":"","meta":{"footnotes":""},"class_list":["post-371","page","type-page","status-publish","hentry"],"yoast_head":"<!-- This site is optimized with the Yoast SEO plugin v27.7 - https:\/\/yoast.com\/product\/yoast-seo-wordpress\/ -->\n<title>Frauen und M\u00e4nner in den Gemeindebeh\u00f6rden - Politisches Frauenpodium Gossau ZH<\/title>\n<meta name=\"robots\" content=\"index, follow, max-snippet:-1, max-image-preview:large, max-video-preview:-1\" \/>\n<link rel=\"canonical\" href=\"https:\/\/www.frauenpodiumgossau-zh.ch\/index.php\/frauen-und-maenner-in-den-gemeindebehoerden\/\" \/>\n<meta property=\"og:locale\" content=\"de_DE\" \/>\n<meta property=\"og:type\" content=\"article\" \/>\n<meta property=\"og:title\" content=\"Frauen und M\u00e4nner in den Gemeindebeh\u00f6rden - Politisches Frauenpodium Gossau ZH\" \/>\n<meta property=\"og:description\" content=\"Die Repr\u00e4sentation der Wahlbev\u00f6lkerung in den Beh\u00f6rden ist unser wichtigstes gemeinsames Anliegen. Wie hat sich die Frauenvertretung in den Gossauer Beh\u00f6rden seit der Gr\u00fcndung 1995 entwickelt? Wie stark waren und sind die Mitglieder des Politischen Frauenpodiums in den Beh\u00f6rden pr\u00e4sent? &#8211; Gemeinderat, Schulpflege, Rechnungspr\u00fcfungskommission und Sozialbeh\u00f6rde sind in einem einzigen Datendiagramm zusammengefasst. &#8222;PFP&#8220; ist das &hellip; \u201eFrauen und M\u00e4nner in den Gemeindebeh\u00f6rden\u201c weiterlesen\" \/>\n<meta property=\"og:url\" content=\"https:\/\/www.frauenpodiumgossau-zh.ch\/index.php\/frauen-und-maenner-in-den-gemeindebehoerden\/\" \/>\n<meta property=\"og:site_name\" content=\"Politisches Frauenpodium Gossau ZH\" \/>\n<meta property=\"article:modified_time\" content=\"2025-04-19T13:15:28+00:00\" \/>\n<meta property=\"og:image\" content=\"https:\/\/www.frauenpodiumgossau-zh.ch\/wp-content\/uploads\/2025\/04\/1994-2022-VertretungInBehoerdenMitFrauenpodium.jpg\" \/>\n<meta name=\"twitter:card\" content=\"summary_large_image\" \/>\n<script type=\"application\/ld+json\" class=\"yoast-schema-graph\">{\"@context\":\"https:\\\/\\\/schema.org\",\"@graph\":[{\"@type\":\"WebPage\",\"@id\":\"https:\\\/\\\/www.frauenpodiumgossau-zh.ch\\\/index.php\\\/frauen-und-maenner-in-den-gemeindebehoerden\\\/\",\"url\":\"https:\\\/\\\/www.frauenpodiumgossau-zh.ch\\\/index.php\\\/frauen-und-maenner-in-den-gemeindebehoerden\\\/\",\"name\":\"Frauen und M\u00e4nner in den Gemeindebeh\u00f6rden - Politisches Frauenpodium Gossau ZH\",\"isPartOf\":{\"@id\":\"https:\\\/\\\/www.frauenpodiumgossau-zh.ch\\\/#website\"},\"primaryImageOfPage\":{\"@id\":\"https:\\\/\\\/www.frauenpodiumgossau-zh.ch\\\/index.php\\\/frauen-und-maenner-in-den-gemeindebehoerden\\\/#primaryimage\"},\"image\":{\"@id\":\"https:\\\/\\\/www.frauenpodiumgossau-zh.ch\\\/index.php\\\/frauen-und-maenner-in-den-gemeindebehoerden\\\/#primaryimage\"},\"thumbnailUrl\":\"https:\\\/\\\/www.frauenpodiumgossau-zh.ch\\\/wp-content\\\/uploads\\\/2025\\\/04\\\/1994-2022-VertretungInBehoerdenMitFrauenpodium.jpg\",\"datePublished\":\"2021-04-23T14:32:57+00:00\",\"dateModified\":\"2025-04-19T13:15:28+00:00\",\"breadcrumb\":{\"@id\":\"https:\\\/\\\/www.frauenpodiumgossau-zh.ch\\\/index.php\\\/frauen-und-maenner-in-den-gemeindebehoerden\\\/#breadcrumb\"},\"inLanguage\":\"de\",\"potentialAction\":[{\"@type\":\"ReadAction\",\"target\":[\"https:\\\/\\\/www.frauenpodiumgossau-zh.ch\\\/index.php\\\/frauen-und-maenner-in-den-gemeindebehoerden\\\/\"]}]},{\"@type\":\"ImageObject\",\"inLanguage\":\"de\",\"@id\":\"https:\\\/\\\/www.frauenpodiumgossau-zh.ch\\\/index.php\\\/frauen-und-maenner-in-den-gemeindebehoerden\\\/#primaryimage\",\"url\":\"https:\\\/\\\/www.frauenpodiumgossau-zh.ch\\\/wp-content\\\/uploads\\\/2025\\\/04\\\/1994-2022-VertretungInBehoerdenMitFrauenpodium.jpg\",\"contentUrl\":\"https:\\\/\\\/www.frauenpodiumgossau-zh.ch\\\/wp-content\\\/uploads\\\/2025\\\/04\\\/1994-2022-VertretungInBehoerdenMitFrauenpodium.jpg\",\"width\":1040,\"height\":720},{\"@type\":\"BreadcrumbList\",\"@id\":\"https:\\\/\\\/www.frauenpodiumgossau-zh.ch\\\/index.php\\\/frauen-und-maenner-in-den-gemeindebehoerden\\\/#breadcrumb\",\"itemListElement\":[{\"@type\":\"ListItem\",\"position\":1,\"name\":\"Startseite\",\"item\":\"https:\\\/\\\/www.frauenpodiumgossau-zh.ch\\\/\"},{\"@type\":\"ListItem\",\"position\":2,\"name\":\"Frauen und M\u00e4nner in den Gemeindebeh\u00f6rden\"}]},{\"@type\":\"WebSite\",\"@id\":\"https:\\\/\\\/www.frauenpodiumgossau-zh.ch\\\/#website\",\"url\":\"https:\\\/\\\/www.frauenpodiumgossau-zh.ch\\\/\",\"name\":\"Politisches Frauenpodium Gossau ZH\",\"description\":\"Z\u00e4me z Wort cho\",\"publisher\":{\"@id\":\"https:\\\/\\\/www.frauenpodiumgossau-zh.ch\\\/#organization\"},\"potentialAction\":[{\"@type\":\"SearchAction\",\"target\":{\"@type\":\"EntryPoint\",\"urlTemplate\":\"https:\\\/\\\/www.frauenpodiumgossau-zh.ch\\\/?s={search_term_string}\"},\"query-input\":{\"@type\":\"PropertyValueSpecification\",\"valueRequired\":true,\"valueName\":\"search_term_string\"}}],\"inLanguage\":\"de\"},{\"@type\":\"Organization\",\"@id\":\"https:\\\/\\\/www.frauenpodiumgossau-zh.ch\\\/#organization\",\"name\":\"Politisches Frauenpodium Gossau ZH\",\"url\":\"https:\\\/\\\/www.frauenpodiumgossau-zh.ch\\\/\",\"logo\":{\"@type\":\"ImageObject\",\"inLanguage\":\"de\",\"@id\":\"https:\\\/\\\/www.frauenpodiumgossau-zh.ch\\\/#\\\/schema\\\/logo\\\/image\\\/\",\"url\":\"https:\\\/\\\/www.frauenpodiumgossau-zh.ch\\\/wp-content\\\/uploads\\\/2020\\\/01\\\/Frauenpodium-Logo-lila-ohne-Text.jpg\",\"contentUrl\":\"https:\\\/\\\/www.frauenpodiumgossau-zh.ch\\\/wp-content\\\/uploads\\\/2020\\\/01\\\/Frauenpodium-Logo-lila-ohne-Text.jpg\",\"width\":1480,\"height\":1200,\"caption\":\"Politisches Frauenpodium Gossau ZH\"},\"image\":{\"@id\":\"https:\\\/\\\/www.frauenpodiumgossau-zh.ch\\\/#\\\/schema\\\/logo\\\/image\\\/\"}}]}<\/script>\n<!-- \/ Yoast SEO plugin. -->","yoast_head_json":{"title":"Frauen und M\u00e4nner in den Gemeindebeh\u00f6rden - Politisches Frauenpodium Gossau ZH","robots":{"index":"index","follow":"follow","max-snippet":"max-snippet:-1","max-image-preview":"max-image-preview:large","max-video-preview":"max-video-preview:-1"},"canonical":"https:\/\/www.frauenpodiumgossau-zh.ch\/index.php\/frauen-und-maenner-in-den-gemeindebehoerden\/","og_locale":"de_DE","og_type":"article","og_title":"Frauen und M\u00e4nner in den Gemeindebeh\u00f6rden - Politisches Frauenpodium Gossau ZH","og_description":"Die Repr\u00e4sentation der Wahlbev\u00f6lkerung in den Beh\u00f6rden ist unser wichtigstes gemeinsames Anliegen. Wie hat sich die Frauenvertretung in den Gossauer Beh\u00f6rden seit der Gr\u00fcndung 1995 entwickelt? Wie stark waren und sind die Mitglieder des Politischen Frauenpodiums in den Beh\u00f6rden pr\u00e4sent? &#8211; Gemeinderat, Schulpflege, Rechnungspr\u00fcfungskommission und Sozialbeh\u00f6rde sind in einem einzigen Datendiagramm zusammengefasst. &#8222;PFP&#8220; ist das &hellip; \u201eFrauen und M\u00e4nner in den Gemeindebeh\u00f6rden\u201c weiterlesen","og_url":"https:\/\/www.frauenpodiumgossau-zh.ch\/index.php\/frauen-und-maenner-in-den-gemeindebehoerden\/","og_site_name":"Politisches Frauenpodium Gossau ZH","article_modified_time":"2025-04-19T13:15:28+00:00","og_image":[{"url":"https:\/\/www.frauenpodiumgossau-zh.ch\/wp-content\/uploads\/2025\/04\/1994-2022-VertretungInBehoerdenMitFrauenpodium.jpg","type":"","width":"","height":""}],"twitter_card":"summary_large_image","schema":{"@context":"https:\/\/schema.org","@graph":[{"@type":"WebPage","@id":"https:\/\/www.frauenpodiumgossau-zh.ch\/index.php\/frauen-und-maenner-in-den-gemeindebehoerden\/","url":"https:\/\/www.frauenpodiumgossau-zh.ch\/index.php\/frauen-und-maenner-in-den-gemeindebehoerden\/","name":"Frauen und M\u00e4nner in den Gemeindebeh\u00f6rden - Politisches Frauenpodium Gossau ZH","isPartOf":{"@id":"https:\/\/www.frauenpodiumgossau-zh.ch\/#website"},"primaryImageOfPage":{"@id":"https:\/\/www.frauenpodiumgossau-zh.ch\/index.php\/frauen-und-maenner-in-den-gemeindebehoerden\/#primaryimage"},"image":{"@id":"https:\/\/www.frauenpodiumgossau-zh.ch\/index.php\/frauen-und-maenner-in-den-gemeindebehoerden\/#primaryimage"},"thumbnailUrl":"https:\/\/www.frauenpodiumgossau-zh.ch\/wp-content\/uploads\/2025\/04\/1994-2022-VertretungInBehoerdenMitFrauenpodium.jpg","datePublished":"2021-04-23T14:32:57+00:00","dateModified":"2025-04-19T13:15:28+00:00","breadcrumb":{"@id":"https:\/\/www.frauenpodiumgossau-zh.ch\/index.php\/frauen-und-maenner-in-den-gemeindebehoerden\/#breadcrumb"},"inLanguage":"de","potentialAction":[{"@type":"ReadAction","target":["https:\/\/www.frauenpodiumgossau-zh.ch\/index.php\/frauen-und-maenner-in-den-gemeindebehoerden\/"]}]},{"@type":"ImageObject","inLanguage":"de","@id":"https:\/\/www.frauenpodiumgossau-zh.ch\/index.php\/frauen-und-maenner-in-den-gemeindebehoerden\/#primaryimage","url":"https:\/\/www.frauenpodiumgossau-zh.ch\/wp-content\/uploads\/2025\/04\/1994-2022-VertretungInBehoerdenMitFrauenpodium.jpg","contentUrl":"https:\/\/www.frauenpodiumgossau-zh.ch\/wp-content\/uploads\/2025\/04\/1994-2022-VertretungInBehoerdenMitFrauenpodium.jpg","width":1040,"height":720},{"@type":"BreadcrumbList","@id":"https:\/\/www.frauenpodiumgossau-zh.ch\/index.php\/frauen-und-maenner-in-den-gemeindebehoerden\/#breadcrumb","itemListElement":[{"@type":"ListItem","position":1,"name":"Startseite","item":"https:\/\/www.frauenpodiumgossau-zh.ch\/"},{"@type":"ListItem","position":2,"name":"Frauen und M\u00e4nner in den Gemeindebeh\u00f6rden"}]},{"@type":"WebSite","@id":"https:\/\/www.frauenpodiumgossau-zh.ch\/#website","url":"https:\/\/www.frauenpodiumgossau-zh.ch\/","name":"Politisches Frauenpodium Gossau ZH","description":"Z\u00e4me z Wort cho","publisher":{"@id":"https:\/\/www.frauenpodiumgossau-zh.ch\/#organization"},"potentialAction":[{"@type":"SearchAction","target":{"@type":"EntryPoint","urlTemplate":"https:\/\/www.frauenpodiumgossau-zh.ch\/?s={search_term_string}"},"query-input":{"@type":"PropertyValueSpecification","valueRequired":true,"valueName":"search_term_string"}}],"inLanguage":"de"},{"@type":"Organization","@id":"https:\/\/www.frauenpodiumgossau-zh.ch\/#organization","name":"Politisches Frauenpodium Gossau ZH","url":"https:\/\/www.frauenpodiumgossau-zh.ch\/","logo":{"@type":"ImageObject","inLanguage":"de","@id":"https:\/\/www.frauenpodiumgossau-zh.ch\/#\/schema\/logo\/image\/","url":"https:\/\/www.frauenpodiumgossau-zh.ch\/wp-content\/uploads\/2020\/01\/Frauenpodium-Logo-lila-ohne-Text.jpg","contentUrl":"https:\/\/www.frauenpodiumgossau-zh.ch\/wp-content\/uploads\/2020\/01\/Frauenpodium-Logo-lila-ohne-Text.jpg","width":1480,"height":1200,"caption":"Politisches Frauenpodium Gossau ZH"},"image":{"@id":"https:\/\/www.frauenpodiumgossau-zh.ch\/#\/schema\/logo\/image\/"}}]}},"_links":{"self":[{"href":"https:\/\/www.frauenpodiumgossau-zh.ch\/index.php\/wp-json\/wp\/v2\/pages\/371","targetHints":{"allow":["GET"]}}],"collection":[{"href":"https:\/\/www.frauenpodiumgossau-zh.ch\/index.php\/wp-json\/wp\/v2\/pages"}],"about":[{"href":"https:\/\/www.frauenpodiumgossau-zh.ch\/index.php\/wp-json\/wp\/v2\/types\/page"}],"author":[{"embeddable":true,"href":"https:\/\/www.frauenpodiumgossau-zh.ch\/index.php\/wp-json\/wp\/v2\/users\/1"}],"replies":[{"embeddable":true,"href":"https:\/\/www.frauenpodiumgossau-zh.ch\/index.php\/wp-json\/wp\/v2\/comments?post=371"}],"version-history":[{"count":7,"href":"https:\/\/www.frauenpodiumgossau-zh.ch\/index.php\/wp-json\/wp\/v2\/pages\/371\/revisions"}],"predecessor-version":[{"id":919,"href":"https:\/\/www.frauenpodiumgossau-zh.ch\/index.php\/wp-json\/wp\/v2\/pages\/371\/revisions\/919"}],"wp:attachment":[{"href":"https:\/\/www.frauenpodiumgossau-zh.ch\/index.php\/wp-json\/wp\/v2\/media?parent=371"}],"curies":[{"name":"wp","href":"https:\/\/api.w.org\/{rel}","templated":true}]}}