{"id":380,"date":"2021-04-23T14:57:27","date_gmt":"2021-04-23T14:57:27","guid":{"rendered":"https:\/\/www.frauenpodiumgossau-zh.ch\/?page_id=380"},"modified":"2026-05-31T17:39:00","modified_gmt":"2026-05-31T17:39:00","slug":"geschichte-1994-bis-2009","status":"publish","type":"page","link":"https:\/\/www.frauenpodiumgossau-zh.ch\/index.php\/ueber-uns\/geschichte-1994-bis-2009\/","title":{"rendered":"Unsere Geschichte"},"content":{"rendered":"\n<p class=\"wp-block-paragraph\">Im Herbst 1993 nominierte die SP Gossau Vroni Mazenauer als Mitglied des Gemeinderates. Den SP-Frauen war klar, dass es f\u00fcr eine Frau und f\u00fcr eine linke Frau ganz besonders, schwierig sein w\u00fcrde, in diese von M\u00e4nnern dominierte Beh\u00f6rde gew\u00e4hlt zu werden. Im Dezember des gleichen Jahres beschlossen Vroni Mazenauer und Elisabeth M\u00fcnger, dass die Frauen einen eigenen frauenspezifischen Wahlkampf f\u00fchren m\u00fcssten. Die SP-Frauen suchten deshalb Frauen von ausserhalb der Partei, die an Frauenpolitik interessiert und gleichzeitig bereit waren, sich f\u00fcr die Wahl von Vroni Mazenauer und der vier weiteren Kandidatinnen der SP f\u00fcr Beh\u00f6rden\u00e4mter zu engagieren. Laut Pr\u00e4senzliste nahmen 17 Frauen an der ersten erweiterten Sitzung am 21. Januar 1994 teil. Da die Zeit dr\u00e4ngte, war es nicht m\u00f6glich, s\u00e4mtliche Kandidatinnen f\u00fcr Beh\u00f6rden\u00e4mter in der Gemeinde anzufragen, ob sie Unterst\u00fctzung w\u00fcnschten. Dies f\u00fchrte dann auch anf\u00e4nglich zu einigen Spannungen.<\/p>\n\n\n\n<p class=\"wp-block-paragraph\">Es wurde beschlossen, die lose Gruppe vorl\u00e4ufig \u201eFrauenforum\u201c zu nennen. Da es sich herausstellte, dass dieser Name schon besetzt war, einigten wir uns in einer sp\u00e4teren Sitzung auf \u201ePolitisches Frauenpodium Gossau\u201c. Diesen Namen tr\u00e4gt unser Verein auch heute noch. Von Anfang an war klar, dass Frauen verschiedenster politischer Ausrichtungen und vor allem parteilose Frauen in unserem Verein Platz finden sollten. Unter anderem ging und geht es darum, Frauen f\u00fcr die kommunale Politik zu interessieren und zu ermutigen, sich f\u00fcr \u00c4mter zur Verf\u00fcgung zu stellen.<\/p>\n\n\n\n<p class=\"wp-block-paragraph\">Die erste Sitzung war von Aufbruchstimmung gepr\u00e4gt. Es wurden Standaktionen, pers\u00f6nliche Werbekampagnen, Flugbl\u00e4tter und Zeitungsberichte geplant und ausgef\u00fchrt. Der Wahlkampf war recht erfolgreich, nur eine Kandidatin wurde, mit wenigen fehlenden Stimmen, nicht gew\u00e4hlt.<\/p>\n\n\n\n<p class=\"wp-block-paragraph\">Nach den Wahlen ging es darum, in welcher Form und mit welchen Zielen das Politische Frauenpodium weiter bestehen sollte. Die Zahl der interessierten Frauen nahm bei jeder Sitzung zu. In Gruppenarbeiten wurden Inhalte und Ziele erarbeitet.<\/p>\n\n\n\n<p class=\"wp-block-paragraph\">Ein Jahresprogramm wurde erstellt und zwei Frauen nahmen an einer Veranstaltung des Frauen-Info-Netzes teil, um sich \u00fcber Strukturen anderer Frauengruppierungen zu informieren. Das Frauenpodium hatte sich auf den Weg gemacht!<\/p>\n\n\n\n<p class=\"wp-block-paragraph\">Im Herbst 1994 wurde beschlossen, den Verein \u201ePolitisches Frauenpodium Gossau\u201c zu gr\u00fcnden, mit Statuten und Strukturen, die es erm\u00f6glichten, in einer anderen Form als bisher an die \u00d6ffentlichkeit zu treten.<\/p>\n\n\n\n<p class=\"wp-block-paragraph\">Die Vereinsgr\u00fcndung fand am 11. Januar 1995 statt.<\/p>\n\n\n\n<p class=\"has-text-align-right wp-block-paragraph\">Marie-Therese Ledermann, Gr\u00fcndungsmitglied<\/p>\n\n\n\n<p class=\"wp-block-paragraph\">Es folgt ein R\u00fcckblick der Vereinst\u00e4tigkeiten von 1994 bis 2009, erz\u00e4hlt von Pia Bianco, Co-Pr\u00e4sidentin bis 2011. <\/p>\n\n\n\n<div class=\"wp-block-buttons is-layout-flex wp-block-buttons-is-layout-flex\">\n<div class=\"wp-block-button\"><a class=\"wp-block-button__link wp-element-button\" href=\"https:\/\/www.frauenpodiumgossau-zh.ch\/wp-content\/uploads\/2021\/04\/Bianco_Pia_Geschichte_Frauenpodium_1994-2009.pdf\">zum R\u00fcckblick<\/a><\/div>\n<\/div>\n\n\n\n<p class=\"wp-block-paragraph\"><\/p>\n\n\n\n<p class=\"wp-block-paragraph\"><\/p>\n","protected":false},"excerpt":{"rendered":"<p>Im Herbst 1993 nominierte die SP Gossau Vroni Mazenauer als Mitglied des Gemeinderates. Den SP-Frauen war klar, dass es f\u00fcr eine Frau und f\u00fcr eine linke Frau ganz besonders, schwierig sein w\u00fcrde, in diese von M\u00e4nnern dominierte Beh\u00f6rde gew\u00e4hlt zu werden. Im Dezember des gleichen Jahres beschlossen Vroni Mazenauer und Elisabeth M\u00fcnger, dass die Frauen &hellip; <\/p>\n<p class=\"link-more\"><a href=\"https:\/\/www.frauenpodiumgossau-zh.ch\/index.php\/ueber-uns\/geschichte-1994-bis-2009\/\" class=\"more-link\"><span class=\"screen-reader-text\">\u201eUnsere Geschichte\u201c <\/span>weiterlesen<\/a><\/p>\n","protected":false},"author":1,"featured_media":0,"parent":10,"menu_order":0,"comment_status":"closed","ping_status":"closed","template":"","meta":{"footnotes":""},"class_list":["post-380","page","type-page","status-publish","hentry"],"yoast_head":"<!-- This site is optimized with the Yoast SEO plugin v27.7 - https:\/\/yoast.com\/product\/yoast-seo-wordpress\/ -->\n<title>Unsere Geschichte - Politisches Frauenpodium Gossau ZH<\/title>\n<meta name=\"robots\" content=\"index, follow, max-snippet:-1, max-image-preview:large, max-video-preview:-1\" \/>\n<link rel=\"canonical\" href=\"https:\/\/www.frauenpodiumgossau-zh.ch\/index.php\/ueber-uns\/geschichte-1994-bis-2009\/\" \/>\n<meta property=\"og:locale\" content=\"de_DE\" \/>\n<meta property=\"og:type\" content=\"article\" \/>\n<meta property=\"og:title\" content=\"Unsere Geschichte - Politisches Frauenpodium Gossau ZH\" \/>\n<meta property=\"og:description\" content=\"Im Herbst 1993 nominierte die SP Gossau Vroni Mazenauer als Mitglied des Gemeinderates. Den SP-Frauen war klar, dass es f\u00fcr eine Frau und f\u00fcr eine linke Frau ganz besonders, schwierig sein w\u00fcrde, in diese von M\u00e4nnern dominierte Beh\u00f6rde gew\u00e4hlt zu werden. Im Dezember des gleichen Jahres beschlossen Vroni Mazenauer und Elisabeth M\u00fcnger, dass die Frauen &hellip; \u201eUnsere Geschichte\u201c weiterlesen\" \/>\n<meta property=\"og:url\" content=\"https:\/\/www.frauenpodiumgossau-zh.ch\/index.php\/ueber-uns\/geschichte-1994-bis-2009\/\" \/>\n<meta property=\"og:site_name\" content=\"Politisches Frauenpodium Gossau ZH\" \/>\n<meta property=\"article:modified_time\" content=\"2026-05-31T17:39:00+00:00\" \/>\n<meta name=\"twitter:card\" content=\"summary_large_image\" \/>\n<meta name=\"twitter:label1\" content=\"Gesch\u00e4tzte Lesezeit\" \/>\n\t<meta name=\"twitter:data1\" content=\"3\u00a0Minuten\" \/>\n<script type=\"application\/ld+json\" class=\"yoast-schema-graph\">{\"@context\":\"https:\\\/\\\/schema.org\",\"@graph\":[{\"@type\":\"WebPage\",\"@id\":\"https:\\\/\\\/www.frauenpodiumgossau-zh.ch\\\/index.php\\\/ueber-uns\\\/geschichte-1994-bis-2009\\\/\",\"url\":\"https:\\\/\\\/www.frauenpodiumgossau-zh.ch\\\/index.php\\\/ueber-uns\\\/geschichte-1994-bis-2009\\\/\",\"name\":\"Unsere Geschichte - Politisches Frauenpodium Gossau ZH\",\"isPartOf\":{\"@id\":\"https:\\\/\\\/www.frauenpodiumgossau-zh.ch\\\/#website\"},\"datePublished\":\"2021-04-23T14:57:27+00:00\",\"dateModified\":\"2026-05-31T17:39:00+00:00\",\"breadcrumb\":{\"@id\":\"https:\\\/\\\/www.frauenpodiumgossau-zh.ch\\\/index.php\\\/ueber-uns\\\/geschichte-1994-bis-2009\\\/#breadcrumb\"},\"inLanguage\":\"de\",\"potentialAction\":[{\"@type\":\"ReadAction\",\"target\":[\"https:\\\/\\\/www.frauenpodiumgossau-zh.ch\\\/index.php\\\/ueber-uns\\\/geschichte-1994-bis-2009\\\/\"]}]},{\"@type\":\"BreadcrumbList\",\"@id\":\"https:\\\/\\\/www.frauenpodiumgossau-zh.ch\\\/index.php\\\/ueber-uns\\\/geschichte-1994-bis-2009\\\/#breadcrumb\",\"itemListElement\":[{\"@type\":\"ListItem\",\"position\":1,\"name\":\"Startseite\",\"item\":\"https:\\\/\\\/www.frauenpodiumgossau-zh.ch\\\/\"},{\"@type\":\"ListItem\",\"position\":2,\"name\":\"\u00dcber uns\",\"item\":\"https:\\\/\\\/www.frauenpodiumgossau-zh.ch\\\/index.php\\\/ueber-uns\\\/\"},{\"@type\":\"ListItem\",\"position\":3,\"name\":\"Unsere Geschichte\"}]},{\"@type\":\"WebSite\",\"@id\":\"https:\\\/\\\/www.frauenpodiumgossau-zh.ch\\\/#website\",\"url\":\"https:\\\/\\\/www.frauenpodiumgossau-zh.ch\\\/\",\"name\":\"Politisches Frauenpodium Gossau ZH\",\"description\":\"Z\u00e4me z Wort cho\",\"publisher\":{\"@id\":\"https:\\\/\\\/www.frauenpodiumgossau-zh.ch\\\/#organization\"},\"potentialAction\":[{\"@type\":\"SearchAction\",\"target\":{\"@type\":\"EntryPoint\",\"urlTemplate\":\"https:\\\/\\\/www.frauenpodiumgossau-zh.ch\\\/?s={search_term_string}\"},\"query-input\":{\"@type\":\"PropertyValueSpecification\",\"valueRequired\":true,\"valueName\":\"search_term_string\"}}],\"inLanguage\":\"de\"},{\"@type\":\"Organization\",\"@id\":\"https:\\\/\\\/www.frauenpodiumgossau-zh.ch\\\/#organization\",\"name\":\"Politisches Frauenpodium Gossau ZH\",\"url\":\"https:\\\/\\\/www.frauenpodiumgossau-zh.ch\\\/\",\"logo\":{\"@type\":\"ImageObject\",\"inLanguage\":\"de\",\"@id\":\"https:\\\/\\\/www.frauenpodiumgossau-zh.ch\\\/#\\\/schema\\\/logo\\\/image\\\/\",\"url\":\"https:\\\/\\\/www.frauenpodiumgossau-zh.ch\\\/wp-content\\\/uploads\\\/2020\\\/01\\\/Frauenpodium-Logo-lila-ohne-Text.jpg\",\"contentUrl\":\"https:\\\/\\\/www.frauenpodiumgossau-zh.ch\\\/wp-content\\\/uploads\\\/2020\\\/01\\\/Frauenpodium-Logo-lila-ohne-Text.jpg\",\"width\":1480,\"height\":1200,\"caption\":\"Politisches Frauenpodium Gossau ZH\"},\"image\":{\"@id\":\"https:\\\/\\\/www.frauenpodiumgossau-zh.ch\\\/#\\\/schema\\\/logo\\\/image\\\/\"}}]}<\/script>\n<!-- \/ Yoast SEO plugin. -->","yoast_head_json":{"title":"Unsere Geschichte - Politisches Frauenpodium Gossau ZH","robots":{"index":"index","follow":"follow","max-snippet":"max-snippet:-1","max-image-preview":"max-image-preview:large","max-video-preview":"max-video-preview:-1"},"canonical":"https:\/\/www.frauenpodiumgossau-zh.ch\/index.php\/ueber-uns\/geschichte-1994-bis-2009\/","og_locale":"de_DE","og_type":"article","og_title":"Unsere Geschichte - Politisches Frauenpodium Gossau ZH","og_description":"Im Herbst 1993 nominierte die SP Gossau Vroni Mazenauer als Mitglied des Gemeinderates. Den SP-Frauen war klar, dass es f\u00fcr eine Frau und f\u00fcr eine linke Frau ganz besonders, schwierig sein w\u00fcrde, in diese von M\u00e4nnern dominierte Beh\u00f6rde gew\u00e4hlt zu werden. Im Dezember des gleichen Jahres beschlossen Vroni Mazenauer und Elisabeth M\u00fcnger, dass die Frauen &hellip; \u201eUnsere Geschichte\u201c weiterlesen","og_url":"https:\/\/www.frauenpodiumgossau-zh.ch\/index.php\/ueber-uns\/geschichte-1994-bis-2009\/","og_site_name":"Politisches Frauenpodium Gossau ZH","article_modified_time":"2026-05-31T17:39:00+00:00","twitter_card":"summary_large_image","twitter_misc":{"Gesch\u00e4tzte Lesezeit":"3\u00a0Minuten"},"schema":{"@context":"https:\/\/schema.org","@graph":[{"@type":"WebPage","@id":"https:\/\/www.frauenpodiumgossau-zh.ch\/index.php\/ueber-uns\/geschichte-1994-bis-2009\/","url":"https:\/\/www.frauenpodiumgossau-zh.ch\/index.php\/ueber-uns\/geschichte-1994-bis-2009\/","name":"Unsere Geschichte - Politisches Frauenpodium Gossau ZH","isPartOf":{"@id":"https:\/\/www.frauenpodiumgossau-zh.ch\/#website"},"datePublished":"2021-04-23T14:57:27+00:00","dateModified":"2026-05-31T17:39:00+00:00","breadcrumb":{"@id":"https:\/\/www.frauenpodiumgossau-zh.ch\/index.php\/ueber-uns\/geschichte-1994-bis-2009\/#breadcrumb"},"inLanguage":"de","potentialAction":[{"@type":"ReadAction","target":["https:\/\/www.frauenpodiumgossau-zh.ch\/index.php\/ueber-uns\/geschichte-1994-bis-2009\/"]}]},{"@type":"BreadcrumbList","@id":"https:\/\/www.frauenpodiumgossau-zh.ch\/index.php\/ueber-uns\/geschichte-1994-bis-2009\/#breadcrumb","itemListElement":[{"@type":"ListItem","position":1,"name":"Startseite","item":"https:\/\/www.frauenpodiumgossau-zh.ch\/"},{"@type":"ListItem","position":2,"name":"\u00dcber uns","item":"https:\/\/www.frauenpodiumgossau-zh.ch\/index.php\/ueber-uns\/"},{"@type":"ListItem","position":3,"name":"Unsere Geschichte"}]},{"@type":"WebSite","@id":"https:\/\/www.frauenpodiumgossau-zh.ch\/#website","url":"https:\/\/www.frauenpodiumgossau-zh.ch\/","name":"Politisches Frauenpodium Gossau ZH","description":"Z\u00e4me z Wort cho","publisher":{"@id":"https:\/\/www.frauenpodiumgossau-zh.ch\/#organization"},"potentialAction":[{"@type":"SearchAction","target":{"@type":"EntryPoint","urlTemplate":"https:\/\/www.frauenpodiumgossau-zh.ch\/?s={search_term_string}"},"query-input":{"@type":"PropertyValueSpecification","valueRequired":true,"valueName":"search_term_string"}}],"inLanguage":"de"},{"@type":"Organization","@id":"https:\/\/www.frauenpodiumgossau-zh.ch\/#organization","name":"Politisches Frauenpodium Gossau ZH","url":"https:\/\/www.frauenpodiumgossau-zh.ch\/","logo":{"@type":"ImageObject","inLanguage":"de","@id":"https:\/\/www.frauenpodiumgossau-zh.ch\/#\/schema\/logo\/image\/","url":"https:\/\/www.frauenpodiumgossau-zh.ch\/wp-content\/uploads\/2020\/01\/Frauenpodium-Logo-lila-ohne-Text.jpg","contentUrl":"https:\/\/www.frauenpodiumgossau-zh.ch\/wp-content\/uploads\/2020\/01\/Frauenpodium-Logo-lila-ohne-Text.jpg","width":1480,"height":1200,"caption":"Politisches Frauenpodium Gossau ZH"},"image":{"@id":"https:\/\/www.frauenpodiumgossau-zh.ch\/#\/schema\/logo\/image\/"}}]}},"_links":{"self":[{"href":"https:\/\/www.frauenpodiumgossau-zh.ch\/index.php\/wp-json\/wp\/v2\/pages\/380","targetHints":{"allow":["GET"]}}],"collection":[{"href":"https:\/\/www.frauenpodiumgossau-zh.ch\/index.php\/wp-json\/wp\/v2\/pages"}],"about":[{"href":"https:\/\/www.frauenpodiumgossau-zh.ch\/index.php\/wp-json\/wp\/v2\/types\/page"}],"author":[{"embeddable":true,"href":"https:\/\/www.frauenpodiumgossau-zh.ch\/index.php\/wp-json\/wp\/v2\/users\/1"}],"replies":[{"embeddable":true,"href":"https:\/\/www.frauenpodiumgossau-zh.ch\/index.php\/wp-json\/wp\/v2\/comments?post=380"}],"version-history":[{"count":5,"href":"https:\/\/www.frauenpodiumgossau-zh.ch\/index.php\/wp-json\/wp\/v2\/pages\/380\/revisions"}],"predecessor-version":[{"id":1339,"href":"https:\/\/www.frauenpodiumgossau-zh.ch\/index.php\/wp-json\/wp\/v2\/pages\/380\/revisions\/1339"}],"up":[{"embeddable":true,"href":"https:\/\/www.frauenpodiumgossau-zh.ch\/index.php\/wp-json\/wp\/v2\/pages\/10"}],"wp:attachment":[{"href":"https:\/\/www.frauenpodiumgossau-zh.ch\/index.php\/wp-json\/wp\/v2\/media?parent=380"}],"curies":[{"name":"wp","href":"https:\/\/api.w.org\/{rel}","templated":true}]}}