{"id":393,"date":"2021-05-13T09:59:55","date_gmt":"2021-05-13T09:59:55","guid":{"rendered":"https:\/\/www.frauenpodiumgossau-zh.ch\/?page_id=393"},"modified":"2026-08-28T09:14:29","modified_gmt":"2026-08-28T09:14:29","slug":"unsere-mitglieder-in-den-behoerden","status":"publish","type":"page","link":"https:\/\/www.frauenpodiumgossau-zh.ch\/index.php\/unsere-mitglieder-in-den-behoerden\/","title":{"rendered":"Frauen in den Beh\u00f6rden aktuell"},"content":{"rendered":"\n<div class=\"wp-block-media-text alignwide is-stacked-on-mobile\"><figure class=\"wp-block-media-text__media\"><img loading=\"lazy\" decoding=\"async\" width=\"962\" height=\"962\" src=\"https:\/\/www.frauenpodiumgossau-zh.ch\/wp-content\/uploads\/2020\/08\/IMG_2710GislerA-s.jpg\" alt=\"\" class=\"wp-image-219 size-full\" srcset=\"https:\/\/www.frauenpodiumgossau-zh.ch\/wp-content\/uploads\/2020\/08\/IMG_2710GislerA-s.jpg 962w, https:\/\/www.frauenpodiumgossau-zh.ch\/wp-content\/uploads\/2020\/08\/IMG_2710GislerA-s-300x300.jpg 300w, https:\/\/www.frauenpodiumgossau-zh.ch\/wp-content\/uploads\/2020\/08\/IMG_2710GislerA-s-150x150.jpg 150w, https:\/\/www.frauenpodiumgossau-zh.ch\/wp-content\/uploads\/2020\/08\/IMG_2710GislerA-s-768x768.jpg 768w, https:\/\/www.frauenpodiumgossau-zh.ch\/wp-content\/uploads\/2020\/08\/IMG_2710GislerA-s-100x100.jpg 100w\" sizes=\"auto, (max-width: 767px) 89vw, (max-width: 1000px) 54vw, (max-width: 1071px) 543px, 580px\" \/><\/figure><div class=\"wp-block-media-text__content\">\n<h4 class=\"wp-block-heading\" style=\"font-size:30px\">Andrea Gisler<\/h4>\n\n\n\n<p class=\"wp-block-paragraph\">Kantonsr\u00e4tin<br>2019 &#8211; heute<\/p>\n<\/div><\/div>\n\n\n\n<div class=\"wp-block-media-text alignwide is-stacked-on-mobile\"><figure class=\"wp-block-media-text__media\"><img loading=\"lazy\" decoding=\"async\" width=\"1024\" height=\"935\" src=\"https:\/\/www.frauenpodiumgossau-zh.ch\/wp-content\/uploads\/2026\/08\/Portrait_Sylvia_mit-Hintergrund-1024x935.jpg\" alt=\"\" class=\"wp-image-1363 size-full\" srcset=\"https:\/\/www.frauenpodiumgossau-zh.ch\/wp-content\/uploads\/2026\/08\/Portrait_Sylvia_mit-Hintergrund-1024x935.jpg 1024w, https:\/\/www.frauenpodiumgossau-zh.ch\/wp-content\/uploads\/2026\/08\/Portrait_Sylvia_mit-Hintergrund-300x274.jpg 300w, https:\/\/www.frauenpodiumgossau-zh.ch\/wp-content\/uploads\/2026\/08\/Portrait_Sylvia_mit-Hintergrund-768x701.jpg 768w, https:\/\/www.frauenpodiumgossau-zh.ch\/wp-content\/uploads\/2026\/08\/Portrait_Sylvia_mit-Hintergrund-1536x1403.jpg 1536w, https:\/\/www.frauenpodiumgossau-zh.ch\/wp-content\/uploads\/2026\/08\/Portrait_Sylvia_mit-Hintergrund-2048x1870.jpg 2048w\" sizes=\"auto, (max-width: 767px) 89vw, (max-width: 1000px) 54vw, (max-width: 1071px) 543px, 580px\" \/><\/figure><div class=\"wp-block-media-text__content\">\n<h4 class=\"wp-block-heading\" style=\"font-size:30px\">Sylvia Veraguth Bamert<\/h4>\n\n\n\n<p class=\"wp-block-paragraph\">Gemeinder\u00e4tin Ressort Gesellschaft<br>2010 &#8211; heute<\/p>\n<\/div><\/div>\n\n\n\n<div class=\"wp-block-media-text alignwide is-stacked-on-mobile\"><figure class=\"wp-block-media-text__media\"><img loading=\"lazy\" decoding=\"async\" width=\"1024\" height=\"935\" src=\"https:\/\/www.frauenpodiumgossau-zh.ch\/wp-content\/uploads\/2026\/08\/Portrait_Gabriela_mit-Hintergrund-1024x935.jpg\" alt=\"\" class=\"wp-image-1362 size-full\" srcset=\"https:\/\/www.frauenpodiumgossau-zh.ch\/wp-content\/uploads\/2026\/08\/Portrait_Gabriela_mit-Hintergrund-1024x935.jpg 1024w, https:\/\/www.frauenpodiumgossau-zh.ch\/wp-content\/uploads\/2026\/08\/Portrait_Gabriela_mit-Hintergrund-300x274.jpg 300w, https:\/\/www.frauenpodiumgossau-zh.ch\/wp-content\/uploads\/2026\/08\/Portrait_Gabriela_mit-Hintergrund-768x701.jpg 768w, https:\/\/www.frauenpodiumgossau-zh.ch\/wp-content\/uploads\/2026\/08\/Portrait_Gabriela_mit-Hintergrund-1536x1402.jpg 1536w, https:\/\/www.frauenpodiumgossau-zh.ch\/wp-content\/uploads\/2026\/08\/Portrait_Gabriela_mit-Hintergrund-2048x1870.jpg 2048w\" sizes=\"auto, (max-width: 767px) 89vw, (max-width: 1000px) 54vw, (max-width: 1071px) 543px, 580px\" \/><\/figure><div class=\"wp-block-media-text__content\">\n<h4 class=\"wp-block-heading\" style=\"font-size:30px\">Gabriela M. Meier<\/h4>\n\n\n\n<p class=\"wp-block-paragraph\">Mitglied der Sozialbeh\u00f6rde<br>2022 &#8211; heute<\/p>\n<\/div><\/div>\n\n\n\n<div class=\"wp-block-media-text alignwide is-stacked-on-mobile\"><figure class=\"wp-block-media-text__media\"><img loading=\"lazy\" decoding=\"async\" width=\"1024\" height=\"935\" src=\"https:\/\/www.frauenpodiumgossau-zh.ch\/wp-content\/uploads\/2026\/08\/Portrait_Andrea_mit-Hintergrund-1024x935.jpg\" alt=\"\" class=\"wp-image-1361 size-full\" srcset=\"https:\/\/www.frauenpodiumgossau-zh.ch\/wp-content\/uploads\/2026\/08\/Portrait_Andrea_mit-Hintergrund-1024x935.jpg 1024w, https:\/\/www.frauenpodiumgossau-zh.ch\/wp-content\/uploads\/2026\/08\/Portrait_Andrea_mit-Hintergrund-300x274.jpg 300w, https:\/\/www.frauenpodiumgossau-zh.ch\/wp-content\/uploads\/2026\/08\/Portrait_Andrea_mit-Hintergrund-768x701.jpg 768w, https:\/\/www.frauenpodiumgossau-zh.ch\/wp-content\/uploads\/2026\/08\/Portrait_Andrea_mit-Hintergrund-1536x1402.jpg 1536w, https:\/\/www.frauenpodiumgossau-zh.ch\/wp-content\/uploads\/2026\/08\/Portrait_Andrea_mit-Hintergrund-2048x1870.jpg 2048w\" sizes=\"auto, (max-width: 767px) 89vw, (max-width: 1000px) 54vw, (max-width: 1071px) 543px, 580px\" \/><\/figure><div class=\"wp-block-media-text__content\">\n<h4 class=\"wp-block-heading\" style=\"font-size:30px\">Andrea Hadorn-Stuker<\/h4>\n\n\n\n<p class=\"wp-block-paragraph\">Mitglied der Schulpflege<br>2010 &#8211; heute<\/p>\n<\/div><\/div>\n\n\n\n<p class=\"wp-block-paragraph\"><\/p>\n","protected":false},"excerpt":{"rendered":"<p>Andrea Gisler Kantonsr\u00e4tin2019 &#8211; heute Sylvia Veraguth Bamert Gemeinder\u00e4tin Ressort Gesellschaft2010 &#8211; heute Gabriela M. Meier Mitglied der Sozialbeh\u00f6rde2022 &#8211; heute Andrea Hadorn-Stuker Mitglied der Schulpflege2010 &#8211; heute<\/p>\n","protected":false},"author":1,"featured_media":0,"parent":0,"menu_order":0,"comment_status":"closed","ping_status":"closed","template":"","meta":{"footnotes":""},"class_list":["post-393","page","type-page","status-publish","hentry"],"yoast_head":"<!-- This site is optimized with the Yoast SEO plugin v27.7 - https:\/\/yoast.com\/product\/yoast-seo-wordpress\/ -->\n<title>Frauen in den Beh\u00f6rden aktuell - Politisches Frauenpodium Gossau ZH<\/title>\n<meta name=\"robots\" content=\"index, follow, max-snippet:-1, max-image-preview:large, max-video-preview:-1\" \/>\n<link rel=\"canonical\" href=\"https:\/\/www.frauenpodiumgossau-zh.ch\/index.php\/unsere-mitglieder-in-den-behoerden\/\" \/>\n<meta property=\"og:locale\" content=\"de_DE\" \/>\n<meta property=\"og:type\" content=\"article\" \/>\n<meta property=\"og:title\" content=\"Frauen in den Beh\u00f6rden aktuell - Politisches Frauenpodium Gossau ZH\" \/>\n<meta property=\"og:description\" content=\"Andrea Gisler Kantonsr\u00e4tin2019 &#8211; heute Sylvia Veraguth Bamert Gemeinder\u00e4tin Ressort Gesellschaft2010 &#8211; heute Gabriela M. Meier Mitglied der Sozialbeh\u00f6rde2022 &#8211; heute Andrea Hadorn-Stuker Mitglied der Schulpflege2010 &#8211; heute\" \/>\n<meta property=\"og:url\" content=\"https:\/\/www.frauenpodiumgossau-zh.ch\/index.php\/unsere-mitglieder-in-den-behoerden\/\" \/>\n<meta property=\"og:site_name\" content=\"Politisches Frauenpodium Gossau ZH\" \/>\n<meta property=\"article:modified_time\" content=\"2026-08-28T09:14:29+00:00\" \/>\n<meta property=\"og:image\" content=\"https:\/\/www.frauenpodiumgossau-zh.ch\/wp-content\/uploads\/2020\/08\/IMG_2710GislerA-s.jpg\" \/>\n\t<meta property=\"og:image:width\" content=\"962\" \/>\n\t<meta property=\"og:image:height\" content=\"962\" \/>\n\t<meta property=\"og:image:type\" content=\"image\/jpeg\" \/>\n<meta name=\"twitter:card\" content=\"summary_large_image\" \/>\n<meta name=\"twitter:label1\" content=\"Gesch\u00e4tzte Lesezeit\" \/>\n\t<meta name=\"twitter:data1\" content=\"1\u00a0Minute\" \/>\n<script type=\"application\/ld+json\" class=\"yoast-schema-graph\">{\"@context\":\"https:\\\/\\\/schema.org\",\"@graph\":[{\"@type\":\"WebPage\",\"@id\":\"https:\\\/\\\/www.frauenpodiumgossau-zh.ch\\\/index.php\\\/unsere-mitglieder-in-den-behoerden\\\/\",\"url\":\"https:\\\/\\\/www.frauenpodiumgossau-zh.ch\\\/index.php\\\/unsere-mitglieder-in-den-behoerden\\\/\",\"name\":\"Frauen in den Beh\u00f6rden aktuell - Politisches Frauenpodium Gossau ZH\",\"isPartOf\":{\"@id\":\"https:\\\/\\\/www.frauenpodiumgossau-zh.ch\\\/#website\"},\"primaryImageOfPage\":{\"@id\":\"https:\\\/\\\/www.frauenpodiumgossau-zh.ch\\\/index.php\\\/unsere-mitglieder-in-den-behoerden\\\/#primaryimage\"},\"image\":{\"@id\":\"https:\\\/\\\/www.frauenpodiumgossau-zh.ch\\\/index.php\\\/unsere-mitglieder-in-den-behoerden\\\/#primaryimage\"},\"thumbnailUrl\":\"https:\\\/\\\/www.frauenpodiumgossau-zh.ch\\\/wp-content\\\/uploads\\\/2020\\\/08\\\/IMG_2710GislerA-s.jpg\",\"datePublished\":\"2021-05-13T09:59:55+00:00\",\"dateModified\":\"2026-08-28T09:14:29+00:00\",\"breadcrumb\":{\"@id\":\"https:\\\/\\\/www.frauenpodiumgossau-zh.ch\\\/index.php\\\/unsere-mitglieder-in-den-behoerden\\\/#breadcrumb\"},\"inLanguage\":\"de\",\"potentialAction\":[{\"@type\":\"ReadAction\",\"target\":[\"https:\\\/\\\/www.frauenpodiumgossau-zh.ch\\\/index.php\\\/unsere-mitglieder-in-den-behoerden\\\/\"]}]},{\"@type\":\"ImageObject\",\"inLanguage\":\"de\",\"@id\":\"https:\\\/\\\/www.frauenpodiumgossau-zh.ch\\\/index.php\\\/unsere-mitglieder-in-den-behoerden\\\/#primaryimage\",\"url\":\"https:\\\/\\\/www.frauenpodiumgossau-zh.ch\\\/wp-content\\\/uploads\\\/2020\\\/08\\\/IMG_2710GislerA-s.jpg\",\"contentUrl\":\"https:\\\/\\\/www.frauenpodiumgossau-zh.ch\\\/wp-content\\\/uploads\\\/2020\\\/08\\\/IMG_2710GislerA-s.jpg\",\"width\":962,\"height\":962,\"caption\":\"Andrea Gisler, GLP, bisher\"},{\"@type\":\"BreadcrumbList\",\"@id\":\"https:\\\/\\\/www.frauenpodiumgossau-zh.ch\\\/index.php\\\/unsere-mitglieder-in-den-behoerden\\\/#breadcrumb\",\"itemListElement\":[{\"@type\":\"ListItem\",\"position\":1,\"name\":\"Startseite\",\"item\":\"https:\\\/\\\/www.frauenpodiumgossau-zh.ch\\\/\"},{\"@type\":\"ListItem\",\"position\":2,\"name\":\"Frauen in den Beh\u00f6rden aktuell\"}]},{\"@type\":\"WebSite\",\"@id\":\"https:\\\/\\\/www.frauenpodiumgossau-zh.ch\\\/#website\",\"url\":\"https:\\\/\\\/www.frauenpodiumgossau-zh.ch\\\/\",\"name\":\"Politisches Frauenpodium Gossau ZH\",\"description\":\"Z\u00e4me z Wort cho\",\"publisher\":{\"@id\":\"https:\\\/\\\/www.frauenpodiumgossau-zh.ch\\\/#organization\"},\"potentialAction\":[{\"@type\":\"SearchAction\",\"target\":{\"@type\":\"EntryPoint\",\"urlTemplate\":\"https:\\\/\\\/www.frauenpodiumgossau-zh.ch\\\/?s={search_term_string}\"},\"query-input\":{\"@type\":\"PropertyValueSpecification\",\"valueRequired\":true,\"valueName\":\"search_term_string\"}}],\"inLanguage\":\"de\"},{\"@type\":\"Organization\",\"@id\":\"https:\\\/\\\/www.frauenpodiumgossau-zh.ch\\\/#organization\",\"name\":\"Politisches Frauenpodium Gossau ZH\",\"url\":\"https:\\\/\\\/www.frauenpodiumgossau-zh.ch\\\/\",\"logo\":{\"@type\":\"ImageObject\",\"inLanguage\":\"de\",\"@id\":\"https:\\\/\\\/www.frauenpodiumgossau-zh.ch\\\/#\\\/schema\\\/logo\\\/image\\\/\",\"url\":\"https:\\\/\\\/www.frauenpodiumgossau-zh.ch\\\/wp-content\\\/uploads\\\/2020\\\/01\\\/Frauenpodium-Logo-lila-ohne-Text.jpg\",\"contentUrl\":\"https:\\\/\\\/www.frauenpodiumgossau-zh.ch\\\/wp-content\\\/uploads\\\/2020\\\/01\\\/Frauenpodium-Logo-lila-ohne-Text.jpg\",\"width\":1480,\"height\":1200,\"caption\":\"Politisches Frauenpodium Gossau ZH\"},\"image\":{\"@id\":\"https:\\\/\\\/www.frauenpodiumgossau-zh.ch\\\/#\\\/schema\\\/logo\\\/image\\\/\"}}]}<\/script>\n<!-- \/ Yoast SEO plugin. -->","yoast_head_json":{"title":"Frauen in den Beh\u00f6rden aktuell - Politisches Frauenpodium Gossau ZH","robots":{"index":"index","follow":"follow","max-snippet":"max-snippet:-1","max-image-preview":"max-image-preview:large","max-video-preview":"max-video-preview:-1"},"canonical":"https:\/\/www.frauenpodiumgossau-zh.ch\/index.php\/unsere-mitglieder-in-den-behoerden\/","og_locale":"de_DE","og_type":"article","og_title":"Frauen in den Beh\u00f6rden aktuell - Politisches Frauenpodium Gossau ZH","og_description":"Andrea Gisler Kantonsr\u00e4tin2019 &#8211; heute Sylvia Veraguth Bamert Gemeinder\u00e4tin Ressort Gesellschaft2010 &#8211; heute Gabriela M. Meier Mitglied der Sozialbeh\u00f6rde2022 &#8211; heute Andrea Hadorn-Stuker Mitglied der Schulpflege2010 &#8211; heute","og_url":"https:\/\/www.frauenpodiumgossau-zh.ch\/index.php\/unsere-mitglieder-in-den-behoerden\/","og_site_name":"Politisches Frauenpodium Gossau ZH","article_modified_time":"2026-08-28T09:14:29+00:00","og_image":[{"width":962,"height":962,"url":"https:\/\/www.frauenpodiumgossau-zh.ch\/wp-content\/uploads\/2020\/08\/IMG_2710GislerA-s.jpg","type":"image\/jpeg"}],"twitter_card":"summary_large_image","twitter_misc":{"Gesch\u00e4tzte Lesezeit":"1\u00a0Minute"},"schema":{"@context":"https:\/\/schema.org","@graph":[{"@type":"WebPage","@id":"https:\/\/www.frauenpodiumgossau-zh.ch\/index.php\/unsere-mitglieder-in-den-behoerden\/","url":"https:\/\/www.frauenpodiumgossau-zh.ch\/index.php\/unsere-mitglieder-in-den-behoerden\/","name":"Frauen in den Beh\u00f6rden aktuell - Politisches Frauenpodium Gossau ZH","isPartOf":{"@id":"https:\/\/www.frauenpodiumgossau-zh.ch\/#website"},"primaryImageOfPage":{"@id":"https:\/\/www.frauenpodiumgossau-zh.ch\/index.php\/unsere-mitglieder-in-den-behoerden\/#primaryimage"},"image":{"@id":"https:\/\/www.frauenpodiumgossau-zh.ch\/index.php\/unsere-mitglieder-in-den-behoerden\/#primaryimage"},"thumbnailUrl":"https:\/\/www.frauenpodiumgossau-zh.ch\/wp-content\/uploads\/2020\/08\/IMG_2710GislerA-s.jpg","datePublished":"2021-05-13T09:59:55+00:00","dateModified":"2026-08-28T09:14:29+00:00","breadcrumb":{"@id":"https:\/\/www.frauenpodiumgossau-zh.ch\/index.php\/unsere-mitglieder-in-den-behoerden\/#breadcrumb"},"inLanguage":"de","potentialAction":[{"@type":"ReadAction","target":["https:\/\/www.frauenpodiumgossau-zh.ch\/index.php\/unsere-mitglieder-in-den-behoerden\/"]}]},{"@type":"ImageObject","inLanguage":"de","@id":"https:\/\/www.frauenpodiumgossau-zh.ch\/index.php\/unsere-mitglieder-in-den-behoerden\/#primaryimage","url":"https:\/\/www.frauenpodiumgossau-zh.ch\/wp-content\/uploads\/2020\/08\/IMG_2710GislerA-s.jpg","contentUrl":"https:\/\/www.frauenpodiumgossau-zh.ch\/wp-content\/uploads\/2020\/08\/IMG_2710GislerA-s.jpg","width":962,"height":962,"caption":"Andrea Gisler, GLP, bisher"},{"@type":"BreadcrumbList","@id":"https:\/\/www.frauenpodiumgossau-zh.ch\/index.php\/unsere-mitglieder-in-den-behoerden\/#breadcrumb","itemListElement":[{"@type":"ListItem","position":1,"name":"Startseite","item":"https:\/\/www.frauenpodiumgossau-zh.ch\/"},{"@type":"ListItem","position":2,"name":"Frauen in den Beh\u00f6rden aktuell"}]},{"@type":"WebSite","@id":"https:\/\/www.frauenpodiumgossau-zh.ch\/#website","url":"https:\/\/www.frauenpodiumgossau-zh.ch\/","name":"Politisches Frauenpodium Gossau ZH","description":"Z\u00e4me z Wort cho","publisher":{"@id":"https:\/\/www.frauenpodiumgossau-zh.ch\/#organization"},"potentialAction":[{"@type":"SearchAction","target":{"@type":"EntryPoint","urlTemplate":"https:\/\/www.frauenpodiumgossau-zh.ch\/?s={search_term_string}"},"query-input":{"@type":"PropertyValueSpecification","valueRequired":true,"valueName":"search_term_string"}}],"inLanguage":"de"},{"@type":"Organization","@id":"https:\/\/www.frauenpodiumgossau-zh.ch\/#organization","name":"Politisches Frauenpodium Gossau ZH","url":"https:\/\/www.frauenpodiumgossau-zh.ch\/","logo":{"@type":"ImageObject","inLanguage":"de","@id":"https:\/\/www.frauenpodiumgossau-zh.ch\/#\/schema\/logo\/image\/","url":"https:\/\/www.frauenpodiumgossau-zh.ch\/wp-content\/uploads\/2020\/01\/Frauenpodium-Logo-lila-ohne-Text.jpg","contentUrl":"https:\/\/www.frauenpodiumgossau-zh.ch\/wp-content\/uploads\/2020\/01\/Frauenpodium-Logo-lila-ohne-Text.jpg","width":1480,"height":1200,"caption":"Politisches Frauenpodium Gossau ZH"},"image":{"@id":"https:\/\/www.frauenpodiumgossau-zh.ch\/#\/schema\/logo\/image\/"}}]}},"_links":{"self":[{"href":"https:\/\/www.frauenpodiumgossau-zh.ch\/index.php\/wp-json\/wp\/v2\/pages\/393","targetHints":{"allow":["GET"]}}],"collection":[{"href":"https:\/\/www.frauenpodiumgossau-zh.ch\/index.php\/wp-json\/wp\/v2\/pages"}],"about":[{"href":"https:\/\/www.frauenpodiumgossau-zh.ch\/index.php\/wp-json\/wp\/v2\/types\/page"}],"author":[{"embeddable":true,"href":"https:\/\/www.frauenpodiumgossau-zh.ch\/index.php\/wp-json\/wp\/v2\/users\/1"}],"replies":[{"embeddable":true,"href":"https:\/\/www.frauenpodiumgossau-zh.ch\/index.php\/wp-json\/wp\/v2\/comments?post=393"}],"version-history":[{"count":18,"href":"https:\/\/www.frauenpodiumgossau-zh.ch\/index.php\/wp-json\/wp\/v2\/pages\/393\/revisions"}],"predecessor-version":[{"id":1365,"href":"https:\/\/www.frauenpodiumgossau-zh.ch\/index.php\/wp-json\/wp\/v2\/pages\/393\/revisions\/1365"}],"wp:attachment":[{"href":"https:\/\/www.frauenpodiumgossau-zh.ch\/index.php\/wp-json\/wp\/v2\/media?parent=393"}],"curies":[{"name":"wp","href":"https:\/\/api.w.org\/{rel}","templated":true}]}}