{"id":498,"date":"2022-01-13T09:47:15","date_gmt":"2022-01-13T09:47:15","guid":{"rendered":"https:\/\/www.frauenpodiumgossau-zh.ch\/?page_id=498"},"modified":"2025-08-21T11:09:53","modified_gmt":"2025-08-21T11:09:53","slug":"wir-in-den-medien-2","status":"publish","type":"page","link":"https:\/\/www.frauenpodiumgossau-zh.ch\/index.php\/wir-in-den-medien-2\/","title":{"rendered":"In den Medien"},"content":{"rendered":"\n<h2 class=\"wp-block-heading\">Frauenpodium weiterhin im Gemeinderat mit Sylvia Veraguth Bamert<\/h2>\n\n\n\n<p class=\"wp-block-paragraph\">Z\u00fcrcher Oberl\u00e4nder 28. M\u00e4rz 2022<\/p>\n\n\n\n<figure class=\"wp-block-image size-large\"><img loading=\"lazy\" decoding=\"async\" width=\"1024\" height=\"897\" src=\"https:\/\/www.frauenpodiumgossau-zh.ch\/wp-content\/uploads\/2022\/03\/2022-03-28_ZO-S.7-1024x897.jpeg\" alt=\"\" class=\"wp-image-559\" srcset=\"https:\/\/www.frauenpodiumgossau-zh.ch\/wp-content\/uploads\/2022\/03\/2022-03-28_ZO-S.7-1024x897.jpeg 1024w, https:\/\/www.frauenpodiumgossau-zh.ch\/wp-content\/uploads\/2022\/03\/2022-03-28_ZO-S.7-300x263.jpeg 300w, https:\/\/www.frauenpodiumgossau-zh.ch\/wp-content\/uploads\/2022\/03\/2022-03-28_ZO-S.7-768x673.jpeg 768w, https:\/\/www.frauenpodiumgossau-zh.ch\/wp-content\/uploads\/2022\/03\/2022-03-28_ZO-S.7-1536x1346.jpeg 1536w, https:\/\/www.frauenpodiumgossau-zh.ch\/wp-content\/uploads\/2022\/03\/2022-03-28_ZO-S.7.jpeg 1703w\" sizes=\"auto, (max-width: 767px) 89vw, (max-width: 1000px) 54vw, (max-width: 1071px) 543px, 580px\" \/><\/figure>\n\n\n\n<h2 class=\"wp-block-heading\">Weitere Kandidatin f\u00fcr die Sozialbeh\u00f6rde<\/h2>\n\n\n\n<p class=\"wp-block-paragraph\">Z\u00fcrcher Oberl\u00e4nder 11. Januar 2022<\/p>\n\n\n\n<figure class=\"wp-block-image size-large\"><img loading=\"lazy\" decoding=\"async\" width=\"1024\" height=\"606\" src=\"https:\/\/www.frauenpodiumgossau-zh.ch\/wp-content\/uploads\/2022\/01\/IMG_20220111_1049092-1024x606.jpg\" alt=\"\" class=\"wp-image-489\" srcset=\"https:\/\/www.frauenpodiumgossau-zh.ch\/wp-content\/uploads\/2022\/01\/IMG_20220111_1049092-1024x606.jpg 1024w, https:\/\/www.frauenpodiumgossau-zh.ch\/wp-content\/uploads\/2022\/01\/IMG_20220111_1049092-300x177.jpg 300w, https:\/\/www.frauenpodiumgossau-zh.ch\/wp-content\/uploads\/2022\/01\/IMG_20220111_1049092-768x454.jpg 768w, https:\/\/www.frauenpodiumgossau-zh.ch\/wp-content\/uploads\/2022\/01\/IMG_20220111_1049092-1536x908.jpg 1536w, https:\/\/www.frauenpodiumgossau-zh.ch\/wp-content\/uploads\/2022\/01\/IMG_20220111_1049092-2048x1211.jpg 2048w\" sizes=\"auto, (max-width: 767px) 89vw, (max-width: 1000px) 54vw, (max-width: 1071px) 543px, 580px\" \/><\/figure>\n\n\n\n<h2 class=\"wp-block-heading\">Unsere Kandidatinnen f\u00fcr die Gemeindebeh\u00f6rden<\/h2>\n\n\n\n<p class=\"wp-block-paragraph\">Z\u00fcrcher Oberl\u00e4nder 9. November 2021<\/p>\n\n\n\n<figure class=\"wp-block-image size-large\"><img loading=\"lazy\" decoding=\"async\" width=\"566\" height=\"1024\" src=\"https:\/\/www.frauenpodiumgossau-zh.ch\/wp-content\/uploads\/2021\/11\/IMG_20211111_063845-s-566x1024.jpg\" alt=\"\" class=\"wp-image-455\" srcset=\"https:\/\/www.frauenpodiumgossau-zh.ch\/wp-content\/uploads\/2021\/11\/IMG_20211111_063845-s-566x1024.jpg 566w, https:\/\/www.frauenpodiumgossau-zh.ch\/wp-content\/uploads\/2021\/11\/IMG_20211111_063845-s-166x300.jpg 166w, https:\/\/www.frauenpodiumgossau-zh.ch\/wp-content\/uploads\/2021\/11\/IMG_20211111_063845-s.jpg 616w\" sizes=\"auto, (max-width: 566px) 100vw, 566px\" \/><\/figure>\n","protected":false},"excerpt":{"rendered":"<p>Frauenpodium weiterhin im Gemeinderat mit Sylvia Veraguth Bamert Z\u00fcrcher Oberl\u00e4nder 28. M\u00e4rz 2022 Weitere Kandidatin f\u00fcr die Sozialbeh\u00f6rde Z\u00fcrcher Oberl\u00e4nder 11. Januar 2022 Unsere Kandidatinnen f\u00fcr die Gemeindebeh\u00f6rden Z\u00fcrcher Oberl\u00e4nder 9. November 2021<\/p>\n","protected":false},"author":1,"featured_media":0,"parent":0,"menu_order":0,"comment_status":"closed","ping_status":"closed","template":"","meta":{"footnotes":""},"class_list":["post-498","page","type-page","status-publish","hentry"],"yoast_head":"<!-- This site is optimized with the Yoast SEO plugin v27.7 - https:\/\/yoast.com\/product\/yoast-seo-wordpress\/ -->\n<title>In den Medien - Politisches Frauenpodium Gossau ZH<\/title>\n<meta name=\"robots\" content=\"index, follow, max-snippet:-1, max-image-preview:large, max-video-preview:-1\" \/>\n<link rel=\"canonical\" href=\"https:\/\/www.frauenpodiumgossau-zh.ch\/index.php\/wir-in-den-medien-2\/\" \/>\n<meta property=\"og:locale\" content=\"de_DE\" \/>\n<meta property=\"og:type\" content=\"article\" \/>\n<meta property=\"og:title\" content=\"In den Medien - Politisches Frauenpodium Gossau ZH\" \/>\n<meta property=\"og:description\" content=\"Frauenpodium weiterhin im Gemeinderat mit Sylvia Veraguth Bamert Z\u00fcrcher Oberl\u00e4nder 28. M\u00e4rz 2022 Weitere Kandidatin f\u00fcr die Sozialbeh\u00f6rde Z\u00fcrcher Oberl\u00e4nder 11. Januar 2022 Unsere Kandidatinnen f\u00fcr die Gemeindebeh\u00f6rden Z\u00fcrcher Oberl\u00e4nder 9. November 2021\" \/>\n<meta property=\"og:url\" content=\"https:\/\/www.frauenpodiumgossau-zh.ch\/index.php\/wir-in-den-medien-2\/\" \/>\n<meta property=\"og:site_name\" content=\"Politisches Frauenpodium Gossau ZH\" \/>\n<meta property=\"article:modified_time\" content=\"2025-08-21T11:09:53+00:00\" \/>\n<meta property=\"og:image\" content=\"https:\/\/www.frauenpodiumgossau-zh.ch\/wp-content\/uploads\/2022\/03\/2022-03-28_ZO-S.7.jpeg\" \/>\n\t<meta property=\"og:image:width\" content=\"1703\" \/>\n\t<meta property=\"og:image:height\" content=\"1492\" \/>\n\t<meta property=\"og:image:type\" content=\"image\/jpeg\" \/>\n<meta name=\"twitter:card\" content=\"summary_large_image\" \/>\n<script type=\"application\/ld+json\" class=\"yoast-schema-graph\">{\"@context\":\"https:\\\/\\\/schema.org\",\"@graph\":[{\"@type\":\"WebPage\",\"@id\":\"https:\\\/\\\/www.frauenpodiumgossau-zh.ch\\\/index.php\\\/wir-in-den-medien-2\\\/\",\"url\":\"https:\\\/\\\/www.frauenpodiumgossau-zh.ch\\\/index.php\\\/wir-in-den-medien-2\\\/\",\"name\":\"In den Medien - Politisches Frauenpodium Gossau ZH\",\"isPartOf\":{\"@id\":\"https:\\\/\\\/www.frauenpodiumgossau-zh.ch\\\/#website\"},\"primaryImageOfPage\":{\"@id\":\"https:\\\/\\\/www.frauenpodiumgossau-zh.ch\\\/index.php\\\/wir-in-den-medien-2\\\/#primaryimage\"},\"image\":{\"@id\":\"https:\\\/\\\/www.frauenpodiumgossau-zh.ch\\\/index.php\\\/wir-in-den-medien-2\\\/#primaryimage\"},\"thumbnailUrl\":\"https:\\\/\\\/www.frauenpodiumgossau-zh.ch\\\/wp-content\\\/uploads\\\/2022\\\/03\\\/2022-03-28_ZO-S.7-1024x897.jpeg\",\"datePublished\":\"2022-01-13T09:47:15+00:00\",\"dateModified\":\"2025-08-21T11:09:53+00:00\",\"breadcrumb\":{\"@id\":\"https:\\\/\\\/www.frauenpodiumgossau-zh.ch\\\/index.php\\\/wir-in-den-medien-2\\\/#breadcrumb\"},\"inLanguage\":\"de\",\"potentialAction\":[{\"@type\":\"ReadAction\",\"target\":[\"https:\\\/\\\/www.frauenpodiumgossau-zh.ch\\\/index.php\\\/wir-in-den-medien-2\\\/\"]}]},{\"@type\":\"ImageObject\",\"inLanguage\":\"de\",\"@id\":\"https:\\\/\\\/www.frauenpodiumgossau-zh.ch\\\/index.php\\\/wir-in-den-medien-2\\\/#primaryimage\",\"url\":\"https:\\\/\\\/www.frauenpodiumgossau-zh.ch\\\/wp-content\\\/uploads\\\/2022\\\/03\\\/2022-03-28_ZO-S.7.jpeg\",\"contentUrl\":\"https:\\\/\\\/www.frauenpodiumgossau-zh.ch\\\/wp-content\\\/uploads\\\/2022\\\/03\\\/2022-03-28_ZO-S.7.jpeg\",\"width\":1703,\"height\":1492},{\"@type\":\"BreadcrumbList\",\"@id\":\"https:\\\/\\\/www.frauenpodiumgossau-zh.ch\\\/index.php\\\/wir-in-den-medien-2\\\/#breadcrumb\",\"itemListElement\":[{\"@type\":\"ListItem\",\"position\":1,\"name\":\"Startseite\",\"item\":\"https:\\\/\\\/www.frauenpodiumgossau-zh.ch\\\/\"},{\"@type\":\"ListItem\",\"position\":2,\"name\":\"In den Medien\"}]},{\"@type\":\"WebSite\",\"@id\":\"https:\\\/\\\/www.frauenpodiumgossau-zh.ch\\\/#website\",\"url\":\"https:\\\/\\\/www.frauenpodiumgossau-zh.ch\\\/\",\"name\":\"Politisches Frauenpodium Gossau ZH\",\"description\":\"Z\u00e4me z Wort cho\",\"publisher\":{\"@id\":\"https:\\\/\\\/www.frauenpodiumgossau-zh.ch\\\/#organization\"},\"potentialAction\":[{\"@type\":\"SearchAction\",\"target\":{\"@type\":\"EntryPoint\",\"urlTemplate\":\"https:\\\/\\\/www.frauenpodiumgossau-zh.ch\\\/?s={search_term_string}\"},\"query-input\":{\"@type\":\"PropertyValueSpecification\",\"valueRequired\":true,\"valueName\":\"search_term_string\"}}],\"inLanguage\":\"de\"},{\"@type\":\"Organization\",\"@id\":\"https:\\\/\\\/www.frauenpodiumgossau-zh.ch\\\/#organization\",\"name\":\"Politisches Frauenpodium Gossau ZH\",\"url\":\"https:\\\/\\\/www.frauenpodiumgossau-zh.ch\\\/\",\"logo\":{\"@type\":\"ImageObject\",\"inLanguage\":\"de\",\"@id\":\"https:\\\/\\\/www.frauenpodiumgossau-zh.ch\\\/#\\\/schema\\\/logo\\\/image\\\/\",\"url\":\"https:\\\/\\\/www.frauenpodiumgossau-zh.ch\\\/wp-content\\\/uploads\\\/2020\\\/01\\\/Frauenpodium-Logo-lila-ohne-Text.jpg\",\"contentUrl\":\"https:\\\/\\\/www.frauenpodiumgossau-zh.ch\\\/wp-content\\\/uploads\\\/2020\\\/01\\\/Frauenpodium-Logo-lila-ohne-Text.jpg\",\"width\":1480,\"height\":1200,\"caption\":\"Politisches Frauenpodium Gossau ZH\"},\"image\":{\"@id\":\"https:\\\/\\\/www.frauenpodiumgossau-zh.ch\\\/#\\\/schema\\\/logo\\\/image\\\/\"}}]}<\/script>\n<!-- \/ Yoast SEO plugin. -->","yoast_head_json":{"title":"In den Medien - Politisches Frauenpodium Gossau ZH","robots":{"index":"index","follow":"follow","max-snippet":"max-snippet:-1","max-image-preview":"max-image-preview:large","max-video-preview":"max-video-preview:-1"},"canonical":"https:\/\/www.frauenpodiumgossau-zh.ch\/index.php\/wir-in-den-medien-2\/","og_locale":"de_DE","og_type":"article","og_title":"In den Medien - Politisches Frauenpodium Gossau ZH","og_description":"Frauenpodium weiterhin im Gemeinderat mit Sylvia Veraguth Bamert Z\u00fcrcher Oberl\u00e4nder 28. M\u00e4rz 2022 Weitere Kandidatin f\u00fcr die Sozialbeh\u00f6rde Z\u00fcrcher Oberl\u00e4nder 11. Januar 2022 Unsere Kandidatinnen f\u00fcr die Gemeindebeh\u00f6rden Z\u00fcrcher Oberl\u00e4nder 9. November 2021","og_url":"https:\/\/www.frauenpodiumgossau-zh.ch\/index.php\/wir-in-den-medien-2\/","og_site_name":"Politisches Frauenpodium Gossau ZH","article_modified_time":"2025-08-21T11:09:53+00:00","og_image":[{"width":1703,"height":1492,"url":"https:\/\/www.frauenpodiumgossau-zh.ch\/wp-content\/uploads\/2022\/03\/2022-03-28_ZO-S.7.jpeg","type":"image\/jpeg"}],"twitter_card":"summary_large_image","schema":{"@context":"https:\/\/schema.org","@graph":[{"@type":"WebPage","@id":"https:\/\/www.frauenpodiumgossau-zh.ch\/index.php\/wir-in-den-medien-2\/","url":"https:\/\/www.frauenpodiumgossau-zh.ch\/index.php\/wir-in-den-medien-2\/","name":"In den Medien - Politisches Frauenpodium Gossau ZH","isPartOf":{"@id":"https:\/\/www.frauenpodiumgossau-zh.ch\/#website"},"primaryImageOfPage":{"@id":"https:\/\/www.frauenpodiumgossau-zh.ch\/index.php\/wir-in-den-medien-2\/#primaryimage"},"image":{"@id":"https:\/\/www.frauenpodiumgossau-zh.ch\/index.php\/wir-in-den-medien-2\/#primaryimage"},"thumbnailUrl":"https:\/\/www.frauenpodiumgossau-zh.ch\/wp-content\/uploads\/2022\/03\/2022-03-28_ZO-S.7-1024x897.jpeg","datePublished":"2022-01-13T09:47:15+00:00","dateModified":"2025-08-21T11:09:53+00:00","breadcrumb":{"@id":"https:\/\/www.frauenpodiumgossau-zh.ch\/index.php\/wir-in-den-medien-2\/#breadcrumb"},"inLanguage":"de","potentialAction":[{"@type":"ReadAction","target":["https:\/\/www.frauenpodiumgossau-zh.ch\/index.php\/wir-in-den-medien-2\/"]}]},{"@type":"ImageObject","inLanguage":"de","@id":"https:\/\/www.frauenpodiumgossau-zh.ch\/index.php\/wir-in-den-medien-2\/#primaryimage","url":"https:\/\/www.frauenpodiumgossau-zh.ch\/wp-content\/uploads\/2022\/03\/2022-03-28_ZO-S.7.jpeg","contentUrl":"https:\/\/www.frauenpodiumgossau-zh.ch\/wp-content\/uploads\/2022\/03\/2022-03-28_ZO-S.7.jpeg","width":1703,"height":1492},{"@type":"BreadcrumbList","@id":"https:\/\/www.frauenpodiumgossau-zh.ch\/index.php\/wir-in-den-medien-2\/#breadcrumb","itemListElement":[{"@type":"ListItem","position":1,"name":"Startseite","item":"https:\/\/www.frauenpodiumgossau-zh.ch\/"},{"@type":"ListItem","position":2,"name":"In den Medien"}]},{"@type":"WebSite","@id":"https:\/\/www.frauenpodiumgossau-zh.ch\/#website","url":"https:\/\/www.frauenpodiumgossau-zh.ch\/","name":"Politisches Frauenpodium Gossau ZH","description":"Z\u00e4me z Wort cho","publisher":{"@id":"https:\/\/www.frauenpodiumgossau-zh.ch\/#organization"},"potentialAction":[{"@type":"SearchAction","target":{"@type":"EntryPoint","urlTemplate":"https:\/\/www.frauenpodiumgossau-zh.ch\/?s={search_term_string}"},"query-input":{"@type":"PropertyValueSpecification","valueRequired":true,"valueName":"search_term_string"}}],"inLanguage":"de"},{"@type":"Organization","@id":"https:\/\/www.frauenpodiumgossau-zh.ch\/#organization","name":"Politisches Frauenpodium Gossau ZH","url":"https:\/\/www.frauenpodiumgossau-zh.ch\/","logo":{"@type":"ImageObject","inLanguage":"de","@id":"https:\/\/www.frauenpodiumgossau-zh.ch\/#\/schema\/logo\/image\/","url":"https:\/\/www.frauenpodiumgossau-zh.ch\/wp-content\/uploads\/2020\/01\/Frauenpodium-Logo-lila-ohne-Text.jpg","contentUrl":"https:\/\/www.frauenpodiumgossau-zh.ch\/wp-content\/uploads\/2020\/01\/Frauenpodium-Logo-lila-ohne-Text.jpg","width":1480,"height":1200,"caption":"Politisches Frauenpodium Gossau ZH"},"image":{"@id":"https:\/\/www.frauenpodiumgossau-zh.ch\/#\/schema\/logo\/image\/"}}]}},"_links":{"self":[{"href":"https:\/\/www.frauenpodiumgossau-zh.ch\/index.php\/wp-json\/wp\/v2\/pages\/498","targetHints":{"allow":["GET"]}}],"collection":[{"href":"https:\/\/www.frauenpodiumgossau-zh.ch\/index.php\/wp-json\/wp\/v2\/pages"}],"about":[{"href":"https:\/\/www.frauenpodiumgossau-zh.ch\/index.php\/wp-json\/wp\/v2\/types\/page"}],"author":[{"embeddable":true,"href":"https:\/\/www.frauenpodiumgossau-zh.ch\/index.php\/wp-json\/wp\/v2\/users\/1"}],"replies":[{"embeddable":true,"href":"https:\/\/www.frauenpodiumgossau-zh.ch\/index.php\/wp-json\/wp\/v2\/comments?post=498"}],"version-history":[{"count":3,"href":"https:\/\/www.frauenpodiumgossau-zh.ch\/index.php\/wp-json\/wp\/v2\/pages\/498\/revisions"}],"predecessor-version":[{"id":976,"href":"https:\/\/www.frauenpodiumgossau-zh.ch\/index.php\/wp-json\/wp\/v2\/pages\/498\/revisions\/976"}],"wp:attachment":[{"href":"https:\/\/www.frauenpodiumgossau-zh.ch\/index.php\/wp-json\/wp\/v2\/media?parent=498"}],"curies":[{"name":"wp","href":"https:\/\/api.w.org\/{rel}","templated":true}]}}