{"id":965,"date":"2025-08-21T09:47:32","date_gmt":"2025-08-21T09:47:32","guid":{"rendered":"https:\/\/www.frauenpodiumgossau-zh.ch\/?page_id=965"},"modified":"2025-08-22T17:19:05","modified_gmt":"2025-08-22T17:19:05","slug":"unser-verein","status":"publish","type":"page","link":"https:\/\/www.frauenpodiumgossau-zh.ch\/index.php\/unser-verein\/","title":{"rendered":"Unser Verein"},"content":{"rendered":"\n<h3 class=\"wp-block-heading\" id=\"block-919d21ba-f0ba-4f38-bc86-4506f37924d4\"><strong>Wir sind<\/strong><\/h3>\n\n\n\n<p class=\"wp-block-paragraph\" id=\"block-4b66da75-ad9e-44ac-b73c-2acf293a016f\">ein politisch neutraler Verein, dem Frauen jeden Alters angeh\u00f6ren k\u00f6nnen und m\u00f6chten &#8222;Z\u00e4me z Wort cho&#8220;. F\u00fcr uns heisst das:\u00a0<strong>gemeinsam reden, zuh\u00f6ren, gestalten<\/strong>. Im Frauenpodium ist jede Stimme wichtig \u2013 egal ob laut oder leise.<\/p>\n\n\n\n<p class=\"wp-block-paragraph\" id=\"block-4b66da75-ad9e-44ac-b73c-2acf293a016f\">Unsere Vielfalt ist unsere St\u00e4rke. Und gemeinsam k\u00f6nnen wir etwas bewirken.<\/p>\n\n\n\n<p class=\"wp-block-paragraph\" id=\"block-2c5d7f6b-a7ee-4f99-b4c4-1ce4555614ce\">Gegr\u00fcndet 1995, bestehen wir <strong>dieses Jahr 30 Jahre<\/strong>! In dieser Zeit nahmen <strong>\u00fcber<\/strong> <strong>hundert Frauen als Mitglieder<\/strong> teil. Von diesen sind <strong>28 Frauen in Gemeindebeh\u00f6rden gew\u00e4hlt<\/strong> worden, haben einen hohen Frauenanteil in Gossau insgesamt erm\u00f6glicht und sich f\u00fcr die Einwohnerinnen und Einwohner, klein und gross, in unserer Gemeinde engagiert. Durch ihre Vernetzung im Frauenpodium informieren sie Interessierte \u00fcber ihre Funktionen und \u00fcber die Anforderungen an Beh\u00f6rden\u00e4mter.<\/p>\n\n\n\n<h3 class=\"wp-block-heading\"><strong>Statuten<\/strong><\/h3>\n\n\n\n<p class=\"wp-block-paragraph\">Hier findest du unsere <a aria-label=\"Statuten (\u00f6ffnet in neuem Tab)\" href=\"https:\/\/www.frauenpodiumgossau-zh.ch\/wp-content\/uploads\/2020\/03\/Statuten_Frauenpodium2018.pdf\" target=\"_blank\" rel=\"noreferrer noopener\">Statuten<\/a>.<\/p>\n\n\n\n<h3 class=\"wp-block-heading\" id=\"block-5a6f857a-0ca8-4f94-96ca-4dd2bdd4693d\"><strong>Wir wollen<\/strong><\/h3>\n\n\n\n<ul id=\"block-c3361c1c-714e-4a8b-be4a-869c05c30a62\" class=\"wp-block-list\">\n<li>uns mit aktuellen Themen besch\u00e4ftigen.<\/li>\n\n\n\n<li>Frauenanliegen f\u00f6rdern und Frauen zur Zusammenarbeit motivieren.<\/li>\n\n\n\n<li>Frauen sensibilisieren und ermutigen, f\u00fcr ihre Anliegen aktiv einzustehen.<\/li>\n\n\n\n<li>Begegnungen und kulturelle Anl\u00e4sse organisieren und pflegen.<\/li>\n\n\n\n<li>zuk\u00fcnftige und aktive Politikerinnen und Beh\u00f6rdenmitglieder motivieren und unterst\u00fctzen.<\/li>\n<\/ul>\n\n\n\n<h3 class=\"wp-block-heading\"><strong>Wir freuen uns auf neue Gesichter!<\/strong><\/h3>\n\n\n\n<p class=\"wp-block-paragraph\">Ob aktiv mitwirken oder einfach mal reinschnuppern \u2013 jetzt ist die perfekte Gelegenheit. Wir brauchen genau dich, damit der Verein von Frauen f\u00fcr Frauen weiterhin bestehen bleibt!&nbsp;<\/p>\n\n\n\n<p class=\"wp-block-paragraph\">Damit du uns unkompliziert kennenlernen kannst, laden wir dich herzlich zu unseren n\u00e4chsten <a href=\"https:\/\/www.frauenpodiumgossau-zh.ch\/index.php\/category\/veranstaltungen\/\">Veranstaltungen<\/a> ein oder kontaktiere ganz unverbindlich unsere Pr\u00e4sidentin Andrea Hadorn-Stuker. <\/p>\n\n\n\n<p class=\"wp-block-paragraph\">Sie steht dir bei Fragen gerne zur Verf\u00fcgung. <\/p>\n\n\n\n<p class=\"wp-block-paragraph\">Per E-Mail unter&nbsp;<a href=\"mailto:andrea@hadornweb.ch\">andrea@hadornweb.ch<\/a> oder telefonisch unter&nbsp;<a href=\"tel:0449752787\">044 975 27 87<\/a>.<\/p>\n\n\n\n<h3 class=\"wp-block-heading\" id=\"block-fe3ae2e6-b257-4295-aabf-c4fedcd7da41\"><strong>Kerngruppe (Vorstand)<\/strong><\/h3>\n\n\n\n<h4 class=\"wp-block-heading\" id=\"block-62c32677-6c90-4af7-8e6b-7ff91f110722\">Andrea Hadorn-Stuker<\/h4>\n\n\n\n<p class=\"wp-block-paragraph\" id=\"block-73b9a990-f104-468b-8720-f0c3c43ce5a4\">Pr\u00e4sidentin<\/p>\n\n\n\n<h4 class=\"wp-block-heading\" id=\"block-686bd642-e174-49f8-92b3-3ee9fd1de057\">vakant<\/h4>\n\n\n\n<h4 class=\"wp-block-heading\" id=\"block-006fa976-3e52-49e9-bf24-b0750511f4a1\">vakant<\/h4>\n","protected":false},"excerpt":{"rendered":"<p>Wir sind ein politisch neutraler Verein, dem Frauen jeden Alters angeh\u00f6ren k\u00f6nnen und m\u00f6chten &#8222;Z\u00e4me z Wort cho&#8220;. F\u00fcr uns heisst das:\u00a0gemeinsam reden, zuh\u00f6ren, gestalten. Im Frauenpodium ist jede Stimme wichtig \u2013 egal ob laut oder leise. Unsere Vielfalt ist unsere St\u00e4rke. Und gemeinsam k\u00f6nnen wir etwas bewirken. Gegr\u00fcndet 1995, bestehen wir dieses Jahr 30 &hellip; <\/p>\n<p class=\"link-more\"><a href=\"https:\/\/www.frauenpodiumgossau-zh.ch\/index.php\/unser-verein\/\" class=\"more-link\"><span class=\"screen-reader-text\">\u201eUnser Verein\u201c <\/span>weiterlesen<\/a><\/p>\n","protected":false},"author":1,"featured_media":0,"parent":0,"menu_order":0,"comment_status":"closed","ping_status":"closed","template":"","meta":{"footnotes":""},"class_list":["post-965","page","type-page","status-publish","hentry"],"yoast_head":"<!-- This site is optimized with the Yoast SEO plugin v27.7 - https:\/\/yoast.com\/product\/yoast-seo-wordpress\/ -->\n<title>Unser Verein - Politisches Frauenpodium Gossau ZH<\/title>\n<meta name=\"description\" content=\"Gegr\u00fcndet 1995, bestehen wir dieses Jahr 30 Jahre! In dieser Zeit nahmen \u00fcber hundert Frauen als Mitglieder teil. Von diesen sind 28 Frauen in Gemeindebeh\u00f6rden gew\u00e4hlt worden.\" \/>\n<meta name=\"robots\" content=\"index, follow, max-snippet:-1, max-image-preview:large, max-video-preview:-1\" \/>\n<link rel=\"canonical\" href=\"https:\/\/www.frauenpodiumgossau-zh.ch\/index.php\/unser-verein\/\" \/>\n<meta property=\"og:locale\" content=\"de_DE\" \/>\n<meta property=\"og:type\" content=\"article\" \/>\n<meta property=\"og:title\" content=\"Unser Verein - Politisches Frauenpodium Gossau ZH\" \/>\n<meta property=\"og:description\" content=\"Gegr\u00fcndet 1995, bestehen wir dieses Jahr 30 Jahre! In dieser Zeit nahmen \u00fcber hundert Frauen als Mitglieder teil. Von diesen sind 28 Frauen in Gemeindebeh\u00f6rden gew\u00e4hlt worden.\" \/>\n<meta property=\"og:url\" content=\"https:\/\/www.frauenpodiumgossau-zh.ch\/index.php\/unser-verein\/\" \/>\n<meta property=\"og:site_name\" content=\"Politisches Frauenpodium Gossau ZH\" \/>\n<meta property=\"article:modified_time\" content=\"2025-08-22T17:19:05+00:00\" \/>\n<meta name=\"twitter:card\" content=\"summary_large_image\" \/>\n<meta name=\"twitter:label1\" content=\"Gesch\u00e4tzte Lesezeit\" \/>\n\t<meta name=\"twitter:data1\" content=\"2\u00a0Minuten\" \/>\n<script type=\"application\/ld+json\" class=\"yoast-schema-graph\">{\"@context\":\"https:\\\/\\\/schema.org\",\"@graph\":[{\"@type\":\"WebPage\",\"@id\":\"https:\\\/\\\/www.frauenpodiumgossau-zh.ch\\\/index.php\\\/unser-verein\\\/\",\"url\":\"https:\\\/\\\/www.frauenpodiumgossau-zh.ch\\\/index.php\\\/unser-verein\\\/\",\"name\":\"Unser Verein - Politisches Frauenpodium Gossau ZH\",\"isPartOf\":{\"@id\":\"https:\\\/\\\/www.frauenpodiumgossau-zh.ch\\\/#website\"},\"datePublished\":\"2025-08-21T09:47:32+00:00\",\"dateModified\":\"2025-08-22T17:19:05+00:00\",\"description\":\"Gegr\u00fcndet 1995, bestehen wir dieses Jahr 30 Jahre! In dieser Zeit nahmen \u00fcber hundert Frauen als Mitglieder teil. Von diesen sind 28 Frauen in Gemeindebeh\u00f6rden gew\u00e4hlt worden.\",\"breadcrumb\":{\"@id\":\"https:\\\/\\\/www.frauenpodiumgossau-zh.ch\\\/index.php\\\/unser-verein\\\/#breadcrumb\"},\"inLanguage\":\"de\",\"potentialAction\":[{\"@type\":\"ReadAction\",\"target\":[\"https:\\\/\\\/www.frauenpodiumgossau-zh.ch\\\/index.php\\\/unser-verein\\\/\"]}]},{\"@type\":\"BreadcrumbList\",\"@id\":\"https:\\\/\\\/www.frauenpodiumgossau-zh.ch\\\/index.php\\\/unser-verein\\\/#breadcrumb\",\"itemListElement\":[{\"@type\":\"ListItem\",\"position\":1,\"name\":\"Startseite\",\"item\":\"https:\\\/\\\/www.frauenpodiumgossau-zh.ch\\\/\"},{\"@type\":\"ListItem\",\"position\":2,\"name\":\"Unser Verein\"}]},{\"@type\":\"WebSite\",\"@id\":\"https:\\\/\\\/www.frauenpodiumgossau-zh.ch\\\/#website\",\"url\":\"https:\\\/\\\/www.frauenpodiumgossau-zh.ch\\\/\",\"name\":\"Politisches Frauenpodium Gossau ZH\",\"description\":\"Z\u00e4me z Wort cho\",\"publisher\":{\"@id\":\"https:\\\/\\\/www.frauenpodiumgossau-zh.ch\\\/#organization\"},\"potentialAction\":[{\"@type\":\"SearchAction\",\"target\":{\"@type\":\"EntryPoint\",\"urlTemplate\":\"https:\\\/\\\/www.frauenpodiumgossau-zh.ch\\\/?s={search_term_string}\"},\"query-input\":{\"@type\":\"PropertyValueSpecification\",\"valueRequired\":true,\"valueName\":\"search_term_string\"}}],\"inLanguage\":\"de\"},{\"@type\":\"Organization\",\"@id\":\"https:\\\/\\\/www.frauenpodiumgossau-zh.ch\\\/#organization\",\"name\":\"Politisches Frauenpodium Gossau ZH\",\"url\":\"https:\\\/\\\/www.frauenpodiumgossau-zh.ch\\\/\",\"logo\":{\"@type\":\"ImageObject\",\"inLanguage\":\"de\",\"@id\":\"https:\\\/\\\/www.frauenpodiumgossau-zh.ch\\\/#\\\/schema\\\/logo\\\/image\\\/\",\"url\":\"https:\\\/\\\/www.frauenpodiumgossau-zh.ch\\\/wp-content\\\/uploads\\\/2020\\\/01\\\/Frauenpodium-Logo-lila-ohne-Text.jpg\",\"contentUrl\":\"https:\\\/\\\/www.frauenpodiumgossau-zh.ch\\\/wp-content\\\/uploads\\\/2020\\\/01\\\/Frauenpodium-Logo-lila-ohne-Text.jpg\",\"width\":1480,\"height\":1200,\"caption\":\"Politisches Frauenpodium Gossau ZH\"},\"image\":{\"@id\":\"https:\\\/\\\/www.frauenpodiumgossau-zh.ch\\\/#\\\/schema\\\/logo\\\/image\\\/\"}}]}<\/script>\n<!-- \/ Yoast SEO plugin. -->","yoast_head_json":{"title":"Unser Verein - Politisches Frauenpodium Gossau ZH","description":"Gegr\u00fcndet 1995, bestehen wir dieses Jahr 30 Jahre! In dieser Zeit nahmen \u00fcber hundert Frauen als Mitglieder teil. Von diesen sind 28 Frauen in Gemeindebeh\u00f6rden gew\u00e4hlt worden.","robots":{"index":"index","follow":"follow","max-snippet":"max-snippet:-1","max-image-preview":"max-image-preview:large","max-video-preview":"max-video-preview:-1"},"canonical":"https:\/\/www.frauenpodiumgossau-zh.ch\/index.php\/unser-verein\/","og_locale":"de_DE","og_type":"article","og_title":"Unser Verein - Politisches Frauenpodium Gossau ZH","og_description":"Gegr\u00fcndet 1995, bestehen wir dieses Jahr 30 Jahre! In dieser Zeit nahmen \u00fcber hundert Frauen als Mitglieder teil. Von diesen sind 28 Frauen in Gemeindebeh\u00f6rden gew\u00e4hlt worden.","og_url":"https:\/\/www.frauenpodiumgossau-zh.ch\/index.php\/unser-verein\/","og_site_name":"Politisches Frauenpodium Gossau ZH","article_modified_time":"2025-08-22T17:19:05+00:00","twitter_card":"summary_large_image","twitter_misc":{"Gesch\u00e4tzte Lesezeit":"2\u00a0Minuten"},"schema":{"@context":"https:\/\/schema.org","@graph":[{"@type":"WebPage","@id":"https:\/\/www.frauenpodiumgossau-zh.ch\/index.php\/unser-verein\/","url":"https:\/\/www.frauenpodiumgossau-zh.ch\/index.php\/unser-verein\/","name":"Unser Verein - Politisches Frauenpodium Gossau ZH","isPartOf":{"@id":"https:\/\/www.frauenpodiumgossau-zh.ch\/#website"},"datePublished":"2025-08-21T09:47:32+00:00","dateModified":"2025-08-22T17:19:05+00:00","description":"Gegr\u00fcndet 1995, bestehen wir dieses Jahr 30 Jahre! In dieser Zeit nahmen \u00fcber hundert Frauen als Mitglieder teil. Von diesen sind 28 Frauen in Gemeindebeh\u00f6rden gew\u00e4hlt worden.","breadcrumb":{"@id":"https:\/\/www.frauenpodiumgossau-zh.ch\/index.php\/unser-verein\/#breadcrumb"},"inLanguage":"de","potentialAction":[{"@type":"ReadAction","target":["https:\/\/www.frauenpodiumgossau-zh.ch\/index.php\/unser-verein\/"]}]},{"@type":"BreadcrumbList","@id":"https:\/\/www.frauenpodiumgossau-zh.ch\/index.php\/unser-verein\/#breadcrumb","itemListElement":[{"@type":"ListItem","position":1,"name":"Startseite","item":"https:\/\/www.frauenpodiumgossau-zh.ch\/"},{"@type":"ListItem","position":2,"name":"Unser Verein"}]},{"@type":"WebSite","@id":"https:\/\/www.frauenpodiumgossau-zh.ch\/#website","url":"https:\/\/www.frauenpodiumgossau-zh.ch\/","name":"Politisches Frauenpodium Gossau ZH","description":"Z\u00e4me z Wort cho","publisher":{"@id":"https:\/\/www.frauenpodiumgossau-zh.ch\/#organization"},"potentialAction":[{"@type":"SearchAction","target":{"@type":"EntryPoint","urlTemplate":"https:\/\/www.frauenpodiumgossau-zh.ch\/?s={search_term_string}"},"query-input":{"@type":"PropertyValueSpecification","valueRequired":true,"valueName":"search_term_string"}}],"inLanguage":"de"},{"@type":"Organization","@id":"https:\/\/www.frauenpodiumgossau-zh.ch\/#organization","name":"Politisches Frauenpodium Gossau ZH","url":"https:\/\/www.frauenpodiumgossau-zh.ch\/","logo":{"@type":"ImageObject","inLanguage":"de","@id":"https:\/\/www.frauenpodiumgossau-zh.ch\/#\/schema\/logo\/image\/","url":"https:\/\/www.frauenpodiumgossau-zh.ch\/wp-content\/uploads\/2020\/01\/Frauenpodium-Logo-lila-ohne-Text.jpg","contentUrl":"https:\/\/www.frauenpodiumgossau-zh.ch\/wp-content\/uploads\/2020\/01\/Frauenpodium-Logo-lila-ohne-Text.jpg","width":1480,"height":1200,"caption":"Politisches Frauenpodium Gossau ZH"},"image":{"@id":"https:\/\/www.frauenpodiumgossau-zh.ch\/#\/schema\/logo\/image\/"}}]}},"_links":{"self":[{"href":"https:\/\/www.frauenpodiumgossau-zh.ch\/index.php\/wp-json\/wp\/v2\/pages\/965","targetHints":{"allow":["GET"]}}],"collection":[{"href":"https:\/\/www.frauenpodiumgossau-zh.ch\/index.php\/wp-json\/wp\/v2\/pages"}],"about":[{"href":"https:\/\/www.frauenpodiumgossau-zh.ch\/index.php\/wp-json\/wp\/v2\/types\/page"}],"author":[{"embeddable":true,"href":"https:\/\/www.frauenpodiumgossau-zh.ch\/index.php\/wp-json\/wp\/v2\/users\/1"}],"replies":[{"embeddable":true,"href":"https:\/\/www.frauenpodiumgossau-zh.ch\/index.php\/wp-json\/wp\/v2\/comments?post=965"}],"version-history":[{"count":7,"href":"https:\/\/www.frauenpodiumgossau-zh.ch\/index.php\/wp-json\/wp\/v2\/pages\/965\/revisions"}],"predecessor-version":[{"id":1278,"href":"https:\/\/www.frauenpodiumgossau-zh.ch\/index.php\/wp-json\/wp\/v2\/pages\/965\/revisions\/1278"}],"wp:attachment":[{"href":"https:\/\/www.frauenpodiumgossau-zh.ch\/index.php\/wp-json\/wp\/v2\/media?parent=965"}],"curies":[{"name":"wp","href":"https:\/\/api.w.org\/{rel}","templated":true}]}}