{"id":994,"date":"2025-08-22T08:55:35","date_gmt":"2025-08-22T08:55:35","guid":{"rendered":"https:\/\/www.frauenpodiumgossau-zh.ch\/?page_id=994"},"modified":"2026-08-28T09:10:59","modified_gmt":"2026-08-28T09:10:59","slug":"zaeme-z-wort-cho","status":"publish","type":"page","link":"https:\/\/www.frauenpodiumgossau-zh.ch\/","title":{"rendered":"Politisches Frauenpodium Gossau ZH"},"content":{"rendered":"\n<h1 class=\"wp-block-heading\"><strong>Triff Frauen, die gemeinsam bewegen &#8211; und gestalte mit uns die lokale Politik mit. <\/strong><\/h1>\n\n\n\n<p class=\"wp-block-paragraph\"><strong>Ob politisch interessiert oder einfach neugierig \u2013 bei uns bist du richtig, wenn du<\/strong><\/p>\n\n\n\n<ul class=\"wp-block-list\">\n<li>dich gerne mit anderen Frauen austauschst<\/li>\n\n\n\n<li>an politischen Themen interessiert bist (keine Vorkenntnisse n\u00f6tig!)<\/li>\n\n\n\n<li>dich f\u00fcr Gleichstellung und Mitbestimmung einsetzen willst<\/li>\n\n\n\n<li>Frauen aus Gossau ZH und den Wachten (Bertschikon, Gr\u00fct, Ottikon, Herschmettlen) unterst\u00fctzen und dich vernetzen m\u00f6chtest<\/li>\n\n\n\n<li>Lust hast, dich bei Anl\u00e4ssen oder Wahlen zu engagieren<\/li>\n<\/ul>\n\n\n\n<div class=\"wp-block-buttons is-layout-flex wp-block-buttons-is-layout-flex\">\n<div class=\"wp-block-button\"><a class=\"wp-block-button__link wp-element-button\" href=\"https:\/\/www.frauenpodiumgossau-zh.ch\/wp-content\/uploads\/2025\/08\/Werbeflyer_Frauenpodium-Gossau-ZH_web.pdf\">Weitere Infos<\/a><\/div>\n\n\n\n<div class=\"wp-block-button\"><a class=\"wp-block-button__link wp-element-button\" href=\"https:\/\/www.frauenpodiumgossau-zh.ch\/index.php\/category\/veranstaltungen\/\" target=\"_blank\" rel=\"noreferrer noopener\">N\u00e4chste Veranstaltung<\/a><\/div>\n<\/div>\n\n\n\n<div style=\"height:50px\" aria-hidden=\"true\" class=\"wp-block-spacer\"><\/div>\n\n\n\n<hr class=\"wp-block-separator has-alpha-channel-opacity is-style-wide\"\/>\n\n\n\n<div class=\"wp-block-columns is-layout-flex wp-container-core-columns-is-layout-8f761849 wp-block-columns-is-layout-flex\">\n<div class=\"wp-block-column is-layout-flow wp-block-column-is-layout-flow\">\n<figure class=\"wp-block-image size-large\"><img loading=\"lazy\" decoding=\"async\" width=\"1024\" height=\"1024\" src=\"https:\/\/www.frauenpodiumgossau-zh.ch\/wp-content\/uploads\/2025\/08\/Instagram_Posts2-1024x1024.jpg\" alt=\"\" class=\"wp-image-960\" srcset=\"https:\/\/www.frauenpodiumgossau-zh.ch\/wp-content\/uploads\/2025\/08\/Instagram_Posts2-1024x1024.jpg 1024w, https:\/\/www.frauenpodiumgossau-zh.ch\/wp-content\/uploads\/2025\/08\/Instagram_Posts2-300x300.jpg 300w, https:\/\/www.frauenpodiumgossau-zh.ch\/wp-content\/uploads\/2025\/08\/Instagram_Posts2-150x150.jpg 150w, https:\/\/www.frauenpodiumgossau-zh.ch\/wp-content\/uploads\/2025\/08\/Instagram_Posts2-768x768.jpg 768w, https:\/\/www.frauenpodiumgossau-zh.ch\/wp-content\/uploads\/2025\/08\/Instagram_Posts2-1536x1536.jpg 1536w, https:\/\/www.frauenpodiumgossau-zh.ch\/wp-content\/uploads\/2025\/08\/Instagram_Posts2-2048x2048.jpg 2048w, https:\/\/www.frauenpodiumgossau-zh.ch\/wp-content\/uploads\/2025\/08\/Instagram_Posts2-100x100.jpg 100w\" sizes=\"auto, (max-width: 767px) 89vw, (max-width: 1000px) 54vw, (max-width: 1071px) 543px, 580px\" \/><\/figure>\n\n\n\n<h3 class=\"wp-block-heading\"><strong>Gemeinsam bewegen wir mehr<\/strong><\/h3>\n\n\n\n<p class=\"wp-block-paragraph\">Frauenpodium lebt von Vielfalt \u2013 von neuen Ideen, Perspektiven und Gesichtern.<br>Ob aktiv oder neugierig: Dein Beitrag z\u00e4hlt.<\/p>\n\n\n\n<p class=\"wp-block-paragraph\">Komm dazu \u2013 jetzt ist die perfekte Gelegenheit, Teil unserer Gemeinschaft zu werden.<\/p>\n\n\n\n<div class=\"wp-block-buttons is-layout-flex wp-block-buttons-is-layout-flex\">\n<div class=\"wp-block-button\"><a class=\"wp-block-button__link wp-element-button\" href=\"https:\/\/www.frauenpodiumgossau-zh.ch\/index.php\/category\/veranstaltungen\/\" target=\"_blank\" rel=\"noreferrer noopener\">N\u00e4chste Veranstaltung<\/a><\/div>\n<\/div>\n<\/div>\n\n\n\n<div class=\"wp-block-column is-layout-flow wp-block-column-is-layout-flow\">\n<div style=\"height:67px\" aria-hidden=\"true\" class=\"wp-block-spacer\"><\/div>\n\n\n\n<figure class=\"wp-block-image size-large\"><img loading=\"lazy\" decoding=\"async\" width=\"1024\" height=\"1024\" src=\"https:\/\/www.frauenpodiumgossau-zh.ch\/wp-content\/uploads\/2025\/08\/Instagram_Posts9-1024x1024.jpg\" alt=\"\" class=\"wp-image-995\" srcset=\"https:\/\/www.frauenpodiumgossau-zh.ch\/wp-content\/uploads\/2025\/08\/Instagram_Posts9-1024x1024.jpg 1024w, https:\/\/www.frauenpodiumgossau-zh.ch\/wp-content\/uploads\/2025\/08\/Instagram_Posts9-300x300.jpg 300w, https:\/\/www.frauenpodiumgossau-zh.ch\/wp-content\/uploads\/2025\/08\/Instagram_Posts9-150x150.jpg 150w, https:\/\/www.frauenpodiumgossau-zh.ch\/wp-content\/uploads\/2025\/08\/Instagram_Posts9-768x768.jpg 768w, https:\/\/www.frauenpodiumgossau-zh.ch\/wp-content\/uploads\/2025\/08\/Instagram_Posts9-1536x1536.jpg 1536w, https:\/\/www.frauenpodiumgossau-zh.ch\/wp-content\/uploads\/2025\/08\/Instagram_Posts9-2048x2048.jpg 2048w, https:\/\/www.frauenpodiumgossau-zh.ch\/wp-content\/uploads\/2025\/08\/Instagram_Posts9-100x100.jpg 100w\" sizes=\"auto, (max-width: 767px) 89vw, (max-width: 1000px) 54vw, (max-width: 1071px) 543px, 580px\" \/><\/figure>\n\n\n\n<h3 class=\"wp-block-heading\"><strong>Gemeinsam wirksam<\/strong><\/h3>\n\n\n\n<p class=\"wp-block-paragraph\">Wir setzen uns ein f\u00fcr&nbsp;<strong>Gleichstellung, Mitbestimmung und Vernetzung<\/strong>.<br>Nicht abstrakt, sondern ganz konkret \u2013 in Gossau ZH und Umgebung.<\/p>\n\n\n\n<p class=\"wp-block-paragraph\">Werde Teil unserer Gemeinschaft \u2013 f\u00fcr dich, f\u00fcr uns, f\u00fcr die Zukunft.<\/p>\n\n\n\n<div class=\"wp-block-buttons is-layout-flex wp-block-buttons-is-layout-flex\">\n<div class=\"wp-block-button\"><a class=\"wp-block-button__link wp-element-button\" href=\"https:\/\/www.frauenpodiumgossau-zh.ch\/index.php\/unser-verein\/\">Mehr erfahren<\/a><\/div>\n<\/div>\n<\/div>\n<\/div>\n","protected":false},"excerpt":{"rendered":"<p>Triff Frauen, die gemeinsam bewegen &#8211; und gestalte mit uns die lokale Politik mit. Ob politisch interessiert oder einfach neugierig \u2013 bei uns bist du richtig, wenn du Gemeinsam bewegen wir mehr Frauenpodium lebt von Vielfalt \u2013 von neuen Ideen, Perspektiven und Gesichtern.Ob aktiv oder neugierig: Dein Beitrag z\u00e4hlt. Komm dazu \u2013 jetzt ist die &hellip; <\/p>\n<p class=\"link-more\"><a href=\"https:\/\/www.frauenpodiumgossau-zh.ch\/\" class=\"more-link\"><span class=\"screen-reader-text\">\u201ePolitisches Frauenpodium Gossau ZH\u201c <\/span>weiterlesen<\/a><\/p>\n","protected":false},"author":1,"featured_media":0,"parent":0,"menu_order":1,"comment_status":"closed","ping_status":"closed","template":"","meta":{"footnotes":""},"class_list":["post-994","page","type-page","status-publish","hentry"],"yoast_head":"<!-- This site is optimized with the Yoast SEO plugin v27.7 - https:\/\/yoast.com\/product\/yoast-seo-wordpress\/ -->\n<title>Politisches Frauenpodium Gossau ZH - Politisches Frauenpodium Gossau ZH<\/title>\n<meta name=\"description\" content=\"Triff Frauen, die etwas bewegen - und gestalte gemeinsam mit uns die lokale Politik.\" \/>\n<meta name=\"robots\" content=\"index, follow, max-snippet:-1, max-image-preview:large, max-video-preview:-1\" \/>\n<link rel=\"canonical\" href=\"https:\/\/www.frauenpodiumgossau-zh.ch\/\" \/>\n<meta property=\"og:locale\" content=\"de_DE\" \/>\n<meta property=\"og:type\" content=\"article\" \/>\n<meta property=\"og:title\" content=\"Politisches Frauenpodium Gossau ZH - Politisches Frauenpodium Gossau ZH\" \/>\n<meta property=\"og:description\" content=\"Triff Frauen, die etwas bewegen - und gestalte gemeinsam mit uns die lokale Politik.\" \/>\n<meta property=\"og:url\" content=\"https:\/\/www.frauenpodiumgossau-zh.ch\/\" \/>\n<meta property=\"og:site_name\" content=\"Politisches Frauenpodium Gossau ZH\" \/>\n<meta property=\"article:modified_time\" content=\"2026-08-28T09:10:59+00:00\" \/>\n<meta property=\"og:image\" content=\"https:\/\/www.frauenpodiumgossau-zh.ch\/wp-content\/uploads\/2025\/08\/Instagram_Posts2.jpg\" \/>\n\t<meta property=\"og:image:width\" content=\"2250\" \/>\n\t<meta property=\"og:image:height\" content=\"2250\" \/>\n\t<meta property=\"og:image:type\" content=\"image\/jpeg\" \/>\n<meta name=\"twitter:card\" content=\"summary_large_image\" \/>\n<meta name=\"twitter:label1\" content=\"Gesch\u00e4tzte Lesezeit\" \/>\n\t<meta name=\"twitter:data1\" content=\"2\u00a0Minuten\" \/>\n<script type=\"application\/ld+json\" class=\"yoast-schema-graph\">{\"@context\":\"https:\\\/\\\/schema.org\",\"@graph\":[{\"@type\":\"WebPage\",\"@id\":\"https:\\\/\\\/www.frauenpodiumgossau-zh.ch\\\/\",\"url\":\"https:\\\/\\\/www.frauenpodiumgossau-zh.ch\\\/\",\"name\":\"Politisches Frauenpodium Gossau ZH - Politisches Frauenpodium Gossau ZH\",\"isPartOf\":{\"@id\":\"https:\\\/\\\/www.frauenpodiumgossau-zh.ch\\\/#website\"},\"primaryImageOfPage\":{\"@id\":\"https:\\\/\\\/www.frauenpodiumgossau-zh.ch\\\/#primaryimage\"},\"image\":{\"@id\":\"https:\\\/\\\/www.frauenpodiumgossau-zh.ch\\\/#primaryimage\"},\"thumbnailUrl\":\"https:\\\/\\\/www.frauenpodiumgossau-zh.ch\\\/wp-content\\\/uploads\\\/2025\\\/08\\\/Instagram_Posts2-1024x1024.jpg\",\"datePublished\":\"2025-08-22T08:55:35+00:00\",\"dateModified\":\"2026-08-28T09:10:59+00:00\",\"description\":\"Triff Frauen, die etwas bewegen - und gestalte gemeinsam mit uns die lokale Politik.\",\"breadcrumb\":{\"@id\":\"https:\\\/\\\/www.frauenpodiumgossau-zh.ch\\\/#breadcrumb\"},\"inLanguage\":\"de\",\"potentialAction\":[{\"@type\":\"ReadAction\",\"target\":[\"https:\\\/\\\/www.frauenpodiumgossau-zh.ch\\\/\"]}]},{\"@type\":\"ImageObject\",\"inLanguage\":\"de\",\"@id\":\"https:\\\/\\\/www.frauenpodiumgossau-zh.ch\\\/#primaryimage\",\"url\":\"https:\\\/\\\/www.frauenpodiumgossau-zh.ch\\\/wp-content\\\/uploads\\\/2025\\\/08\\\/Instagram_Posts2.jpg\",\"contentUrl\":\"https:\\\/\\\/www.frauenpodiumgossau-zh.ch\\\/wp-content\\\/uploads\\\/2025\\\/08\\\/Instagram_Posts2.jpg\",\"width\":2250,\"height\":2250},{\"@type\":\"BreadcrumbList\",\"@id\":\"https:\\\/\\\/www.frauenpodiumgossau-zh.ch\\\/#breadcrumb\",\"itemListElement\":[{\"@type\":\"ListItem\",\"position\":1,\"name\":\"Startseite\",\"item\":\"https:\\\/\\\/www.frauenpodiumgossau-zh.ch\\\/\"},{\"@type\":\"ListItem\",\"position\":2,\"name\":\"Politisches Frauenpodium Gossau ZH\"}]},{\"@type\":\"WebSite\",\"@id\":\"https:\\\/\\\/www.frauenpodiumgossau-zh.ch\\\/#website\",\"url\":\"https:\\\/\\\/www.frauenpodiumgossau-zh.ch\\\/\",\"name\":\"Politisches Frauenpodium Gossau ZH\",\"description\":\"Z\u00e4me z Wort cho\",\"publisher\":{\"@id\":\"https:\\\/\\\/www.frauenpodiumgossau-zh.ch\\\/#organization\"},\"potentialAction\":[{\"@type\":\"SearchAction\",\"target\":{\"@type\":\"EntryPoint\",\"urlTemplate\":\"https:\\\/\\\/www.frauenpodiumgossau-zh.ch\\\/?s={search_term_string}\"},\"query-input\":{\"@type\":\"PropertyValueSpecification\",\"valueRequired\":true,\"valueName\":\"search_term_string\"}}],\"inLanguage\":\"de\"},{\"@type\":\"Organization\",\"@id\":\"https:\\\/\\\/www.frauenpodiumgossau-zh.ch\\\/#organization\",\"name\":\"Politisches Frauenpodium Gossau ZH\",\"url\":\"https:\\\/\\\/www.frauenpodiumgossau-zh.ch\\\/\",\"logo\":{\"@type\":\"ImageObject\",\"inLanguage\":\"de\",\"@id\":\"https:\\\/\\\/www.frauenpodiumgossau-zh.ch\\\/#\\\/schema\\\/logo\\\/image\\\/\",\"url\":\"https:\\\/\\\/www.frauenpodiumgossau-zh.ch\\\/wp-content\\\/uploads\\\/2020\\\/01\\\/Frauenpodium-Logo-lila-ohne-Text.jpg\",\"contentUrl\":\"https:\\\/\\\/www.frauenpodiumgossau-zh.ch\\\/wp-content\\\/uploads\\\/2020\\\/01\\\/Frauenpodium-Logo-lila-ohne-Text.jpg\",\"width\":1480,\"height\":1200,\"caption\":\"Politisches Frauenpodium Gossau ZH\"},\"image\":{\"@id\":\"https:\\\/\\\/www.frauenpodiumgossau-zh.ch\\\/#\\\/schema\\\/logo\\\/image\\\/\"}}]}<\/script>\n<!-- \/ Yoast SEO plugin. -->","yoast_head_json":{"title":"Politisches Frauenpodium Gossau ZH - Politisches Frauenpodium Gossau ZH","description":"Triff Frauen, die etwas bewegen - und gestalte gemeinsam mit uns die lokale Politik.","robots":{"index":"index","follow":"follow","max-snippet":"max-snippet:-1","max-image-preview":"max-image-preview:large","max-video-preview":"max-video-preview:-1"},"canonical":"https:\/\/www.frauenpodiumgossau-zh.ch\/","og_locale":"de_DE","og_type":"article","og_title":"Politisches Frauenpodium Gossau ZH - Politisches Frauenpodium Gossau ZH","og_description":"Triff Frauen, die etwas bewegen - und gestalte gemeinsam mit uns die lokale Politik.","og_url":"https:\/\/www.frauenpodiumgossau-zh.ch\/","og_site_name":"Politisches Frauenpodium Gossau ZH","article_modified_time":"2026-08-28T09:10:59+00:00","og_image":[{"width":2250,"height":2250,"url":"https:\/\/www.frauenpodiumgossau-zh.ch\/wp-content\/uploads\/2025\/08\/Instagram_Posts2.jpg","type":"image\/jpeg"}],"twitter_card":"summary_large_image","twitter_misc":{"Gesch\u00e4tzte Lesezeit":"2\u00a0Minuten"},"schema":{"@context":"https:\/\/schema.org","@graph":[{"@type":"WebPage","@id":"https:\/\/www.frauenpodiumgossau-zh.ch\/","url":"https:\/\/www.frauenpodiumgossau-zh.ch\/","name":"Politisches Frauenpodium Gossau ZH - Politisches Frauenpodium Gossau ZH","isPartOf":{"@id":"https:\/\/www.frauenpodiumgossau-zh.ch\/#website"},"primaryImageOfPage":{"@id":"https:\/\/www.frauenpodiumgossau-zh.ch\/#primaryimage"},"image":{"@id":"https:\/\/www.frauenpodiumgossau-zh.ch\/#primaryimage"},"thumbnailUrl":"https:\/\/www.frauenpodiumgossau-zh.ch\/wp-content\/uploads\/2025\/08\/Instagram_Posts2-1024x1024.jpg","datePublished":"2025-08-22T08:55:35+00:00","dateModified":"2026-08-28T09:10:59+00:00","description":"Triff Frauen, die etwas bewegen - und gestalte gemeinsam mit uns die lokale Politik.","breadcrumb":{"@id":"https:\/\/www.frauenpodiumgossau-zh.ch\/#breadcrumb"},"inLanguage":"de","potentialAction":[{"@type":"ReadAction","target":["https:\/\/www.frauenpodiumgossau-zh.ch\/"]}]},{"@type":"ImageObject","inLanguage":"de","@id":"https:\/\/www.frauenpodiumgossau-zh.ch\/#primaryimage","url":"https:\/\/www.frauenpodiumgossau-zh.ch\/wp-content\/uploads\/2025\/08\/Instagram_Posts2.jpg","contentUrl":"https:\/\/www.frauenpodiumgossau-zh.ch\/wp-content\/uploads\/2025\/08\/Instagram_Posts2.jpg","width":2250,"height":2250},{"@type":"BreadcrumbList","@id":"https:\/\/www.frauenpodiumgossau-zh.ch\/#breadcrumb","itemListElement":[{"@type":"ListItem","position":1,"name":"Startseite","item":"https:\/\/www.frauenpodiumgossau-zh.ch\/"},{"@type":"ListItem","position":2,"name":"Politisches Frauenpodium Gossau ZH"}]},{"@type":"WebSite","@id":"https:\/\/www.frauenpodiumgossau-zh.ch\/#website","url":"https:\/\/www.frauenpodiumgossau-zh.ch\/","name":"Politisches Frauenpodium Gossau ZH","description":"Z\u00e4me z Wort cho","publisher":{"@id":"https:\/\/www.frauenpodiumgossau-zh.ch\/#organization"},"potentialAction":[{"@type":"SearchAction","target":{"@type":"EntryPoint","urlTemplate":"https:\/\/www.frauenpodiumgossau-zh.ch\/?s={search_term_string}"},"query-input":{"@type":"PropertyValueSpecification","valueRequired":true,"valueName":"search_term_string"}}],"inLanguage":"de"},{"@type":"Organization","@id":"https:\/\/www.frauenpodiumgossau-zh.ch\/#organization","name":"Politisches Frauenpodium Gossau ZH","url":"https:\/\/www.frauenpodiumgossau-zh.ch\/","logo":{"@type":"ImageObject","inLanguage":"de","@id":"https:\/\/www.frauenpodiumgossau-zh.ch\/#\/schema\/logo\/image\/","url":"https:\/\/www.frauenpodiumgossau-zh.ch\/wp-content\/uploads\/2020\/01\/Frauenpodium-Logo-lila-ohne-Text.jpg","contentUrl":"https:\/\/www.frauenpodiumgossau-zh.ch\/wp-content\/uploads\/2020\/01\/Frauenpodium-Logo-lila-ohne-Text.jpg","width":1480,"height":1200,"caption":"Politisches Frauenpodium Gossau ZH"},"image":{"@id":"https:\/\/www.frauenpodiumgossau-zh.ch\/#\/schema\/logo\/image\/"}}]}},"_links":{"self":[{"href":"https:\/\/www.frauenpodiumgossau-zh.ch\/index.php\/wp-json\/wp\/v2\/pages\/994","targetHints":{"allow":["GET"]}}],"collection":[{"href":"https:\/\/www.frauenpodiumgossau-zh.ch\/index.php\/wp-json\/wp\/v2\/pages"}],"about":[{"href":"https:\/\/www.frauenpodiumgossau-zh.ch\/index.php\/wp-json\/wp\/v2\/types\/page"}],"author":[{"embeddable":true,"href":"https:\/\/www.frauenpodiumgossau-zh.ch\/index.php\/wp-json\/wp\/v2\/users\/1"}],"replies":[{"embeddable":true,"href":"https:\/\/www.frauenpodiumgossau-zh.ch\/index.php\/wp-json\/wp\/v2\/comments?post=994"}],"version-history":[{"count":46,"href":"https:\/\/www.frauenpodiumgossau-zh.ch\/index.php\/wp-json\/wp\/v2\/pages\/994\/revisions"}],"predecessor-version":[{"id":1360,"href":"https:\/\/www.frauenpodiumgossau-zh.ch\/index.php\/wp-json\/wp\/v2\/pages\/994\/revisions\/1360"}],"wp:attachment":[{"href":"https:\/\/www.frauenpodiumgossau-zh.ch\/index.php\/wp-json\/wp\/v2\/media?parent=994"}],"curies":[{"name":"wp","href":"https:\/\/api.w.org\/{rel}","templated":true}]}}